{"id":949,"date":"2019-05-02T23:52:21","date_gmt":"2019-05-02T21:52:21","guid":{"rendered":"https:\/\/amis-letanglaville.org\/?page_id=949"},"modified":"2024-10-27T12:29:14","modified_gmt":"2024-10-27T11:29:14","slug":"les-artistes","status":"publish","type":"page","link":"https:\/\/amis-letanglaville.org\/?page_id=949","title":{"rendered":"Les Peintres"},"content":{"rendered":"\t\t<div data-elementor-type=\"wp-post\" data-elementor-id=\"949\" class=\"elementor elementor-949\" data-elementor-post-type=\"page\">\n\t\t\t\t\t\t<section class=\"elementor-section elementor-top-section elementor-element elementor-element-357b786 elementor-section-full_width elementor-section-height-default elementor-section-height-default\" data-id=\"357b786\" data-element_type=\"section\" data-e-type=\"section\">\n\t\t\t\t\t\t<div class=\"elementor-container elementor-column-gap-default\">\n\t\t\t\t\t<div class=\"elementor-column elementor-col-100 elementor-top-column elementor-element elementor-element-3552359\" data-id=\"3552359\" data-element_type=\"column\" data-e-type=\"column\">\n\t\t\t<div class=\"elementor-widget-wrap elementor-element-populated\">\n\t\t\t\t\t\t<div class=\"elementor-element elementor-element-7308bef elementor-widget elementor-widget-heading\" data-id=\"7308bef\" data-element_type=\"widget\" data-e-type=\"widget\" data-widget_type=\"heading.default\">\n\t\t\t\t<div class=\"elementor-widget-container\">\n\t\t\t\t\t<h2 class=\"elementor-heading-title elementor-size-default\">Les Peintres<\/h2>\t\t\t\t<\/div>\n\t\t\t\t<\/div>\n\t\t\t\t\t<\/div>\n\t\t<\/div>\n\t\t\t\t\t<\/div>\n\t\t<\/section>\n\t\t\t\t<section class=\"elementor-section elementor-top-section elementor-element elementor-element-4d2288f elementor-section-stretched elementor-section-height-min-height elementor-section-boxed elementor-section-height-default elementor-section-items-middle\" data-id=\"4d2288f\" data-element_type=\"section\" data-e-type=\"section\" data-settings=\"{&quot;stretch_section&quot;:&quot;section-stretched&quot;}\">\n\t\t\t\t\t\t<div class=\"elementor-container elementor-column-gap-default\">\n\t\t\t\t\t<div class=\"elementor-column elementor-col-100 elementor-top-column elementor-element elementor-element-2a9fab5\" data-id=\"2a9fab5\" data-element_type=\"column\" data-e-type=\"column\">\n\t\t\t<div class=\"elementor-widget-wrap elementor-element-populated\">\n\t\t\t\t\t\t<div class=\"elementor-element elementor-element-1e5dc9b elementor-widget elementor-widget-text-editor\" data-id=\"1e5dc9b\" data-element_type=\"widget\" data-e-type=\"widget\" data-widget_type=\"text-editor.default\">\n\t\t\t\t<div class=\"elementor-widget-container\">\n\t\t\t\t\t\t\t\t\t<p><b>Edouard VUILLARD<\/b><\/p>\t\t\t\t\t\t\t\t<\/div>\n\t\t\t\t<\/div>\n\t\t\t\t\t<\/div>\n\t\t<\/div>\n\t\t\t\t\t<\/div>\n\t\t<\/section>\n\t\t\t\t<section class=\"elementor-section elementor-top-section elementor-element elementor-element-9e7f6c5 elementor-section-stretched elementor-section-height-min-height elementor-section-boxed elementor-section-height-default elementor-section-items-middle\" data-id=\"9e7f6c5\" data-element_type=\"section\" data-e-type=\"section\" data-settings=\"{&quot;stretch_section&quot;:&quot;section-stretched&quot;}\">\n\t\t\t\t\t\t<div class=\"elementor-container elementor-column-gap-default\">\n\t\t\t\t\t<div class=\"elementor-column elementor-col-50 elementor-top-column elementor-element elementor-element-18ed05c\" data-id=\"18ed05c\" data-element_type=\"column\" data-e-type=\"column\">\n\t\t\t<div class=\"elementor-widget-wrap elementor-element-populated\">\n\t\t\t\t\t\t<div class=\"elementor-element elementor-element-5144a6d elementor-widget elementor-widget-image\" data-id=\"5144a6d\" data-element_type=\"widget\" data-e-type=\"widget\" data-widget_type=\"image.default\">\n\t\t\t\t<div class=\"elementor-widget-container\">\n\t\t\t\t\t\t\t\t\t\t\t\t<figure class=\"wp-caption\">\n\t\t\t\t\t\t\t\t\t\t<img fetchpriority=\"high\" decoding=\"async\" width=\"844\" height=\"942\" src=\"https:\/\/i0.wp.com\/amis-letanglaville.org\/wp-content\/uploads\/2019\/05\/K.-X.-Roussel-dans-son-atelier.png?fit=844%2C942&amp;ssl=1\" class=\"attachment-large size-large wp-image-956\" alt=\"\" srcset=\"https:\/\/i0.wp.com\/amis-letanglaville.org\/wp-content\/uploads\/2019\/05\/K.-X.-Roussel-dans-son-atelier.png?w=844&amp;ssl=1 844w, https:\/\/i0.wp.com\/amis-letanglaville.org\/wp-content\/uploads\/2019\/05\/K.-X.-Roussel-dans-son-atelier.png?resize=269%2C300&amp;ssl=1 269w, https:\/\/i0.wp.com\/amis-letanglaville.org\/wp-content\/uploads\/2019\/05\/K.-X.-Roussel-dans-son-atelier.png?resize=768%2C857&amp;ssl=1 768w\" sizes=\"(max-width: 844px) 100vw, 844px\" \/>\t\t\t\t\t\t\t\t\t\t\t<figcaption class=\"widget-image-caption wp-caption-text\">Le peintre K. X. Roussel dans son atelier de la ruelle de la Coulette \u00e0 l\u2019Etang-la-Ville (1934-1937) Mus\u00e9e d\u2019Art Moderne de la Ville de Paris<\/figcaption>\n\t\t\t\t\t\t\t\t\t\t<\/figure>\n\t\t\t\t\t\t\t\t\t<\/div>\n\t\t\t\t<\/div>\n\t\t\t\t<div class=\"elementor-element elementor-element-3cb967b elementor-widget elementor-widget-image\" data-id=\"3cb967b\" data-element_type=\"widget\" data-e-type=\"widget\" data-widget_type=\"image.default\">\n\t\t\t\t<div class=\"elementor-widget-container\">\n\t\t\t\t\t\t\t\t\t\t\t\t<figure class=\"wp-caption\">\n\t\t\t\t\t\t\t\t\t\t<img decoding=\"async\" width=\"852\" height=\"706\" src=\"https:\/\/i0.wp.com\/amis-letanglaville.org\/wp-content\/uploads\/2019\/05\/K.-X.-Roussel-lisant-le-journal.png?fit=852%2C706&amp;ssl=1\" class=\"attachment-large size-large wp-image-957\" alt=\"\" srcset=\"https:\/\/i0.wp.com\/amis-letanglaville.org\/wp-content\/uploads\/2019\/05\/K.-X.-Roussel-lisant-le-journal.png?w=852&amp;ssl=1 852w, https:\/\/i0.wp.com\/amis-letanglaville.org\/wp-content\/uploads\/2019\/05\/K.-X.-Roussel-lisant-le-journal.png?resize=300%2C249&amp;ssl=1 300w, https:\/\/i0.wp.com\/amis-letanglaville.org\/wp-content\/uploads\/2019\/05\/K.-X.-Roussel-lisant-le-journal.png?resize=768%2C636&amp;ssl=1 768w\" sizes=\"(max-width: 852px) 100vw, 852px\" \/>\t\t\t\t\t\t\t\t\t\t\t<figcaption class=\"widget-image-caption wp-caption-text\">K.X. Roussel lisant le journal (1894<\/figcaption>\n\t\t\t\t\t\t\t\t\t\t<\/figure>\n\t\t\t\t\t\t\t\t\t<\/div>\n\t\t\t\t<\/div>\n\t\t\t\t\t<\/div>\n\t\t<\/div>\n\t\t\t\t<div class=\"elementor-column elementor-col-50 elementor-top-column elementor-element elementor-element-c8ef843\" data-id=\"c8ef843\" data-element_type=\"column\" data-e-type=\"column\">\n\t\t\t<div class=\"elementor-widget-wrap elementor-element-populated\">\n\t\t\t\t\t\t<div class=\"elementor-element elementor-element-e03b995 elementor-widget elementor-widget-text-editor\" data-id=\"e03b995\" data-element_type=\"widget\" data-e-type=\"widget\" data-widget_type=\"text-editor.default\">\n\t\t\t\t<div class=\"elementor-widget-container\">\n\t\t\t\t\t\t\t\t\t<p>Edouard Vuillard est n\u00e9 le 11 novembre 1868 \u00e0 Cuiseaux (Saone-et-Loire).<\/p><p>Au lyc\u00e9e Condorcet, il rencontre K. X. Roussel, Maurice Denis et Lugn\u00e9-Poe, futur directeur et artiste du th\u00e9\u00e2tre de l\u2019\u0153uvre.<\/p><p>\u00a0<\/p><p>Vuillard et Roussel \u00e9tudi\u00e8rent d\u2019abord sous la direction d\u2019Ulysse Laillard qui occupait l\u2019ancien atelier de Delacroix.<\/p><p>Plus tard, Vuillard entrait \u00e0 l\u2019\u00e9cole des Beaux-Arts o\u00f9 l\u2019enseignement de J-L G\u00e9r\u00f4me d\u00e9nu\u00e9 d\u2019imagination \u00e9loigna Vuillard de la peinture acad\u00e9mique. Pouss\u00e9 par Bonnard, Vuillard se dirigea vers l\u2019acad\u00e9mie Jullian. Il y rencontra de jeunes r\u00e9volt\u00e9s talentueux\u00a0: Paul S\u00e9rusier, Armand Seguin, Paul Ranson, Verkade et F\u00e9lix Vallotton. Ils prennent Gauguin comme chef de fille.<\/p><p>Vuillard viendra souvent \u00e0 l\u2019Etang la Ville, o\u00f9 il d\u00e9jeune avec sa s\u0153ur Marie et son beau-fr\u00e8re Roussel.<\/p><p>En 1985, il y loue une maison d\u2019\u00e9t\u00e9 \u00e0 la Montagne\u00a0: \u00ab\u00a0La Jaconette\u00a0\u00bb.<\/p><p>L\u00e0, il peint plusieurs portraits de Roussel, des sc\u00e8nes d\u2019int\u00e9rieur avec sa famille, son jardin, et des vues de l\u2019Etang la Ville depuis sa fen\u00eatre.<\/p><p>A partir de 1888, Vuillard produit plus de 3\u00a0000 \u0153uvres. En 1893, Vuillard ex\u00e9cute la d\u00e9coration sc\u00e9nique du th\u00e9\u00e2tre de l\u2019Oeuvre. Il y apprit \u00e0 utiliser la d\u00e9trempe et il se mit \u00e0 peindre les grands panneaux d\u00e9coratifs consid\u00e9r\u00e9s par de nombreux critiques comme la partie pa plus r\u00e9ussie de son \u0153uvre.<\/p><p>Vuillard mourut le 21 juin 1940 \u00e0 La Baule.<\/p>\t\t\t\t\t\t\t\t<\/div>\n\t\t\t\t<\/div>\n\t\t\t\t\t<\/div>\n\t\t<\/div>\n\t\t\t\t\t<\/div>\n\t\t<\/section>\n\t\t\t\t<section class=\"elementor-section elementor-top-section elementor-element elementor-element-d748b9a elementor-section-stretched elementor-section-height-min-height elementor-section-boxed elementor-section-height-default elementor-section-items-middle\" data-id=\"d748b9a\" data-element_type=\"section\" data-e-type=\"section\" data-settings=\"{&quot;stretch_section&quot;:&quot;section-stretched&quot;}\">\n\t\t\t\t\t\t<div class=\"elementor-container elementor-column-gap-default\">\n\t\t\t\t\t<div class=\"elementor-column elementor-col-100 elementor-top-column elementor-element elementor-element-9e67b53\" data-id=\"9e67b53\" data-element_type=\"column\" data-e-type=\"column\">\n\t\t\t<div class=\"elementor-widget-wrap elementor-element-populated\">\n\t\t\t\t\t\t<div class=\"elementor-element elementor-element-5835687 elementor-widget elementor-widget-text-editor\" data-id=\"5835687\" data-element_type=\"widget\" data-e-type=\"widget\" data-widget_type=\"text-editor.default\">\n\t\t\t\t<div class=\"elementor-widget-container\">\n\t\t\t\t\t\t\t\t\t<p><strong>Fran\u00e7ois Xavier ROUSSEL<\/strong><\/p>\t\t\t\t\t\t\t\t<\/div>\n\t\t\t\t<\/div>\n\t\t\t\t\t<\/div>\n\t\t<\/div>\n\t\t\t\t\t<\/div>\n\t\t<\/section>\n\t\t\t\t<section class=\"elementor-section elementor-top-section elementor-element elementor-element-d5b9aa2 elementor-section-stretched elementor-section-boxed elementor-section-height-default elementor-section-height-default\" data-id=\"d5b9aa2\" data-element_type=\"section\" data-e-type=\"section\" data-settings=\"{&quot;stretch_section&quot;:&quot;section-stretched&quot;}\">\n\t\t\t\t\t\t<div class=\"elementor-container elementor-column-gap-default\">\n\t\t\t\t\t<div class=\"elementor-column elementor-col-50 elementor-top-column elementor-element elementor-element-9b139cf\" data-id=\"9b139cf\" data-element_type=\"column\" data-e-type=\"column\">\n\t\t\t<div class=\"elementor-widget-wrap elementor-element-populated\">\n\t\t\t\t\t\t<div class=\"elementor-element elementor-element-149bf72 elementor-widget elementor-widget-image\" data-id=\"149bf72\" data-element_type=\"widget\" data-e-type=\"widget\" data-widget_type=\"image.default\">\n\t\t\t\t<div class=\"elementor-widget-container\">\n\t\t\t\t\t\t\t\t\t\t\t\t\t\t\t<img decoding=\"async\" width=\"1024\" height=\"800\" src=\"https:\/\/i0.wp.com\/amis-letanglaville.org\/wp-content\/uploads\/2019\/05\/FX-Roussel-2.jpg?fit=1024%2C800&amp;ssl=1\" class=\"attachment-large size-large wp-image-965\" alt=\"\" srcset=\"https:\/\/i0.wp.com\/amis-letanglaville.org\/wp-content\/uploads\/2019\/05\/FX-Roussel-2.jpg?w=1790&amp;ssl=1 1790w, https:\/\/i0.wp.com\/amis-letanglaville.org\/wp-content\/uploads\/2019\/05\/FX-Roussel-2.jpg?resize=300%2C234&amp;ssl=1 300w, https:\/\/i0.wp.com\/amis-letanglaville.org\/wp-content\/uploads\/2019\/05\/FX-Roussel-2.jpg?resize=768%2C600&amp;ssl=1 768w, https:\/\/i0.wp.com\/amis-letanglaville.org\/wp-content\/uploads\/2019\/05\/FX-Roussel-2.jpg?resize=1024%2C800&amp;ssl=1 1024w\" sizes=\"(max-width: 1024px) 100vw, 1024px\" \/>\t\t\t\t\t\t\t\t\t\t\t\t\t\t\t<\/div>\n\t\t\t\t<\/div>\n\t\t\t\t<div class=\"elementor-element elementor-element-6b0290a elementor-widget elementor-widget-image\" data-id=\"6b0290a\" data-element_type=\"widget\" data-e-type=\"widget\" data-widget_type=\"image.default\">\n\t\t\t\t<div class=\"elementor-widget-container\">\n\t\t\t\t\t\t\t\t\t\t\t\t\t\t\t<img loading=\"lazy\" decoding=\"async\" width=\"1024\" height=\"801\" src=\"https:\/\/i0.wp.com\/amis-letanglaville.org\/wp-content\/uploads\/2019\/05\/FX-Roussel-1.jpg?fit=1024%2C801&amp;ssl=1\" class=\"attachment-large size-large wp-image-964\" alt=\"\" srcset=\"https:\/\/i0.wp.com\/amis-letanglaville.org\/wp-content\/uploads\/2019\/05\/FX-Roussel-1.jpg?w=1802&amp;ssl=1 1802w, https:\/\/i0.wp.com\/amis-letanglaville.org\/wp-content\/uploads\/2019\/05\/FX-Roussel-1.jpg?resize=300%2C235&amp;ssl=1 300w, https:\/\/i0.wp.com\/amis-letanglaville.org\/wp-content\/uploads\/2019\/05\/FX-Roussel-1.jpg?resize=768%2C601&amp;ssl=1 768w, https:\/\/i0.wp.com\/amis-letanglaville.org\/wp-content\/uploads\/2019\/05\/FX-Roussel-1.jpg?resize=1024%2C801&amp;ssl=1 1024w\" sizes=\"(max-width: 1024px) 100vw, 1024px\" \/>\t\t\t\t\t\t\t\t\t\t\t\t\t\t\t<\/div>\n\t\t\t\t<\/div>\n\t\t\t\t\t<\/div>\n\t\t<\/div>\n\t\t\t\t<div class=\"elementor-column elementor-col-50 elementor-top-column elementor-element elementor-element-de1ae1e\" data-id=\"de1ae1e\" data-element_type=\"column\" data-e-type=\"column\">\n\t\t\t<div class=\"elementor-widget-wrap elementor-element-populated\">\n\t\t\t\t\t\t<div class=\"elementor-element elementor-element-ea5ec60 elementor-widget elementor-widget-text-editor\" data-id=\"ea5ec60\" data-element_type=\"widget\" data-e-type=\"widget\" data-widget_type=\"text-editor.default\">\n\t\t\t\t<div class=\"elementor-widget-container\">\n\t\t\t\t\t\t\t\t\t<p><b>Fran\u00e7ois Xavier Roussel<\/b> est n\u00e9 le 10 D\u00e9cembre 1867 \u00e0 Lory-les-Metz.<\/p>\n<p>Il rencontre Vuillard, Maurice Denis, et Lugn\u00e9-Poe au kyc\u00e9e Condorcet.<\/p>\n<p>Le groupe des Nabis se forme \u00e0 l&rsquo;Acad\u00e9mie Julien o\u00f9 Roussel et Vuillard vont tisser des liens d&rsquo;amiti\u00e9 avec Bonnard.&nbsp;Plus tard en 1893, son camarade Lugn\u00e9-Poe, fondateur du Th\u00e9atre de l&rsquo; Oeuvre,&nbsp;invite Roussel, Vuillard, Bonnard et S\u00e9rusier \u00e0 peindre des d\u00e9cors pour son th\u00e9atre.<\/p>\n<p>Il vient d&rsquo;\u00e9pouser Marie, la s\u0153ur de son meilleur ami Vuillard.<\/p>\n<p>Roussel expose pendant les six ann\u00e9es suivantes au Salon des Ind\u00e9pendants \u00e0 Paris, et d&rsquo;autres galeries.<\/p>\n<p>En 1899 Marie et Roussel d\u00e9cident de quitter Paris.&nbsp;Ils ont trouv\u00e9 une jolie maison avec une belle vue et un vaste jardin situ\u00e9 \u00e0 La Montagne, dans le charmant village de l&rsquo;Etang-la-Ville.&nbsp;Tomb\u00e9, lui aussi, &nbsp;sous le charme du lieu, Vuillard les y suivra un peu plus tard.<\/p>\n<p><strong>De 1912 \u00e0 1938,&nbsp;<\/strong>Roussel peint le rideau du Th\u00e9atre de la Com\u00e9die des Champs-Elys\u00e9es, divers panneaux d\u00e9coratifs, et d&rsquo;innombrables tableaux sur son th\u00e8me favori: la mythologie.<\/p>\n<p>Il partage avec Vuillard et Bonnard la d\u00e9coration du Th\u00e9atre de Chaillot.&nbsp;Roussel participe aussi \u00e0 la d\u00e9coration du Palais des Nations \u00e0 Gen\u00e8ve&nbsp;o\u00f9 il r\u00e9alise un panneau de onze m\u00e8tres.&nbsp;En <strong>1941<\/strong>, apr\u00e8s la mort de son cher ami, Roussel fait don \u00e0 l&rsquo;\u00e9tat fran\u00e7ais de 55 \u0153uvres de son beau-fr\u00e8re.<\/p>\n<p><strong>Roussel est d\u00e9c\u00e9d\u00e9 dans sa nouvelle maison de l&rsquo;Etang-la-Ville en 1944.<\/strong><\/p>\t\t\t\t\t\t\t\t<\/div>\n\t\t\t\t<\/div>\n\t\t\t\t\t<\/div>\n\t\t<\/div>\n\t\t\t\t\t<\/div>\n\t\t<\/section>\n\t\t\t\t<section class=\"elementor-section elementor-top-section elementor-element elementor-element-8522701 elementor-section-stretched elementor-section-boxed elementor-section-height-default elementor-section-height-default\" data-id=\"8522701\" data-element_type=\"section\" data-e-type=\"section\" data-settings=\"{&quot;stretch_section&quot;:&quot;section-stretched&quot;}\">\n\t\t\t\t\t\t<div class=\"elementor-container elementor-column-gap-default\">\n\t\t\t\t\t<div class=\"elementor-column elementor-col-100 elementor-top-column elementor-element elementor-element-407e4ab\" data-id=\"407e4ab\" data-element_type=\"column\" data-e-type=\"column\">\n\t\t\t<div class=\"elementor-widget-wrap elementor-element-populated\">\n\t\t\t\t\t\t<div class=\"elementor-element elementor-element-d19859a elementor-widget elementor-widget-image\" data-id=\"d19859a\" data-element_type=\"widget\" data-e-type=\"widget\" data-widget_type=\"image.default\">\n\t\t\t\t<div class=\"elementor-widget-container\">\n\t\t\t\t\t\t\t\t\t\t\t\t<figure class=\"wp-caption\">\n\t\t\t\t\t\t\t\t\t\t<img loading=\"lazy\" decoding=\"async\" width=\"708\" height=\"900\" src=\"https:\/\/i0.wp.com\/amis-letanglaville.org\/wp-content\/uploads\/2019\/06\/150-Vuillard-er-Roussel.jpg?fit=708%2C900&amp;ssl=1\" class=\"attachment-large size-large wp-image-1277\" alt=\"\" srcset=\"https:\/\/i0.wp.com\/amis-letanglaville.org\/wp-content\/uploads\/2019\/06\/150-Vuillard-er-Roussel.jpg?w=708&amp;ssl=1 708w, https:\/\/i0.wp.com\/amis-letanglaville.org\/wp-content\/uploads\/2019\/06\/150-Vuillard-er-Roussel.jpg?resize=236%2C300&amp;ssl=1 236w\" sizes=\"(max-width: 708px) 100vw, 708px\" \/>\t\t\t\t\t\t\t\t\t\t\t<figcaption class=\"widget-image-caption wp-caption-text\">Vuillard et Roussel<\/figcaption>\n\t\t\t\t\t\t\t\t\t\t<\/figure>\n\t\t\t\t\t\t\t\t\t<\/div>\n\t\t\t\t<\/div>\n\t\t\t\t\t<\/div>\n\t\t<\/div>\n\t\t\t\t\t<\/div>\n\t\t<\/section>\n\t\t\t\t<section class=\"elementor-section elementor-top-section elementor-element elementor-element-62296b3 elementor-section-stretched elementor-section-boxed elementor-section-height-default elementor-section-height-default\" data-id=\"62296b3\" data-element_type=\"section\" data-e-type=\"section\" data-settings=\"{&quot;stretch_section&quot;:&quot;section-stretched&quot;}\">\n\t\t\t\t\t\t<div class=\"elementor-container elementor-column-gap-default\">\n\t\t\t\t\t<div class=\"elementor-column elementor-col-100 elementor-top-column elementor-element elementor-element-ca0270e\" data-id=\"ca0270e\" data-element_type=\"column\" data-e-type=\"column\">\n\t\t\t<div class=\"elementor-widget-wrap elementor-element-populated\">\n\t\t\t\t\t\t<div class=\"elementor-element elementor-element-f4471bd elementor-widget elementor-widget-text-editor\" data-id=\"f4471bd\" data-element_type=\"widget\" data-e-type=\"widget\" data-widget_type=\"text-editor.default\">\n\t\t\t\t<div class=\"elementor-widget-container\">\n\t\t\t\t\t\t\t\t\t<p>Le Mus\u00e9e des Impressionnistes \u00e0 Giverny pr\u00e9sente une s\u00e9rie de toiles de Ker-Xavier Roussel dont trois pr\u00e9sentent des sc\u00e8nes peintes \u00e0 l&rsquo;Etang la Ville. Cette exposition se termine le 11 novembre 2019. Bon nombre de toiles viennent de collections priv\u00e9es.<\/p>\t\t\t\t\t\t\t\t<\/div>\n\t\t\t\t<\/div>\n\t\t\t\t\t<\/div>\n\t\t<\/div>\n\t\t\t\t\t<\/div>\n\t\t<\/section>\n\t\t\t\t<section class=\"elementor-section elementor-top-section elementor-element elementor-element-6e182d8 elementor-section-stretched elementor-section-boxed elementor-section-height-default elementor-section-height-default\" data-id=\"6e182d8\" data-element_type=\"section\" data-e-type=\"section\" data-settings=\"{&quot;stretch_section&quot;:&quot;section-stretched&quot;}\">\n\t\t\t\t\t\t<div class=\"elementor-container elementor-column-gap-default\">\n\t\t\t\t\t<div class=\"elementor-column elementor-col-33 elementor-top-column elementor-element elementor-element-dd35669\" data-id=\"dd35669\" data-element_type=\"column\" data-e-type=\"column\">\n\t\t\t<div class=\"elementor-widget-wrap elementor-element-populated\">\n\t\t\t\t\t\t<div class=\"elementor-element elementor-element-faba4e6 elementor-widget elementor-widget-image\" data-id=\"faba4e6\" data-element_type=\"widget\" data-e-type=\"widget\" data-widget_type=\"image.default\">\n\t\t\t\t<div class=\"elementor-widget-container\">\n\t\t\t\t\t\t\t\t\t\t\t\t\t\t\t<img loading=\"lazy\" decoding=\"async\" width=\"1024\" height=\"731\" src=\"https:\/\/i0.wp.com\/amis-letanglaville.org\/wp-content\/uploads\/2019\/09\/Larbre-%C3%A0-ELV-1910.jpg?fit=1024%2C731&amp;ssl=1\" class=\"attachment-large size-large wp-image-1960\" alt=\"\" \/>\t\t\t\t\t\t\t\t\t\t\t\t\t\t\t<\/div>\n\t\t\t\t<\/div>\n\t\t\t\t\t<\/div>\n\t\t<\/div>\n\t\t\t\t<div class=\"elementor-column elementor-col-33 elementor-top-column elementor-element elementor-element-65c0218\" data-id=\"65c0218\" data-element_type=\"column\" data-e-type=\"column\">\n\t\t\t<div class=\"elementor-widget-wrap elementor-element-populated\">\n\t\t\t\t\t\t<div class=\"elementor-element elementor-element-49cf121 elementor-widget elementor-widget-image\" data-id=\"49cf121\" data-element_type=\"widget\" data-e-type=\"widget\" data-widget_type=\"image.default\">\n\t\t\t\t<div class=\"elementor-widget-container\">\n\t\t\t\t\t\t\t\t\t\t\t\t\t\t\t<img loading=\"lazy\" decoding=\"async\" width=\"766\" height=\"1024\" src=\"https:\/\/i0.wp.com\/amis-letanglaville.org\/wp-content\/uploads\/2019\/09\/Le-printemps-%C3%A0-ELV-1928.jpg?fit=766%2C1024&amp;ssl=1\" class=\"attachment-large size-large wp-image-1961\" alt=\"\" \/>\t\t\t\t\t\t\t\t\t\t\t\t\t\t\t<\/div>\n\t\t\t\t<\/div>\n\t\t\t\t\t<\/div>\n\t\t<\/div>\n\t\t\t\t<div class=\"elementor-column elementor-col-33 elementor-top-column elementor-element elementor-element-3c1d387\" data-id=\"3c1d387\" data-element_type=\"column\" data-e-type=\"column\">\n\t\t\t<div class=\"elementor-widget-wrap elementor-element-populated\">\n\t\t\t\t\t\t<div class=\"elementor-element elementor-element-2075a9f elementor-widget elementor-widget-image\" data-id=\"2075a9f\" data-element_type=\"widget\" data-e-type=\"widget\" data-widget_type=\"image.default\">\n\t\t\t\t<div class=\"elementor-widget-container\">\n\t\t\t\t\t\t\t\t\t\t\t\t\t\t\t<img loading=\"lazy\" decoding=\"async\" width=\"1024\" height=\"483\" src=\"https:\/\/i0.wp.com\/amis-letanglaville.org\/wp-content\/uploads\/2019\/09\/Dans-le-verger-ELV-1928.jpg?fit=1024%2C483&amp;ssl=1\" class=\"attachment-large size-large wp-image-1962\" alt=\"\" srcset=\"https:\/\/i0.wp.com\/amis-letanglaville.org\/wp-content\/uploads\/2019\/09\/Dans-le-verger-ELV-1928.jpg?w=3740&amp;ssl=1 3740w, https:\/\/i0.wp.com\/amis-letanglaville.org\/wp-content\/uploads\/2019\/09\/Dans-le-verger-ELV-1928.jpg?resize=300%2C141&amp;ssl=1 300w, https:\/\/i0.wp.com\/amis-letanglaville.org\/wp-content\/uploads\/2019\/09\/Dans-le-verger-ELV-1928.jpg?resize=768%2C362&amp;ssl=1 768w, https:\/\/i0.wp.com\/amis-letanglaville.org\/wp-content\/uploads\/2019\/09\/Dans-le-verger-ELV-1928.jpg?resize=1024%2C483&amp;ssl=1 1024w, https:\/\/i0.wp.com\/amis-letanglaville.org\/wp-content\/uploads\/2019\/09\/Dans-le-verger-ELV-1928.jpg?w=2280&amp;ssl=1 2280w, https:\/\/i0.wp.com\/amis-letanglaville.org\/wp-content\/uploads\/2019\/09\/Dans-le-verger-ELV-1928.jpg?w=3420&amp;ssl=1 3420w\" sizes=\"(max-width: 1024px) 100vw, 1024px\" \/>\t\t\t\t\t\t\t\t\t\t\t\t\t\t\t<\/div>\n\t\t\t\t<\/div>\n\t\t\t\t\t<\/div>\n\t\t<\/div>\n\t\t\t\t\t<\/div>\n\t\t<\/section>\n\t\t\t\t<section class=\"elementor-section elementor-top-section elementor-element elementor-element-83e0d59 elementor-section-stretched elementor-section-boxed elementor-section-height-default elementor-section-height-default\" data-id=\"83e0d59\" data-element_type=\"section\" data-e-type=\"section\" data-settings=\"{&quot;stretch_section&quot;:&quot;section-stretched&quot;}\">\n\t\t\t\t\t\t<div class=\"elementor-container elementor-column-gap-default\">\n\t\t\t\t\t<div class=\"elementor-column elementor-col-33 elementor-top-column elementor-element elementor-element-799d9b6\" data-id=\"799d9b6\" data-element_type=\"column\" data-e-type=\"column\">\n\t\t\t<div class=\"elementor-widget-wrap elementor-element-populated\">\n\t\t\t\t\t\t<div class=\"elementor-element elementor-element-984f571 elementor-widget elementor-widget-text-editor\" data-id=\"984f571\" data-element_type=\"widget\" data-e-type=\"widget\" data-widget_type=\"text-editor.default\">\n\t\t\t\t<div class=\"elementor-widget-container\">\n\t\t\t\t\t\t\t\t\t<p>L&rsquo;Arbre \u00e0 l&rsquo;Etang la Ville c. 1910-1912<\/p><p>Pastel sur papier<\/p>\t\t\t\t\t\t\t\t<\/div>\n\t\t\t\t<\/div>\n\t\t\t\t\t<\/div>\n\t\t<\/div>\n\t\t\t\t<div class=\"elementor-column elementor-col-33 elementor-top-column elementor-element elementor-element-c237e87\" data-id=\"c237e87\" data-element_type=\"column\" data-e-type=\"column\">\n\t\t\t<div class=\"elementor-widget-wrap elementor-element-populated\">\n\t\t\t\t\t\t<div class=\"elementor-element elementor-element-812d0e8 elementor-widget elementor-widget-text-editor\" data-id=\"812d0e8\" data-element_type=\"widget\" data-e-type=\"widget\" data-widget_type=\"text-editor.default\">\n\t\t\t\t<div class=\"elementor-widget-container\">\n\t\t\t\t\t\t\t\t\t<p>Le Printemps \u00e0 L&rsquo;Etang la Ville ou La Source \u00a0vers 1928<\/p><p>Huile sur toile<\/p>\t\t\t\t\t\t\t\t<\/div>\n\t\t\t\t<\/div>\n\t\t\t\t\t<\/div>\n\t\t<\/div>\n\t\t\t\t<div class=\"elementor-column elementor-col-33 elementor-top-column elementor-element elementor-element-fd35762\" data-id=\"fd35762\" data-element_type=\"column\" data-e-type=\"column\">\n\t\t\t<div class=\"elementor-widget-wrap elementor-element-populated\">\n\t\t\t\t\t\t<div class=\"elementor-element elementor-element-ef1776b elementor-widget elementor-widget-text-editor\" data-id=\"ef1776b\" data-element_type=\"widget\" data-e-type=\"widget\" data-widget_type=\"text-editor.default\">\n\t\t\t\t<div class=\"elementor-widget-container\">\n\t\t\t\t\t\t\t\t\t<p>Dans le Verger \u00e0 l&rsquo;Etang la Ville &#8211; 1928<\/p><p>Peinture \u00e0 la colle sur toile<\/p>\t\t\t\t\t\t\t\t<\/div>\n\t\t\t\t<\/div>\n\t\t\t\t\t<\/div>\n\t\t<\/div>\n\t\t\t\t\t<\/div>\n\t\t<\/section>\n\t\t\t\t<section class=\"elementor-section elementor-top-section elementor-element elementor-element-c47a038 elementor-section-full_width elementor-section-stretched elementor-section-height-default elementor-section-height-default\" data-id=\"c47a038\" data-element_type=\"section\" data-e-type=\"section\" data-settings=\"{&quot;stretch_section&quot;:&quot;section-stretched&quot;}\">\n\t\t\t\t\t\t<div class=\"elementor-container elementor-column-gap-default\">\n\t\t\t\t\t<div class=\"elementor-column elementor-col-50 elementor-top-column elementor-element elementor-element-3bf3b17\" data-id=\"3bf3b17\" data-element_type=\"column\" data-e-type=\"column\">\n\t\t\t<div class=\"elementor-widget-wrap elementor-element-populated\">\n\t\t\t\t\t\t<div class=\"elementor-element elementor-element-bcb825f elementor-widget elementor-widget-image\" data-id=\"bcb825f\" data-element_type=\"widget\" data-e-type=\"widget\" data-widget_type=\"image.default\">\n\t\t\t\t<div class=\"elementor-widget-container\">\n\t\t\t\t\t\t\t\t\t\t\t\t\t\t\t<img loading=\"lazy\" decoding=\"async\" width=\"1024\" height=\"774\" src=\"https:\/\/i0.wp.com\/amis-letanglaville.org\/wp-content\/uploads\/2020\/12\/Roussel-1898.png?fit=1024%2C774&amp;ssl=1\" class=\"attachment-large size-large wp-image-2319\" alt=\"\" srcset=\"https:\/\/i0.wp.com\/amis-letanglaville.org\/wp-content\/uploads\/2020\/12\/Roussel-1898.png?w=1966&amp;ssl=1 1966w, https:\/\/i0.wp.com\/amis-letanglaville.org\/wp-content\/uploads\/2020\/12\/Roussel-1898.png?resize=300%2C227&amp;ssl=1 300w, https:\/\/i0.wp.com\/amis-letanglaville.org\/wp-content\/uploads\/2020\/12\/Roussel-1898.png?resize=1024%2C774&amp;ssl=1 1024w, https:\/\/i0.wp.com\/amis-letanglaville.org\/wp-content\/uploads\/2020\/12\/Roussel-1898.png?resize=768%2C580&amp;ssl=1 768w, https:\/\/i0.wp.com\/amis-letanglaville.org\/wp-content\/uploads\/2020\/12\/Roussel-1898.png?resize=1536%2C1161&amp;ssl=1 1536w, https:\/\/i0.wp.com\/amis-letanglaville.org\/wp-content\/uploads\/2020\/12\/Roussel-1898.png?resize=153%2C116&amp;ssl=1 153w\" sizes=\"(max-width: 1024px) 100vw, 1024px\" \/>\t\t\t\t\t\t\t\t\t\t\t\t\t\t\t<\/div>\n\t\t\t\t<\/div>\n\t\t\t\t\t<\/div>\n\t\t<\/div>\n\t\t\t\t<div class=\"elementor-column elementor-col-50 elementor-top-column elementor-element elementor-element-b2d5986\" data-id=\"b2d5986\" data-element_type=\"column\" data-e-type=\"column\">\n\t\t\t<div class=\"elementor-widget-wrap elementor-element-populated\">\n\t\t\t\t\t\t<div class=\"elementor-element elementor-element-86dd112 elementor-widget elementor-widget-image\" data-id=\"86dd112\" data-element_type=\"widget\" data-e-type=\"widget\" data-widget_type=\"image.default\">\n\t\t\t\t<div class=\"elementor-widget-container\">\n\t\t\t\t\t\t\t\t\t\t\t\t\t\t\t<img loading=\"lazy\" decoding=\"async\" width=\"555\" height=\"470\" src=\"https:\/\/i0.wp.com\/amis-letanglaville.org\/wp-content\/uploads\/2020\/12\/Maison-mere-Roussel-Bonnard.png?fit=555%2C470&amp;ssl=1\" class=\"attachment-large size-large wp-image-2321\" alt=\"\" srcset=\"https:\/\/i0.wp.com\/amis-letanglaville.org\/wp-content\/uploads\/2020\/12\/Maison-mere-Roussel-Bonnard.png?w=555&amp;ssl=1 555w, https:\/\/i0.wp.com\/amis-letanglaville.org\/wp-content\/uploads\/2020\/12\/Maison-mere-Roussel-Bonnard.png?resize=300%2C254&amp;ssl=1 300w, https:\/\/i0.wp.com\/amis-letanglaville.org\/wp-content\/uploads\/2020\/12\/Maison-mere-Roussel-Bonnard.png?resize=137%2C116&amp;ssl=1 137w\" sizes=\"(max-width: 555px) 100vw, 555px\" \/>\t\t\t\t\t\t\t\t\t\t\t\t\t\t\t<\/div>\n\t\t\t\t<\/div>\n\t\t\t\t\t<\/div>\n\t\t<\/div>\n\t\t\t\t\t<\/div>\n\t\t<\/section>\n\t\t\t\t<section class=\"elementor-section elementor-top-section elementor-element elementor-element-86efaa1 elementor-section-full_width elementor-section-stretched elementor-section-height-default elementor-section-height-default\" data-id=\"86efaa1\" data-element_type=\"section\" data-e-type=\"section\" data-settings=\"{&quot;stretch_section&quot;:&quot;section-stretched&quot;}\">\n\t\t\t\t\t\t<div class=\"elementor-container elementor-column-gap-default\">\n\t\t\t\t\t<div class=\"elementor-column elementor-col-50 elementor-top-column elementor-element elementor-element-dfdc190\" data-id=\"dfdc190\" data-element_type=\"column\" data-e-type=\"column\">\n\t\t\t<div class=\"elementor-widget-wrap elementor-element-populated\">\n\t\t\t\t\t\t<div class=\"elementor-element elementor-element-ca27b5b elementor-widget elementor-widget-text-editor\" data-id=\"ca27b5b\" data-element_type=\"widget\" data-e-type=\"widget\" data-widget_type=\"text-editor.default\">\n\t\t\t\t<div class=\"elementor-widget-container\">\n\t\t\t\t\t\t\t\t\t<p>Les deux pliants dans la campagne (\u00e0 l&rsquo;Etang la Ville)<\/p><p>Roussel 1898<\/p>\t\t\t\t\t\t\t\t<\/div>\n\t\t\t\t<\/div>\n\t\t\t\t\t<\/div>\n\t\t<\/div>\n\t\t\t\t<div class=\"elementor-column elementor-col-50 elementor-top-column elementor-element elementor-element-2e12c66\" data-id=\"2e12c66\" data-element_type=\"column\" data-e-type=\"column\">\n\t\t\t<div class=\"elementor-widget-wrap elementor-element-populated\">\n\t\t\t\t\t\t<div class=\"elementor-element elementor-element-01235dc elementor-widget elementor-widget-text-editor\" data-id=\"01235dc\" data-element_type=\"widget\" data-e-type=\"widget\" data-widget_type=\"text-editor.default\">\n\t\t\t\t<div class=\"elementor-widget-container\">\n\t\t\t\t\t\t\t\t\t<p>La Maison de Campagne<\/p><p>Maison de la M\u00e8re du Peintre Roussel \u00e0<br \/>L&rsquo;\u00c9tang-La-Ville<\/p><p>Roussel ca. 1903<\/p>\t\t\t\t\t\t\t\t<\/div>\n\t\t\t\t<\/div>\n\t\t\t\t\t<\/div>\n\t\t<\/div>\n\t\t\t\t\t<\/div>\n\t\t<\/section>\n\t\t\t\t<\/div>\n\t\t","protected":false},"excerpt":{"rendered":"<p>Les Peintres Edouard VUILLARD Le peintre K. X. Roussel dans son atelier de la ruelle de la Coulette \u00e0 l\u2019Etang-la-Ville &hellip; <a href=\"https:\/\/amis-letanglaville.org\/?page_id=949\" class=\"more-link\">Continue reading <span class=\"screen-reader-text\">Les Peintres<\/span><\/a><\/p>\n","protected":false},"author":1,"featured_media":0,"parent":161,"menu_order":0,"comment_status":"closed","ping_status":"closed","template":"","meta":{"_angie_page":false,"ngg_post_thumbnail":0,"jetpack_post_was_ever_published":false,"footnotes":""},"class_list":["post-949","page","type-page","status-publish","hentry"],"jetpack_sharing_enabled":true,"jetpack_shortlink":"https:\/\/wp.me\/PaCZch-fj","jetpack-related-posts":[{"id":3328,"url":"https:\/\/amis-letanglaville.org\/?page_id=3328","url_meta":{"origin":949,"position":0},"title":"ACTIVITES","author":"admin7235","date":"10 septembre 2023","format":false,"excerpt":"DEFENSE DE L'ENVIRONNEMENTDepuis sa cr\u00e9ation en juillet 1960, l'Association a consacr\u00e9 son \u00e9nergie et ses ressources \u00e0 prot\u00e9ger le cadre de vie, l'environnement et le patrimoine de l'Etang la Ville. Le premier combat fut la d\u00e9fense du Ch\u00e2teau contre l'avidit\u00e9 du promoteur de la r\u00e9sidence du Parc qui voulait le\u2026","rel":"","context":"Article similaire","block_context":{"text":"Article similaire","link":""},"img":{"alt_text":"","src":"","width":0,"height":0},"classes":[]},{"id":161,"url":"https:\/\/amis-letanglaville.org\/?page_id=161","url_meta":{"origin":949,"position":1},"title":"Notre Village","author":"admin7235","date":"28 novembre 2018","format":false,"excerpt":"L'\u00c9tang-la-Ville L'\u00c9tang-la-Ville est une commune d'un peu plus de 5.000 habitants situ\u00e9e dans le d\u00e9partement des Yvelines (Ile de France). Situ\u00e9e au coeur de la for\u00eat domaniale de Marly, \u00e0 cinq kilom\u00e8tres au sud-ouest de Saint Germain en Laye. Versailles est \u00e0 une dizaine de kilom\u00e8tres \u00e0 vol d'oiseau. La\u2026","rel":"","context":"Article similaire","block_context":{"text":"Article similaire","link":""},"img":{"alt_text":"","src":"https:\/\/i0.wp.com\/amis-letanglaville.org\/wp-content\/uploads\/2023\/05\/Ages-ELV.webp?resize=350%2C200&ssl=1","width":350,"height":200,"srcset":"https:\/\/i0.wp.com\/amis-letanglaville.org\/wp-content\/uploads\/2023\/05\/Ages-ELV.webp?resize=350%2C200&ssl=1 1x, https:\/\/i0.wp.com\/amis-letanglaville.org\/wp-content\/uploads\/2023\/05\/Ages-ELV.webp?resize=525%2C300&ssl=1 1.5x, https:\/\/i0.wp.com\/amis-letanglaville.org\/wp-content\/uploads\/2023\/05\/Ages-ELV.webp?resize=700%2C400&ssl=1 2x"},"classes":[]},{"id":2542,"url":"https:\/\/amis-letanglaville.org\/?page_id=2542","url_meta":{"origin":949,"position":2},"title":"Les arbres dans la ville","author":"admin7235","date":"14 d\u00e9cembre 2021","format":false,"excerpt":"DU BON USAGE DES ARBRES L\u2019Etang la Ville est un \u201cvillage-for\u00eat\u201d remarquable par le nombre et l'\u00e2ge de ses nombreux arbres. Les Amis de l\u2019Etang ont d\u00e9sormais un nouveau projet avec pour cible la pr\u00e9servation des grands arbres et des espaces bois\u00e9s sur l'\u00c9tang-La-Ville des \u00e9lagages et abattages sauvages. L'objectif\u2026","rel":"","context":"Article similaire","block_context":{"text":"Article similaire","link":""},"img":{"alt_text":"","src":"https:\/\/i0.wp.com\/amis-letanglaville.org\/wp-content\/uploads\/2021\/12\/Conifere.png?resize=350%2C200&ssl=1","width":350,"height":200,"srcset":"https:\/\/i0.wp.com\/amis-letanglaville.org\/wp-content\/uploads\/2021\/12\/Conifere.png?resize=350%2C200&ssl=1 1x, https:\/\/i0.wp.com\/amis-letanglaville.org\/wp-content\/uploads\/2021\/12\/Conifere.png?resize=525%2C300&ssl=1 1.5x"},"classes":[]},{"id":749,"url":"https:\/\/amis-letanglaville.org\/?page_id=749","url_meta":{"origin":949,"position":3},"title":"Edifices Historiques","author":"admin7235","date":"4 avril 2019","format":false,"excerpt":"LE CH\u00c2TEAU Construit au 17\u00e8me si\u00e8cle dans le style de l'\u00e9poque par la famille S\u00e9guier, seigneurs de l'Etang-la-Ville, il a subi peu de modifications jusqu 'au milieu du XX\u00e8me si\u00e8cle:- l'avanc\u00e9e de l'entr\u00e9e principale\u00a0et le fronton la surmontant ont \u00e9t\u00e9 supprim\u00e9s- le porche et la grille d'entr\u00e9e qui portait les\u2026","rel":"","context":"Article similaire","block_context":{"text":"Article similaire","link":""},"img":{"alt_text":"","src":"https:\/\/i0.wp.com\/amis-letanglaville.org\/wp-content\/uploads\/2019\/04\/Eglise-St-Anne.jpg?resize=350%2C200&ssl=1","width":350,"height":200},"classes":[]},{"id":392,"url":"https:\/\/amis-letanglaville.org\/?page_id=392","url_meta":{"origin":949,"position":4},"title":"Un peu d&rsquo;histoire","author":"admin7235","date":"9 d\u00e9cembre 2018","format":false,"excerpt":"Les seigneurs de l'\u00c9tangLes \u00ab\u00a0Montaigu\u00a0\u00bbA la fin du XIV\u00e8me si\u00e8cle, la seigneurie de l\u2019Etang la Ville \u00e9tait dans la maison des Montaigu. De cette \u00e9poque, il nous reste un vestige\u00a0: \u00ab\u00a0la fontaine St-Pierre\u00a0\u00bb.Le dernier descendant, Jean de Montaigu, surintendant des Finances, victime de la querelle des \u00ab\u00a0Bourguignons\u00a0\u00bb et des \u00ab\u00a0Armagnac\u00a0\u00bb,\u2026","rel":"","context":"Article similaire","block_context":{"text":"Article similaire","link":""},"img":{"alt_text":"","src":"https:\/\/i0.wp.com\/amis-letanglaville.org\/wp-content\/uploads\/2019\/01\/S%C3%A9guie-Charles_Le_Brun.jpg?resize=350%2C200&ssl=1","width":350,"height":200,"srcset":"https:\/\/i0.wp.com\/amis-letanglaville.org\/wp-content\/uploads\/2019\/01\/S%C3%A9guie-Charles_Le_Brun.jpg?resize=350%2C200&ssl=1 1x, https:\/\/i0.wp.com\/amis-letanglaville.org\/wp-content\/uploads\/2019\/01\/S%C3%A9guie-Charles_Le_Brun.jpg?resize=525%2C300&ssl=1 1.5x, https:\/\/i0.wp.com\/amis-letanglaville.org\/wp-content\/uploads\/2019\/01\/S%C3%A9guie-Charles_Le_Brun.jpg?resize=700%2C400&ssl=1 2x"},"classes":[]},{"id":260,"url":"https:\/\/amis-letanglaville.org\/?page_id=260","url_meta":{"origin":949,"position":5},"title":"Documentation","author":"admin7235","date":"6 d\u00e9cembre 2018","format":false,"excerpt":"DOCUMENTATION LES BULLETINS CARTES POSTALES HISTORIQUES COLLECTIONS LES PRODUITS LIENS EXTERNES LES AMIS DE LA FORET DE ST GERMAIN LA COMMUNAUTE D'AGGLOMERATION LA MAIRIE DE L'ETANG LA VILLE LE CANARD DE L'ETANG ONF FORET DE MARLY WWW.ARBRES.ORG CADEB JADE","rel":"","context":"Article similaire","block_context":{"text":"Article similaire","link":""},"img":{"alt_text":"","src":"","width":0,"height":0},"classes":[]}],"_links":{"self":[{"href":"https:\/\/amis-letanglaville.org\/index.php?rest_route=\/wp\/v2\/pages\/949","targetHints":{"allow":["GET"]}}],"collection":[{"href":"https:\/\/amis-letanglaville.org\/index.php?rest_route=\/wp\/v2\/pages"}],"about":[{"href":"https:\/\/amis-letanglaville.org\/index.php?rest_route=\/wp\/v2\/types\/page"}],"author":[{"embeddable":true,"href":"https:\/\/amis-letanglaville.org\/index.php?rest_route=\/wp\/v2\/users\/1"}],"replies":[{"embeddable":true,"href":"https:\/\/amis-letanglaville.org\/index.php?rest_route=%2Fwp%2Fv2%2Fcomments&post=949"}],"version-history":[{"count":3,"href":"https:\/\/amis-letanglaville.org\/index.php?rest_route=\/wp\/v2\/pages\/949\/revisions"}],"predecessor-version":[{"id":3896,"href":"https:\/\/amis-letanglaville.org\/index.php?rest_route=\/wp\/v2\/pages\/949\/revisions\/3896"}],"up":[{"embeddable":true,"href":"https:\/\/amis-letanglaville.org\/index.php?rest_route=\/wp\/v2\/pages\/161"}],"wp:attachment":[{"href":"https:\/\/amis-letanglaville.org\/index.php?rest_route=%2Fwp%2Fv2%2Fmedia&parent=949"}],"curies":[{"name":"wp","href":"https:\/\/api.w.org\/{rel}","templated":true}]}}