{"id":817,"date":"2019-04-09T12:30:46","date_gmt":"2019-04-09T10:30:46","guid":{"rendered":"https:\/\/amis-letanglaville.org\/?page_id=817"},"modified":"2024-10-28T23:31:48","modified_gmt":"2024-10-28T22:31:48","slug":"la-foret","status":"publish","type":"page","link":"https:\/\/amis-letanglaville.org\/?page_id=817","title":{"rendered":"La For\u00eat et Les Arbres en ville"},"content":{"rendered":"\t\t<div data-elementor-type=\"wp-post\" data-elementor-id=\"817\" class=\"elementor elementor-817\" data-elementor-post-type=\"page\">\n\t\t\t\t\t\t<section class=\"elementor-section elementor-top-section elementor-element elementor-element-a8f3c19 elementor-section-stretched elementor-section-height-min-height elementor-section-boxed elementor-section-height-default elementor-section-items-middle\" data-id=\"a8f3c19\" data-element_type=\"section\" data-e-type=\"section\" data-settings=\"{&quot;stretch_section&quot;:&quot;section-stretched&quot;}\">\n\t\t\t\t\t\t<div class=\"elementor-container elementor-column-gap-default\">\n\t\t\t\t\t<div class=\"elementor-column elementor-col-100 elementor-top-column elementor-element elementor-element-c22095f\" data-id=\"c22095f\" data-element_type=\"column\" data-e-type=\"column\">\n\t\t\t<div class=\"elementor-widget-wrap elementor-element-populated\">\n\t\t\t\t\t\t<div class=\"elementor-element elementor-element-d1de43e elementor-widget elementor-widget-text-editor\" data-id=\"d1de43e\" data-element_type=\"widget\" data-e-type=\"widget\" data-widget_type=\"text-editor.default\">\n\t\t\t\t<div class=\"elementor-widget-container\">\n\t\t\t\t\t\t\t\t\t<p>La for\u00eat de Marly qui ceinture notre Village en est un des principaux attraits. Les Amis de l&rsquo;Etang ont toujours oeuvr\u00e9 pour prot\u00e9ger cet atout contre les coupes \u00e0 blanc, les d\u00e9chets sauvages et autres d\u00e9gradations.<\/p>\t\t\t\t\t\t\t\t<\/div>\n\t\t\t\t<\/div>\n\t\t\t\t\t<\/div>\n\t\t<\/div>\n\t\t\t\t\t<\/div>\n\t\t<\/section>\n\t\t\t\t<section class=\"elementor-section elementor-top-section elementor-element elementor-element-3334bcd elementor-section-stretched elementor-section-height-min-height elementor-section-boxed elementor-section-height-default elementor-section-items-middle\" data-id=\"3334bcd\" data-element_type=\"section\" data-e-type=\"section\" data-settings=\"{&quot;stretch_section&quot;:&quot;section-stretched&quot;}\">\n\t\t\t\t\t\t<div class=\"elementor-container elementor-column-gap-default\">\n\t\t\t\t\t<div class=\"elementor-column elementor-col-100 elementor-top-column elementor-element elementor-element-c579d37\" data-id=\"c579d37\" data-element_type=\"column\" data-e-type=\"column\">\n\t\t\t<div class=\"elementor-widget-wrap elementor-element-populated\">\n\t\t\t\t\t\t<div class=\"elementor-element elementor-element-53bafea elementor-widget elementor-widget-text-editor\" data-id=\"53bafea\" data-element_type=\"widget\" data-e-type=\"widget\" data-widget_type=\"text-editor.default\">\n\t\t\t\t<div class=\"elementor-widget-container\">\n\t\t\t\t\t\t\t\t\t<p><strong>LES ARBRES REMARQUABLES<\/strong><\/p>\t\t\t\t\t\t\t\t<\/div>\n\t\t\t\t<\/div>\n\t\t\t\t\t<\/div>\n\t\t<\/div>\n\t\t\t\t\t<\/div>\n\t\t<\/section>\n\t\t\t\t<section class=\"elementor-section elementor-top-section elementor-element elementor-element-b4f5521 elementor-section-stretched elementor-section-height-min-height elementor-section-boxed elementor-section-height-default elementor-section-items-middle\" data-id=\"b4f5521\" data-element_type=\"section\" data-e-type=\"section\" data-settings=\"{&quot;stretch_section&quot;:&quot;section-stretched&quot;}\">\n\t\t\t\t\t\t<div class=\"elementor-container elementor-column-gap-default\">\n\t\t\t\t\t<div class=\"elementor-column elementor-col-100 elementor-top-column elementor-element elementor-element-ba6beaa\" data-id=\"ba6beaa\" data-element_type=\"column\" data-e-type=\"column\">\n\t\t\t<div class=\"elementor-widget-wrap elementor-element-populated\">\n\t\t\t\t\t\t<div class=\"elementor-element elementor-element-66d8652 elementor-widget elementor-widget-text-editor\" data-id=\"66d8652\" data-element_type=\"widget\" data-e-type=\"widget\" data-widget_type=\"text-editor.default\">\n\t\t\t\t<div class=\"elementor-widget-container\">\n\t\t\t\t\t\t\t\t\t<p>Promenez-vous dans la for\u00eat de Marly, vous pourrez y d\u00e9couvrir quelques arbres remarquables dans ses peuplements forestiers !<\/p>\n<p>Ces arbres remarquables par leur \u00e2ge, leur taille, leur forme ont \u00e9t\u00e9 recens\u00e9s par l&rsquo;Office National des For\u00eats (ONF). La plupart sont indiqu\u00e9s sur les cartes que l&rsquo;on trouve sur les panneaux plac\u00e9s par l&rsquo;ONF aux entr\u00e9es des promenades. La carte ci-dessus en est un exemple, elle est propos\u00e9e sur le site de l&rsquo;ONF pour la for\u00eat de Marly. En plus de ces arbres de l&rsquo;ONF, nous en avons aussi ajout\u00e9 quelques-uns que nous trouvions particuli\u00e8rement beaux.<\/p>\n<p>Ces quelques pages de notre site veulent vous fournir des pr\u00e9cisions sur tous ces arbres, nous vous proposons des indications pour les trouver et un petit descriptif pour chaque arbre.<\/p>\n<p>Tout d&rsquo;abord, chaque arbre remarquable est identifi\u00e9 par une petite ic\u00f4ne sur les cartes qui suivent.\u00a0<\/p>\t\t\t\t\t\t\t\t<\/div>\n\t\t\t\t<\/div>\n\t\t\t\t\t<\/div>\n\t\t<\/div>\n\t\t\t\t\t<\/div>\n\t\t<\/section>\n\t\t\t\t<section class=\"elementor-section elementor-top-section elementor-element elementor-element-4fb87ca elementor-section-stretched elementor-section-height-min-height elementor-section-full_width elementor-section-height-default elementor-section-items-middle\" data-id=\"4fb87ca\" data-element_type=\"section\" data-e-type=\"section\" data-settings=\"{&quot;stretch_section&quot;:&quot;section-stretched&quot;}\">\n\t\t\t\t\t\t<div class=\"elementor-container elementor-column-gap-default\">\n\t\t\t\t\t<div class=\"elementor-column elementor-col-100 elementor-top-column elementor-element elementor-element-7437790\" data-id=\"7437790\" data-element_type=\"column\" data-e-type=\"column\">\n\t\t\t<div class=\"elementor-widget-wrap elementor-element-populated\">\n\t\t\t\t\t\t<div class=\"elementor-element elementor-element-e9d0a12 elementor-widget elementor-widget-image\" data-id=\"e9d0a12\" data-element_type=\"widget\" data-e-type=\"widget\" data-widget_type=\"image.default\">\n\t\t\t\t<div class=\"elementor-widget-container\">\n\t\t\t\t\t\t\t\t\t\t\t\t\t\t\t<img fetchpriority=\"high\" decoding=\"async\" width=\"500\" height=\"352\" src=\"https:\/\/i0.wp.com\/amis-letanglaville.org\/wp-content\/uploads\/2019\/04\/vue-gen_onf_foret_marly.jpg?fit=500%2C352&amp;ssl=1\" class=\"attachment-full size-full wp-image-824\" alt=\"\" srcset=\"https:\/\/i0.wp.com\/amis-letanglaville.org\/wp-content\/uploads\/2019\/04\/vue-gen_onf_foret_marly.jpg?w=500&amp;ssl=1 500w, https:\/\/i0.wp.com\/amis-letanglaville.org\/wp-content\/uploads\/2019\/04\/vue-gen_onf_foret_marly.jpg?resize=300%2C211&amp;ssl=1 300w\" sizes=\"(max-width: 500px) 100vw, 500px\" \/>\t\t\t\t\t\t\t\t\t\t\t\t\t\t\t<\/div>\n\t\t\t\t<\/div>\n\t\t\t\t\t<\/div>\n\t\t<\/div>\n\t\t\t\t\t<\/div>\n\t\t<\/section>\n\t\t\t\t<section class=\"elementor-section elementor-top-section elementor-element elementor-element-dc5ec40 elementor-section-stretched elementor-section-height-min-height elementor-section-boxed elementor-section-height-default elementor-section-items-middle\" data-id=\"dc5ec40\" data-element_type=\"section\" data-e-type=\"section\" data-settings=\"{&quot;stretch_section&quot;:&quot;section-stretched&quot;}\">\n\t\t\t\t\t\t<div class=\"elementor-container elementor-column-gap-default\">\n\t\t\t\t\t<div class=\"elementor-column elementor-col-100 elementor-top-column elementor-element elementor-element-2631465\" data-id=\"2631465\" data-element_type=\"column\" data-e-type=\"column\">\n\t\t\t<div class=\"elementor-widget-wrap elementor-element-populated\">\n\t\t\t\t\t\t<div class=\"elementor-element elementor-element-44bbfa8 elementor-widget elementor-widget-image\" data-id=\"44bbfa8\" data-element_type=\"widget\" data-e-type=\"widget\" data-widget_type=\"image.default\">\n\t\t\t\t<div class=\"elementor-widget-container\">\n\t\t\t\t\t\t\t\t\t\t\t\t\t\t\t<img decoding=\"async\" width=\"1024\" height=\"230\" src=\"https:\/\/i0.wp.com\/amis-letanglaville.org\/wp-content\/uploads\/2019\/04\/Silhouettes-arbres.png?fit=1024%2C230&amp;ssl=1\" class=\"attachment-large size-large wp-image-826\" alt=\"\" srcset=\"https:\/\/i0.wp.com\/amis-letanglaville.org\/wp-content\/uploads\/2019\/04\/Silhouettes-arbres.png?w=1906&amp;ssl=1 1906w, https:\/\/i0.wp.com\/amis-letanglaville.org\/wp-content\/uploads\/2019\/04\/Silhouettes-arbres.png?resize=300%2C67&amp;ssl=1 300w, https:\/\/i0.wp.com\/amis-letanglaville.org\/wp-content\/uploads\/2019\/04\/Silhouettes-arbres.png?resize=768%2C172&amp;ssl=1 768w, https:\/\/i0.wp.com\/amis-letanglaville.org\/wp-content\/uploads\/2019\/04\/Silhouettes-arbres.png?resize=1024%2C230&amp;ssl=1 1024w\" sizes=\"(max-width: 1024px) 100vw, 1024px\" \/>\t\t\t\t\t\t\t\t\t\t\t\t\t\t\t<\/div>\n\t\t\t\t<\/div>\n\t\t\t\t\t<\/div>\n\t\t<\/div>\n\t\t\t\t\t<\/div>\n\t\t<\/section>\n\t\t\t\t<section class=\"elementor-section elementor-top-section elementor-element elementor-element-ea16fd7 elementor-section-stretched elementor-section-height-min-height elementor-section-boxed elementor-section-height-default elementor-section-items-middle\" data-id=\"ea16fd7\" data-element_type=\"section\" data-e-type=\"section\" data-settings=\"{&quot;stretch_section&quot;:&quot;section-stretched&quot;}\">\n\t\t\t\t\t\t<div class=\"elementor-container elementor-column-gap-default\">\n\t\t\t\t\t<div class=\"elementor-column elementor-col-100 elementor-top-column elementor-element elementor-element-b0a12be\" data-id=\"b0a12be\" data-element_type=\"column\" data-e-type=\"column\">\n\t\t\t<div class=\"elementor-widget-wrap elementor-element-populated\">\n\t\t\t\t\t\t<div class=\"elementor-element elementor-element-2b8cab4 elementor-widget elementor-widget-text-editor\" data-id=\"2b8cab4\" data-element_type=\"widget\" data-e-type=\"widget\" data-widget_type=\"text-editor.default\">\n\t\t\t\t<div class=\"elementor-widget-container\">\n\t\t\t\t\t\t\t\t\t<p>Les ic\u00f4nes que nous utilisons pour identifier les arbres sont cens\u00e9es repr\u00e9senter la silhouette de l&rsquo;arbre.<\/p>\t\t\t\t\t\t\t\t<\/div>\n\t\t\t\t<\/div>\n\t\t\t\t\t<\/div>\n\t\t<\/div>\n\t\t\t\t\t<\/div>\n\t\t<\/section>\n\t\t\t\t<section class=\"elementor-section elementor-top-section elementor-element elementor-element-04f50f7 elementor-section-stretched elementor-section-height-min-height elementor-section-boxed elementor-section-height-default elementor-section-items-middle\" data-id=\"04f50f7\" data-element_type=\"section\" data-e-type=\"section\" data-settings=\"{&quot;stretch_section&quot;:&quot;section-stretched&quot;}\">\n\t\t\t\t\t\t<div class=\"elementor-container elementor-column-gap-default\">\n\t\t\t\t\t<div class=\"elementor-column elementor-col-66 elementor-top-column elementor-element elementor-element-4bb6b37\" data-id=\"4bb6b37\" data-element_type=\"column\" data-e-type=\"column\">\n\t\t\t<div class=\"elementor-widget-wrap elementor-element-populated\">\n\t\t\t\t\t\t<div class=\"elementor-element elementor-element-cd5e563 elementor-widget elementor-widget-image\" data-id=\"cd5e563\" data-element_type=\"widget\" data-e-type=\"widget\" data-widget_type=\"image.default\">\n\t\t\t\t<div class=\"elementor-widget-container\">\n\t\t\t\t\t\t\t\t\t\t\t\t\t\t\t<img decoding=\"async\" width=\"1024\" height=\"576\" src=\"https:\/\/i0.wp.com\/amis-letanglaville.org\/wp-content\/uploads\/2019\/04\/Foret-Nord.jpg?fit=1024%2C576&amp;ssl=1\" class=\"attachment-large size-large wp-image-829\" alt=\"\" srcset=\"https:\/\/i0.wp.com\/amis-letanglaville.org\/wp-content\/uploads\/2019\/04\/Foret-Nord.jpg?w=2494&amp;ssl=1 2494w, https:\/\/i0.wp.com\/amis-letanglaville.org\/wp-content\/uploads\/2019\/04\/Foret-Nord.jpg?resize=300%2C169&amp;ssl=1 300w, https:\/\/i0.wp.com\/amis-letanglaville.org\/wp-content\/uploads\/2019\/04\/Foret-Nord.jpg?resize=768%2C432&amp;ssl=1 768w, https:\/\/i0.wp.com\/amis-letanglaville.org\/wp-content\/uploads\/2019\/04\/Foret-Nord.jpg?resize=1024%2C576&amp;ssl=1 1024w, https:\/\/i0.wp.com\/amis-letanglaville.org\/wp-content\/uploads\/2019\/04\/Foret-Nord.jpg?w=2280&amp;ssl=1 2280w\" sizes=\"(max-width: 1024px) 100vw, 1024px\" \/>\t\t\t\t\t\t\t\t\t\t\t\t\t\t\t<\/div>\n\t\t\t\t<\/div>\n\t\t\t\t\t<\/div>\n\t\t<\/div>\n\t\t\t\t<div class=\"elementor-column elementor-col-33 elementor-top-column elementor-element elementor-element-0ffcafe\" data-id=\"0ffcafe\" data-element_type=\"column\" data-e-type=\"column\">\n\t\t\t<div class=\"elementor-widget-wrap elementor-element-populated\">\n\t\t\t\t\t\t<div class=\"elementor-element elementor-element-0f6ac95 elementor-widget elementor-widget-text-editor\" data-id=\"0f6ac95\" data-element_type=\"widget\" data-e-type=\"widget\" data-widget_type=\"text-editor.default\">\n\t\t\t\t<div class=\"elementor-widget-container\">\n\t\t\t\t\t\t\t\t\t<p><strong>La partie de la for\u00eat de Marly au Nord de l&rsquo;Etang la ville :\u00a0<\/strong><\/p><p><strong>2 ch\u00eanes, <\/strong><\/p><p><strong>1 ch\u00e2taignier, <\/strong><\/p><p><strong>1 h\u00eatre, <\/strong><\/p><p><strong>1 pin maritime<\/strong><\/p>\t\t\t\t\t\t\t\t<\/div>\n\t\t\t\t<\/div>\n\t\t\t\t\t<\/div>\n\t\t<\/div>\n\t\t\t\t\t<\/div>\n\t\t<\/section>\n\t\t\t\t<section class=\"elementor-section elementor-top-section elementor-element elementor-element-a00f0a4 elementor-section-stretched elementor-section-boxed elementor-section-height-default elementor-section-height-default\" data-id=\"a00f0a4\" data-element_type=\"section\" data-e-type=\"section\" data-settings=\"{&quot;stretch_section&quot;:&quot;section-stretched&quot;}\">\n\t\t\t\t\t\t<div class=\"elementor-container elementor-column-gap-default\">\n\t\t\t\t\t<div class=\"elementor-column elementor-col-66 elementor-top-column elementor-element elementor-element-e045df8\" data-id=\"e045df8\" data-element_type=\"column\" data-e-type=\"column\">\n\t\t\t<div class=\"elementor-widget-wrap elementor-element-populated\">\n\t\t\t\t\t\t<div class=\"elementor-element elementor-element-54012a5 elementor-widget elementor-widget-image\" data-id=\"54012a5\" data-element_type=\"widget\" data-e-type=\"widget\" data-widget_type=\"image.default\">\n\t\t\t\t<div class=\"elementor-widget-container\">\n\t\t\t\t\t\t\t\t\t\t\t\t\t\t\t<img loading=\"lazy\" decoding=\"async\" width=\"1024\" height=\"579\" src=\"https:\/\/i0.wp.com\/amis-letanglaville.org\/wp-content\/uploads\/2019\/04\/Foret-Ouest.png?fit=1024%2C579&amp;ssl=1\" class=\"attachment-large size-large wp-image-830\" alt=\"\" srcset=\"https:\/\/i0.wp.com\/amis-letanglaville.org\/wp-content\/uploads\/2019\/04\/Foret-Ouest.png?w=2492&amp;ssl=1 2492w, https:\/\/i0.wp.com\/amis-letanglaville.org\/wp-content\/uploads\/2019\/04\/Foret-Ouest.png?resize=300%2C170&amp;ssl=1 300w, https:\/\/i0.wp.com\/amis-letanglaville.org\/wp-content\/uploads\/2019\/04\/Foret-Ouest.png?resize=768%2C435&amp;ssl=1 768w, https:\/\/i0.wp.com\/amis-letanglaville.org\/wp-content\/uploads\/2019\/04\/Foret-Ouest.png?resize=1024%2C579&amp;ssl=1 1024w, https:\/\/i0.wp.com\/amis-letanglaville.org\/wp-content\/uploads\/2019\/04\/Foret-Ouest.png?w=2280&amp;ssl=1 2280w\" sizes=\"(max-width: 1024px) 100vw, 1024px\" \/>\t\t\t\t\t\t\t\t\t\t\t\t\t\t\t<\/div>\n\t\t\t\t<\/div>\n\t\t\t\t\t<\/div>\n\t\t<\/div>\n\t\t\t\t<div class=\"elementor-column elementor-col-33 elementor-top-column elementor-element elementor-element-47b471f\" data-id=\"47b471f\" data-element_type=\"column\" data-e-type=\"column\">\n\t\t\t<div class=\"elementor-widget-wrap elementor-element-populated\">\n\t\t\t\t\t\t<div class=\"elementor-element elementor-element-a71a79b elementor-widget elementor-widget-text-editor\" data-id=\"a71a79b\" data-element_type=\"widget\" data-e-type=\"widget\" data-widget_type=\"text-editor.default\">\n\t\t\t\t<div class=\"elementor-widget-container\">\n\t\t\t\t\t\t\t\t\t<p><strong>La partie Ouest de la for\u00eat de Marly :<\/strong><\/p><p><strong>2 ch\u00eanes, <\/strong><\/p><p><strong>1 ch\u00e2taignier<\/strong><\/p>\t\t\t\t\t\t\t\t<\/div>\n\t\t\t\t<\/div>\n\t\t\t\t\t<\/div>\n\t\t<\/div>\n\t\t\t\t\t<\/div>\n\t\t<\/section>\n\t\t\t\t<section class=\"elementor-section elementor-top-section elementor-element elementor-element-ab0acdd elementor-section-stretched elementor-section-height-min-height elementor-section-boxed elementor-section-height-default elementor-section-items-middle\" data-id=\"ab0acdd\" data-element_type=\"section\" data-e-type=\"section\" data-settings=\"{&quot;stretch_section&quot;:&quot;section-stretched&quot;}\">\n\t\t\t\t\t\t<div class=\"elementor-container elementor-column-gap-default\">\n\t\t\t\t\t<div class=\"elementor-column elementor-col-66 elementor-top-column elementor-element elementor-element-b28d6c4\" data-id=\"b28d6c4\" data-element_type=\"column\" data-e-type=\"column\">\n\t\t\t<div class=\"elementor-widget-wrap elementor-element-populated\">\n\t\t\t\t\t\t<div class=\"elementor-element elementor-element-80ea512 elementor-widget elementor-widget-image\" data-id=\"80ea512\" data-element_type=\"widget\" data-e-type=\"widget\" data-widget_type=\"image.default\">\n\t\t\t\t<div class=\"elementor-widget-container\">\n\t\t\t\t\t\t\t\t\t\t\t\t\t\t\t<img loading=\"lazy\" decoding=\"async\" width=\"1024\" height=\"663\" src=\"https:\/\/i0.wp.com\/amis-letanglaville.org\/wp-content\/uploads\/2019\/04\/Foret-Sud.png?fit=1024%2C663&amp;ssl=1\" class=\"attachment-large size-large wp-image-833\" alt=\"\" srcset=\"https:\/\/i0.wp.com\/amis-letanglaville.org\/wp-content\/uploads\/2019\/04\/Foret-Sud.png?w=2544&amp;ssl=1 2544w, https:\/\/i0.wp.com\/amis-letanglaville.org\/wp-content\/uploads\/2019\/04\/Foret-Sud.png?resize=300%2C194&amp;ssl=1 300w, https:\/\/i0.wp.com\/amis-letanglaville.org\/wp-content\/uploads\/2019\/04\/Foret-Sud.png?resize=768%2C498&amp;ssl=1 768w, https:\/\/i0.wp.com\/amis-letanglaville.org\/wp-content\/uploads\/2019\/04\/Foret-Sud.png?resize=1024%2C663&amp;ssl=1 1024w, https:\/\/i0.wp.com\/amis-letanglaville.org\/wp-content\/uploads\/2019\/04\/Foret-Sud.png?w=2280&amp;ssl=1 2280w\" sizes=\"(max-width: 1024px) 100vw, 1024px\" \/>\t\t\t\t\t\t\t\t\t\t\t\t\t\t\t<\/div>\n\t\t\t\t<\/div>\n\t\t\t\t\t<\/div>\n\t\t<\/div>\n\t\t\t\t<div class=\"elementor-column elementor-col-33 elementor-top-column elementor-element elementor-element-d48a056\" data-id=\"d48a056\" data-element_type=\"column\" data-e-type=\"column\">\n\t\t\t<div class=\"elementor-widget-wrap elementor-element-populated\">\n\t\t\t\t\t\t<div class=\"elementor-element elementor-element-e4096a5 elementor-widget elementor-widget-text-editor\" data-id=\"e4096a5\" data-element_type=\"widget\" data-e-type=\"widget\" data-widget_type=\"text-editor.default\">\n\t\t\t\t<div class=\"elementor-widget-container\">\n\t\t\t\t\t\t\t\t\t<p><strong>La partie de la for\u00eat de Marly au Sud de l&rsquo;Etang la ville :\u00a0<\/strong><\/p><p><strong>3 ch\u00eanes, <\/strong><\/p><p><strong>1 h\u00eatre, <\/strong><\/p><p><strong>1 ch\u00e2taigneraie<\/strong><\/p>\t\t\t\t\t\t\t\t<\/div>\n\t\t\t\t<\/div>\n\t\t\t\t\t<\/div>\n\t\t<\/div>\n\t\t\t\t\t<\/div>\n\t\t<\/section>\n\t\t\t\t<section class=\"elementor-section elementor-top-section elementor-element elementor-element-5b29028 elementor-section-stretched elementor-section-boxed elementor-section-height-default elementor-section-height-default\" data-id=\"5b29028\" data-element_type=\"section\" data-e-type=\"section\" data-settings=\"{&quot;stretch_section&quot;:&quot;section-stretched&quot;}\">\n\t\t\t\t\t\t<div class=\"elementor-container elementor-column-gap-default\">\n\t\t\t\t\t<div class=\"elementor-column elementor-col-100 elementor-top-column elementor-element elementor-element-3d49f0f\" data-id=\"3d49f0f\" data-element_type=\"column\" data-e-type=\"column\">\n\t\t\t<div class=\"elementor-widget-wrap elementor-element-populated\">\n\t\t\t\t\t\t<div class=\"elementor-element elementor-element-9efb95c elementor-widget-tablet__width-initial elementor-widget elementor-widget-text-editor\" data-id=\"9efb95c\" data-element_type=\"widget\" data-e-type=\"widget\" data-widget_type=\"text-editor.default\">\n\t\t\t\t<div class=\"elementor-widget-container\">\n\t\t\t\t\t\t\t\t\t<p><strong>Publication int\u00e9ressante<\/strong><\/p>\t\t\t\t\t\t\t\t<\/div>\n\t\t\t\t<\/div>\n\t\t\t\t\t<\/div>\n\t\t<\/div>\n\t\t\t\t\t<\/div>\n\t\t<\/section>\n\t\t\t\t<section class=\"elementor-section elementor-top-section elementor-element elementor-element-84a5976 elementor-section-stretched elementor-section-boxed elementor-section-height-default elementor-section-height-default\" data-id=\"84a5976\" data-element_type=\"section\" data-e-type=\"section\" data-settings=\"{&quot;stretch_section&quot;:&quot;section-stretched&quot;}\">\n\t\t\t\t\t\t<div class=\"elementor-container elementor-column-gap-default\">\n\t\t\t\t\t<div class=\"elementor-column elementor-col-33 elementor-top-column elementor-element elementor-element-abee7ed\" data-id=\"abee7ed\" data-element_type=\"column\" data-e-type=\"column\">\n\t\t\t<div class=\"elementor-widget-wrap elementor-element-populated\">\n\t\t\t\t\t\t<div class=\"elementor-element elementor-element-fdc9ac5 elementor-widget elementor-widget-image\" data-id=\"fdc9ac5\" data-element_type=\"widget\" data-e-type=\"widget\" data-widget_type=\"image.default\">\n\t\t\t\t<div class=\"elementor-widget-container\">\n\t\t\t\t\t\t\t\t\t\t\t\t\t\t\t<img loading=\"lazy\" decoding=\"async\" width=\"745\" height=\"1024\" src=\"https:\/\/i0.wp.com\/amis-letanglaville.org\/wp-content\/uploads\/2019\/06\/Books-N99.jpg?fit=745%2C1024&amp;ssl=1\" class=\"attachment-large size-large wp-image-1870\" alt=\"\" srcset=\"https:\/\/i0.wp.com\/amis-letanglaville.org\/wp-content\/uploads\/2019\/06\/Books-N99.jpg?w=2914&amp;ssl=1 2914w, https:\/\/i0.wp.com\/amis-letanglaville.org\/wp-content\/uploads\/2019\/06\/Books-N99.jpg?resize=218%2C300&amp;ssl=1 218w, https:\/\/i0.wp.com\/amis-letanglaville.org\/wp-content\/uploads\/2019\/06\/Books-N99.jpg?resize=768%2C1056&amp;ssl=1 768w, https:\/\/i0.wp.com\/amis-letanglaville.org\/wp-content\/uploads\/2019\/06\/Books-N99.jpg?resize=745%2C1024&amp;ssl=1 745w, https:\/\/i0.wp.com\/amis-letanglaville.org\/wp-content\/uploads\/2019\/06\/Books-N99.jpg?w=2280&amp;ssl=1 2280w\" sizes=\"(max-width: 745px) 100vw, 745px\" \/>\t\t\t\t\t\t\t\t\t\t\t\t\t\t\t<\/div>\n\t\t\t\t<\/div>\n\t\t\t\t\t<\/div>\n\t\t<\/div>\n\t\t\t\t<div class=\"elementor-column elementor-col-66 elementor-top-column elementor-element elementor-element-0fc239b\" data-id=\"0fc239b\" data-element_type=\"column\" data-e-type=\"column\">\n\t\t\t<div class=\"elementor-widget-wrap elementor-element-populated\">\n\t\t\t\t\t\t<div class=\"elementor-element elementor-element-9492df5 elementor-widget elementor-widget-text-editor\" data-id=\"9492df5\" data-element_type=\"widget\" data-e-type=\"widget\" data-widget_type=\"text-editor.default\">\n\t\t\t\t<div class=\"elementor-widget-container\">\n\t\t\t\t\t\t\t\t\t<p>Pour ceux qui s&rsquo;int\u00e9ressent au sujet, Books vient de sortir un num\u00e9ro sp\u00e9cial sur la For\u00eat<\/p><p>N\u00b099 Juillet-Ao\u00fbt 2019<\/p>\t\t\t\t\t\t\t\t<\/div>\n\t\t\t\t<\/div>\n\t\t\t\t\t<\/div>\n\t\t<\/div>\n\t\t\t\t\t<\/div>\n\t\t<\/section>\n\t\t\t\t<section class=\"elementor-section elementor-top-section elementor-element elementor-element-9795131 elementor-section-full_width elementor-section-stretched elementor-section-height-default elementor-section-height-default\" data-id=\"9795131\" data-element_type=\"section\" data-e-type=\"section\" data-settings=\"{&quot;stretch_section&quot;:&quot;section-stretched&quot;}\">\n\t\t\t\t\t\t<div class=\"elementor-container elementor-column-gap-default\">\n\t\t\t\t\t<div class=\"elementor-column elementor-col-100 elementor-top-column elementor-element elementor-element-76c7fc9\" data-id=\"76c7fc9\" data-element_type=\"column\" data-e-type=\"column\">\n\t\t\t<div class=\"elementor-widget-wrap elementor-element-populated\">\n\t\t\t\t\t\t<div class=\"elementor-element elementor-element-a25ea04 elementor-widget elementor-widget-text-editor\" data-id=\"a25ea04\" data-element_type=\"widget\" data-e-type=\"widget\" data-widget_type=\"text-editor.default\">\n\t\t\t\t<div class=\"elementor-widget-container\">\n\t\t\t\t\t\t\t\t\t<p><strong>DOCUMENT \u00a0 INTERESSANT \u00a0DE \u00a0L&rsquo;<\/strong><strong>ONF<\/strong><\/p>\n<p>Comit\u00e9 de la for\u00eat de MARLY 2021-01_07<\/p>\n<p>\u00a0<\/p>\n<p>Cliquer sur l&rsquo;image ci-dessous pour lire le document<\/p>\t\t\t\t\t\t\t\t<\/div>\n\t\t\t\t<\/div>\n\t\t\t\t\t<\/div>\n\t\t<\/div>\n\t\t\t\t\t<\/div>\n\t\t<\/section>\n\t\t\t\t<section class=\"elementor-section elementor-top-section elementor-element elementor-element-d18f2c0 elementor-section-stretched elementor-section-full_width elementor-section-height-default elementor-section-height-default\" data-id=\"d18f2c0\" data-element_type=\"section\" data-e-type=\"section\" data-settings=\"{&quot;stretch_section&quot;:&quot;section-stretched&quot;}\">\n\t\t\t\t\t\t<div class=\"elementor-container elementor-column-gap-default\">\n\t\t\t\t\t<div class=\"elementor-column elementor-col-100 elementor-top-column elementor-element elementor-element-af2b403\" data-id=\"af2b403\" data-element_type=\"column\" data-e-type=\"column\">\n\t\t\t<div class=\"elementor-widget-wrap elementor-element-populated\">\n\t\t\t\t\t\t<div class=\"elementor-element elementor-element-927e3f2 elementor-widget elementor-widget-image\" data-id=\"927e3f2\" data-element_type=\"widget\" data-e-type=\"widget\" data-widget_type=\"image.default\">\n\t\t\t\t<div class=\"elementor-widget-container\">\n\t\t\t\t\t\t\t\t\t\t\t\t\t\t\t\t<a href=\"\/wp-content\/uploads\/2021\/01\/Comite-de-foret-de-MARLY-7-janvier-2021_Optim.pdf\" target=\"_blank\">\n\t\t\t\t\t\t\t<img loading=\"lazy\" decoding=\"async\" width=\"1024\" height=\"391\" src=\"https:\/\/i0.wp.com\/amis-letanglaville.org\/wp-content\/uploads\/2021\/04\/ONF-Janv-2021.png?fit=1024%2C391&amp;ssl=1\" class=\"attachment-large size-large wp-image-2435\" alt=\"\" srcset=\"https:\/\/i0.wp.com\/amis-letanglaville.org\/wp-content\/uploads\/2021\/04\/ONF-Janv-2021.png?w=1336&amp;ssl=1 1336w, https:\/\/i0.wp.com\/amis-letanglaville.org\/wp-content\/uploads\/2021\/04\/ONF-Janv-2021.png?resize=300%2C115&amp;ssl=1 300w, https:\/\/i0.wp.com\/amis-letanglaville.org\/wp-content\/uploads\/2021\/04\/ONF-Janv-2021.png?resize=1024%2C391&amp;ssl=1 1024w, https:\/\/i0.wp.com\/amis-letanglaville.org\/wp-content\/uploads\/2021\/04\/ONF-Janv-2021.png?resize=768%2C293&amp;ssl=1 768w, https:\/\/i0.wp.com\/amis-letanglaville.org\/wp-content\/uploads\/2021\/04\/ONF-Janv-2021.png?resize=228%2C87&amp;ssl=1 228w\" sizes=\"(max-width: 1024px) 100vw, 1024px\" \/>\t\t\t\t\t\t\t\t<\/a>\n\t\t\t\t\t\t\t\t\t\t\t\t\t\t\t<\/div>\n\t\t\t\t<\/div>\n\t\t\t\t\t<\/div>\n\t\t<\/div>\n\t\t\t\t\t<\/div>\n\t\t<\/section>\n\t\t\t\t<section class=\"elementor-section elementor-top-section elementor-element elementor-element-83ff548 elementor-section-stretched elementor-section-height-min-height elementor-section-boxed elementor-section-height-default elementor-section-items-middle\" data-id=\"83ff548\" data-element_type=\"section\" data-e-type=\"section\" data-settings=\"{&quot;stretch_section&quot;:&quot;section-stretched&quot;}\">\n\t\t\t\t\t\t<div class=\"elementor-container elementor-column-gap-default\">\n\t\t\t\t\t<div class=\"elementor-column elementor-col-100 elementor-top-column elementor-element elementor-element-c84d861\" data-id=\"c84d861\" data-element_type=\"column\" data-e-type=\"column\">\n\t\t\t<div class=\"elementor-widget-wrap elementor-element-populated\">\n\t\t\t\t\t\t<div class=\"elementor-element elementor-element-a13fb9d elementor-widget elementor-widget-text-editor\" data-id=\"a13fb9d\" data-element_type=\"widget\" data-e-type=\"widget\" data-widget_type=\"text-editor.default\">\n\t\t\t\t<div class=\"elementor-widget-container\">\n\t\t\t\t\t\t\t\t\t<p><strong>Ponceau de la For\u00eat de Marly<\/strong><\/p>\t\t\t\t\t\t\t\t<\/div>\n\t\t\t\t<\/div>\n\t\t\t\t\t<\/div>\n\t\t<\/div>\n\t\t\t\t\t<\/div>\n\t\t<\/section>\n\t\t\t\t<section class=\"elementor-section elementor-top-section elementor-element elementor-element-62c9b31 elementor-section-stretched elementor-section-height-min-height elementor-section-boxed elementor-section-height-default elementor-section-items-middle\" data-id=\"62c9b31\" data-element_type=\"section\" data-e-type=\"section\" data-settings=\"{&quot;stretch_section&quot;:&quot;section-stretched&quot;}\">\n\t\t\t\t\t\t<div class=\"elementor-container elementor-column-gap-default\">\n\t\t\t\t\t<div class=\"elementor-column elementor-col-100 elementor-top-column elementor-element elementor-element-341ab03\" data-id=\"341ab03\" data-element_type=\"column\" data-e-type=\"column\">\n\t\t\t<div class=\"elementor-widget-wrap elementor-element-populated\">\n\t\t\t\t\t\t<div class=\"elementor-element elementor-element-65f1006 elementor-widget elementor-widget-text-editor\" data-id=\"65f1006\" data-element_type=\"widget\" data-e-type=\"widget\" data-widget_type=\"text-editor.default\">\n\t\t\t\t<div class=\"elementor-widget-container\">\n\t\t\t\t\t\t\t\t\t<p><strong>Un ouvrage de g\u00e9nie civil sur la route royale en for\u00eat de Marly.<br \/><\/strong>On appelle ponceau en g\u00e9nie civil un passage vo\u00fbt\u00e9 en ma\u00e7onnerie pour l&rsquo;\u00e9coulement des eaux superficielles. Un tel ouvrage a \u00e9t\u00e9 construit sous la route royale en for\u00eat de Marly. C&rsquo;est une construction de tr\u00e8s bonne qualit\u00e9 qui enjambe un talweg de direction Sud-Nord. Il est remarquable par ses deux arches construites en grand appareil de pierres de taille de dimension assez cons\u00e9quente aux claveaux parfaitement ajust\u00e9s, ce qui lui conf\u00e8re une grande solidit\u00e9 et lui a permis de r\u00e9sister aux dommages du temps.<\/p><p>L&rsquo;ouvrage est en partie envahi par la v\u00e9g\u00e9tation. Les arches sont, semble-t-il, ancr\u00e9es \u00e0 m\u00eame le sol, il n&rsquo;a pas \u00e9t\u00e9, toutefois, possible d&rsquo;effectuer de sondage \u00e0 leur base. La vo\u00fbte est construite en deux temps\u00a0:\u00a0 un soubassement fait en une ma\u00e7onnerie de pierraille tr\u00e8s compacte, vraisemblablement de grande \u00e9paisseur et suivant la pente du terrain. Au-dessus est pos\u00e9e la vo\u00fbte en petits moellons r\u00e9guliers dispos\u00e9s en lits successifs. Cot\u00e9 aval, la sortie du tunnel pr\u00e9sente une forte pente, deux murs dont un de grande hauteur, construits perpendiculairement \u00e9vitent un comblement du talweg lors des fortes pluies d\u2019hiver.<\/p><p>\u00a0La chauss\u00e9e pos\u00e9e juste au-dessus du tunnel, l\u00e9g\u00e8rement bomb\u00e9e (largeur \u00e0 v\u00e9rifier) est compos\u00e9e de pierres de petites tailles dispos\u00e9es de champ, perpendiculairement \u00e0 l\u2019axe de la route.<\/p><p>Si les deux arches sont bien conserv\u00e9es, avec seulement quelques claveaux l\u00e9g\u00e8rement disjoints, la vo\u00fbte en revanche pr\u00e9sente en plusieurs endroits des glissements et des manques de pierres qui n\u00e9cessiteraient une restauration. Nous n\u2019avons pu observer l\u2019\u00e9tat de la vo\u00fbte dans la partie centrale car celle-ci est ferm\u00e9e par deux murs en petits parpaings r\u00e9guliers, celui en amont manque de tomber, il est soutenu par deux madriers. D&rsquo;apr\u00e8s le mat\u00e9riau utilis\u00e9 pour ces deux murs (petits parpaings de pierre), on peut dater ceux-ci de la fin du 19\u00e8me si\u00e8cle d\u00e9but 20\u00e8me.<\/p><p>\u00c9tant donn\u00e9 que ce ponceau est \u00e9troitement associ\u00e9 \u00e0 la route royale qui passe imm\u00e9diatement au-dessus, on peut sans un grand risque d\u2019erreur attribuer sa construction \u00e0 l\u2019am\u00e9nagement des axes principaux de la for\u00eat de Marly effectu\u00e9 au 17\u00e8me si\u00e8cle sous le r\u00e8gne de Louis XIV. La construction des deux arches en grand appareil abonde dans ce sens.<\/p><p>Dans l\u2019ensemble ce monument est parfaitement restaurable et m\u00e9riterait d\u2019\u00eatre mis en valeur.<\/p><p>Contribution de\u00a0<\/p><p>Alain Chambon et \u00a0Bernard Henin<\/p>\t\t\t\t\t\t\t\t<\/div>\n\t\t\t\t<\/div>\n\t\t\t\t\t<\/div>\n\t\t<\/div>\n\t\t\t\t\t<\/div>\n\t\t<\/section>\n\t\t\t\t<section class=\"elementor-section elementor-top-section elementor-element elementor-element-6db8d57 elementor-section-stretched elementor-section-height-min-height elementor-section-boxed elementor-section-height-default elementor-section-items-middle\" data-id=\"6db8d57\" data-element_type=\"section\" data-e-type=\"section\" data-settings=\"{&quot;stretch_section&quot;:&quot;section-stretched&quot;}\">\n\t\t\t\t\t\t<div class=\"elementor-container elementor-column-gap-default\">\n\t\t\t\t\t<div class=\"elementor-column elementor-col-50 elementor-top-column elementor-element elementor-element-d132d5e\" data-id=\"d132d5e\" data-element_type=\"column\" data-e-type=\"column\">\n\t\t\t<div class=\"elementor-widget-wrap elementor-element-populated\">\n\t\t\t\t\t\t<div class=\"elementor-element elementor-element-459a413 elementor-widget elementor-widget-image\" data-id=\"459a413\" data-element_type=\"widget\" data-e-type=\"widget\" data-widget_type=\"image.default\">\n\t\t\t\t<div class=\"elementor-widget-container\">\n\t\t\t\t\t\t\t\t\t\t\t\t<figure class=\"wp-caption\">\n\t\t\t\t\t\t\t\t\t\t<img loading=\"lazy\" decoding=\"async\" width=\"844\" height=\"678\" src=\"https:\/\/i0.wp.com\/amis-letanglaville.org\/wp-content\/uploads\/2019\/05\/Ponceau-1.jpg?fit=844%2C678&amp;ssl=1\" class=\"attachment-large size-large wp-image-883\" alt=\"\" srcset=\"https:\/\/i0.wp.com\/amis-letanglaville.org\/wp-content\/uploads\/2019\/05\/Ponceau-1.jpg?w=844&amp;ssl=1 844w, https:\/\/i0.wp.com\/amis-letanglaville.org\/wp-content\/uploads\/2019\/05\/Ponceau-1.jpg?resize=300%2C241&amp;ssl=1 300w, https:\/\/i0.wp.com\/amis-letanglaville.org\/wp-content\/uploads\/2019\/05\/Ponceau-1.jpg?resize=768%2C617&amp;ssl=1 768w\" sizes=\"(max-width: 844px) 100vw, 844px\" \/>\t\t\t\t\t\t\t\t\t\t\t<figcaption class=\"widget-image-caption wp-caption-text\">L\u2019arche du tunnel cot\u00e9 amont<\/figcaption>\n\t\t\t\t\t\t\t\t\t\t<\/figure>\n\t\t\t\t\t\t\t\t\t<\/div>\n\t\t\t\t<\/div>\n\t\t\t\t\t<\/div>\n\t\t<\/div>\n\t\t\t\t<div class=\"elementor-column elementor-col-50 elementor-top-column elementor-element elementor-element-c1fd64c\" data-id=\"c1fd64c\" data-element_type=\"column\" data-e-type=\"column\">\n\t\t\t<div class=\"elementor-widget-wrap elementor-element-populated\">\n\t\t\t\t\t\t<div class=\"elementor-element elementor-element-79f4a86 elementor-widget elementor-widget-image\" data-id=\"79f4a86\" data-element_type=\"widget\" data-e-type=\"widget\" data-widget_type=\"image.default\">\n\t\t\t\t<div class=\"elementor-widget-container\">\n\t\t\t\t\t\t\t\t\t\t\t\t<figure class=\"wp-caption\">\n\t\t\t\t\t\t\t\t\t\t<img loading=\"lazy\" decoding=\"async\" width=\"905\" height=\"682\" src=\"https:\/\/i0.wp.com\/amis-letanglaville.org\/wp-content\/uploads\/2019\/05\/Ponceau-2.jpg?fit=905%2C682&amp;ssl=1\" class=\"attachment-large size-large wp-image-884\" alt=\"\" srcset=\"https:\/\/i0.wp.com\/amis-letanglaville.org\/wp-content\/uploads\/2019\/05\/Ponceau-2.jpg?w=905&amp;ssl=1 905w, https:\/\/i0.wp.com\/amis-letanglaville.org\/wp-content\/uploads\/2019\/05\/Ponceau-2.jpg?resize=300%2C226&amp;ssl=1 300w, https:\/\/i0.wp.com\/amis-letanglaville.org\/wp-content\/uploads\/2019\/05\/Ponceau-2.jpg?resize=768%2C579&amp;ssl=1 768w\" sizes=\"(max-width: 905px) 100vw, 905px\" \/>\t\t\t\t\t\t\t\t\t\t\t<figcaption class=\"widget-image-caption wp-caption-text\">En partie basse, soubassement en ma\u00e7onnerie de pierraille compacte, au-dessus la voute en petits moellons r\u00e9guliers dispos\u00e9s en lits successifs<\/figcaption>\n\t\t\t\t\t\t\t\t\t\t<\/figure>\n\t\t\t\t\t\t\t\t\t<\/div>\n\t\t\t\t<\/div>\n\t\t\t\t\t<\/div>\n\t\t<\/div>\n\t\t\t\t\t<\/div>\n\t\t<\/section>\n\t\t\t\t<section class=\"elementor-section elementor-top-section elementor-element elementor-element-31e2734 elementor-section-stretched elementor-section-height-min-height elementor-section-boxed elementor-section-height-default elementor-section-items-middle\" data-id=\"31e2734\" data-element_type=\"section\" data-e-type=\"section\" data-settings=\"{&quot;stretch_section&quot;:&quot;section-stretched&quot;}\">\n\t\t\t\t\t\t<div class=\"elementor-container elementor-column-gap-default\">\n\t\t\t\t\t<div class=\"elementor-column elementor-col-50 elementor-top-column elementor-element elementor-element-8572dd7\" data-id=\"8572dd7\" data-element_type=\"column\" data-e-type=\"column\">\n\t\t\t<div class=\"elementor-widget-wrap elementor-element-populated\">\n\t\t\t\t\t\t<div class=\"elementor-element elementor-element-832c533 elementor-widget elementor-widget-image\" data-id=\"832c533\" data-element_type=\"widget\" data-e-type=\"widget\" data-widget_type=\"image.default\">\n\t\t\t\t<div class=\"elementor-widget-container\">\n\t\t\t\t\t\t\t\t\t\t\t\t<figure class=\"wp-caption\">\n\t\t\t\t\t\t\t\t\t\t<img loading=\"lazy\" decoding=\"async\" width=\"953\" height=\"708\" src=\"https:\/\/i0.wp.com\/amis-letanglaville.org\/wp-content\/uploads\/2019\/05\/Ponceau-3.jpg?fit=953%2C708&amp;ssl=1\" class=\"attachment-large size-large wp-image-885\" alt=\"\" srcset=\"https:\/\/i0.wp.com\/amis-letanglaville.org\/wp-content\/uploads\/2019\/05\/Ponceau-3.jpg?w=953&amp;ssl=1 953w, https:\/\/i0.wp.com\/amis-letanglaville.org\/wp-content\/uploads\/2019\/05\/Ponceau-3.jpg?resize=300%2C223&amp;ssl=1 300w, https:\/\/i0.wp.com\/amis-letanglaville.org\/wp-content\/uploads\/2019\/05\/Ponceau-3.jpg?resize=768%2C571&amp;ssl=1 768w\" sizes=\"(max-width: 953px) 100vw, 953px\" \/>\t\t\t\t\t\t\t\t\t\t\t<figcaption class=\"widget-image-caption wp-caption-text\">Cot\u00e9 aval du tunnel avec le haut mur construit perpendiculairement \u00e9vitant un comblement du talweg lors des fortes pluies d\u2019hiver.<\/figcaption>\n\t\t\t\t\t\t\t\t\t\t<\/figure>\n\t\t\t\t\t\t\t\t\t<\/div>\n\t\t\t\t<\/div>\n\t\t\t\t\t<\/div>\n\t\t<\/div>\n\t\t\t\t<div class=\"elementor-column elementor-col-50 elementor-top-column elementor-element elementor-element-3446d12\" data-id=\"3446d12\" data-element_type=\"column\" data-e-type=\"column\">\n\t\t\t<div class=\"elementor-widget-wrap elementor-element-populated\">\n\t\t\t\t\t\t<div class=\"elementor-element elementor-element-ae73c9e elementor-widget elementor-widget-image\" data-id=\"ae73c9e\" data-element_type=\"widget\" data-e-type=\"widget\" data-widget_type=\"image.default\">\n\t\t\t\t<div class=\"elementor-widget-container\">\n\t\t\t\t\t\t\t\t\t\t\t\t<figure class=\"wp-caption\">\n\t\t\t\t\t\t\t\t\t\t<img loading=\"lazy\" decoding=\"async\" width=\"597\" height=\"720\" src=\"https:\/\/i0.wp.com\/amis-letanglaville.org\/wp-content\/uploads\/2019\/05\/Ponceau-4.jpg?fit=597%2C720&amp;ssl=1\" class=\"attachment-large size-large wp-image-886\" alt=\"\" srcset=\"https:\/\/i0.wp.com\/amis-letanglaville.org\/wp-content\/uploads\/2019\/05\/Ponceau-4.jpg?w=597&amp;ssl=1 597w, https:\/\/i0.wp.com\/amis-letanglaville.org\/wp-content\/uploads\/2019\/05\/Ponceau-4.jpg?resize=249%2C300&amp;ssl=1 249w\" sizes=\"(max-width: 597px) 100vw, 597px\" \/>\t\t\t\t\t\t\t\t\t\t\t<figcaption class=\"widget-image-caption wp-caption-text\">La chauss\u00e9e l\u00e9g\u00e8rement bomb\u00e9e, en pierres dispos\u00e9es de champ.<\/figcaption>\n\t\t\t\t\t\t\t\t\t\t<\/figure>\n\t\t\t\t\t\t\t\t\t<\/div>\n\t\t\t\t<\/div>\n\t\t\t\t\t<\/div>\n\t\t<\/div>\n\t\t\t\t\t<\/div>\n\t\t<\/section>\n\t\t\t\t<section class=\"elementor-section elementor-top-section elementor-element elementor-element-c009661 elementor-section-stretched elementor-section-boxed elementor-section-height-default elementor-section-height-default\" data-id=\"c009661\" data-element_type=\"section\" data-e-type=\"section\" data-settings=\"{&quot;stretch_section&quot;:&quot;section-stretched&quot;}\">\n\t\t\t\t\t\t<div class=\"elementor-container elementor-column-gap-default\">\n\t\t\t\t\t<div class=\"elementor-column elementor-col-100 elementor-top-column elementor-element elementor-element-3ba06d6\" data-id=\"3ba06d6\" data-element_type=\"column\" data-e-type=\"column\">\n\t\t\t<div class=\"elementor-widget-wrap elementor-element-populated\">\n\t\t\t\t\t\t<div class=\"elementor-element elementor-element-276a7ab elementor-widget elementor-widget-image\" data-id=\"276a7ab\" data-element_type=\"widget\" data-e-type=\"widget\" data-widget_type=\"image.default\">\n\t\t\t\t<div class=\"elementor-widget-container\">\n\t\t\t\t\t\t\t\t\t\t\t\t<figure class=\"wp-caption\">\n\t\t\t\t\t\t\t\t\t\t<img loading=\"lazy\" decoding=\"async\" width=\"1024\" height=\"689\" src=\"https:\/\/i0.wp.com\/amis-letanglaville.org\/wp-content\/uploads\/2019\/05\/Ponceau-map.jpg?fit=1024%2C689&amp;ssl=1\" class=\"attachment-large size-large wp-image-887\" alt=\"\" srcset=\"https:\/\/i0.wp.com\/amis-letanglaville.org\/wp-content\/uploads\/2019\/05\/Ponceau-map.jpg?w=1808&amp;ssl=1 1808w, https:\/\/i0.wp.com\/amis-letanglaville.org\/wp-content\/uploads\/2019\/05\/Ponceau-map.jpg?resize=300%2C202&amp;ssl=1 300w, https:\/\/i0.wp.com\/amis-letanglaville.org\/wp-content\/uploads\/2019\/05\/Ponceau-map.jpg?resize=768%2C517&amp;ssl=1 768w, https:\/\/i0.wp.com\/amis-letanglaville.org\/wp-content\/uploads\/2019\/05\/Ponceau-map.jpg?resize=1024%2C689&amp;ssl=1 1024w\" sizes=\"(max-width: 1024px) 100vw, 1024px\" \/>\t\t\t\t\t\t\t\t\t\t\t<figcaption class=\"widget-image-caption wp-caption-text\">Cartographie Bernard Henin<\/figcaption>\n\t\t\t\t\t\t\t\t\t\t<\/figure>\n\t\t\t\t\t\t\t\t\t<\/div>\n\t\t\t\t<\/div>\n\t\t\t\t\t<\/div>\n\t\t<\/div>\n\t\t\t\t\t<\/div>\n\t\t<\/section>\n\t\t\t\t<\/div>\n\t\t","protected":false},"excerpt":{"rendered":"<p>La for\u00eat de Marly qui ceinture notre Village en est un des principaux attraits. Les Amis de l&rsquo;Etang ont toujours &hellip; <a href=\"https:\/\/amis-letanglaville.org\/?page_id=817\" class=\"more-link\">Continue reading <span class=\"screen-reader-text\">La For\u00eat et Les Arbres en ville<\/span><\/a><\/p>\n","protected":false},"author":1,"featured_media":0,"parent":0,"menu_order":0,"comment_status":"closed","ping_status":"closed","template":"","meta":{"ngg_post_thumbnail":0,"jetpack_post_was_ever_published":false,"footnotes":""},"class_list":["post-817","page","type-page","status-publish","hentry"],"jetpack_sharing_enabled":true,"jetpack_shortlink":"https:\/\/wp.me\/PaCZch-db","jetpack-related-posts":[{"id":260,"url":"https:\/\/amis-letanglaville.org\/?page_id=260","url_meta":{"origin":817,"position":0},"title":"Documentation","author":"admin7235","date":"6 d\u00e9cembre 2018","format":false,"excerpt":"DOCUMENTATION LES BULLETINS CARTES POSTALES HISTORIQUES COLLECTIONS LES PRODUITS LIENS EXTERNES LES AMIS DE LA FORET DE ST GERMAIN LA COMMUNAUTE D'AGGLOMERATION LA MAIRIE DE L'ETANG LA VILLE LE CANARD DE L'ETANG ONF FORET DE MARLY WWW.ARBRES.ORG CADEB JADE","rel":"","context":"Article similaire","block_context":{"text":"Article similaire","link":""},"img":{"alt_text":"","src":"","width":0,"height":0},"classes":[]},{"id":161,"url":"https:\/\/amis-letanglaville.org\/?page_id=161","url_meta":{"origin":817,"position":1},"title":"Notre Village","author":"admin7235","date":"28 novembre 2018","format":false,"excerpt":"L'\u00c9tang-la-Ville L'\u00c9tang-la-Ville est une commune d'un peu plus de 5.000 habitants situ\u00e9e dans le d\u00e9partement des Yvelines (Ile de France). Situ\u00e9e au coeur de la for\u00eat domaniale de Marly, \u00e0 cinq kilom\u00e8tres au sud-ouest de Saint Germain en Laye. Versailles est \u00e0 une dizaine de kilom\u00e8tres \u00e0 vol d'oiseau. La\u2026","rel":"","context":"Article similaire","block_context":{"text":"Article similaire","link":""},"img":{"alt_text":"","src":"https:\/\/i0.wp.com\/amis-letanglaville.org\/wp-content\/uploads\/2023\/05\/Ages-ELV.webp?resize=350%2C200&ssl=1","width":350,"height":200,"srcset":"https:\/\/i0.wp.com\/amis-letanglaville.org\/wp-content\/uploads\/2023\/05\/Ages-ELV.webp?resize=350%2C200&ssl=1 1x, https:\/\/i0.wp.com\/amis-letanglaville.org\/wp-content\/uploads\/2023\/05\/Ages-ELV.webp?resize=525%2C300&ssl=1 1.5x, https:\/\/i0.wp.com\/amis-letanglaville.org\/wp-content\/uploads\/2023\/05\/Ages-ELV.webp?resize=700%2C400&ssl=1 2x"},"classes":[]},{"id":2542,"url":"https:\/\/amis-letanglaville.org\/?page_id=2542","url_meta":{"origin":817,"position":2},"title":"Les arbres dans la ville","author":"admin7235","date":"14 d\u00e9cembre 2021","format":false,"excerpt":"DU BON USAGE DES ARBRES L\u2019Etang la Ville est un \u201cvillage-for\u00eat\u201d remarquable par le nombre et l'\u00e2ge de ses nombreux arbres. Les Amis de l\u2019Etang ont d\u00e9sormais un nouveau projet avec pour cible la pr\u00e9servation des grands arbres et des espaces bois\u00e9s sur l'\u00c9tang-La-Ville des \u00e9lagages et abattages sauvages. L'objectif\u2026","rel":"","context":"Article similaire","block_context":{"text":"Article similaire","link":""},"img":{"alt_text":"","src":"https:\/\/i0.wp.com\/amis-letanglaville.org\/wp-content\/uploads\/2021\/12\/Conifere.png?resize=350%2C200&ssl=1","width":350,"height":200,"srcset":"https:\/\/i0.wp.com\/amis-letanglaville.org\/wp-content\/uploads\/2021\/12\/Conifere.png?resize=350%2C200&ssl=1 1x, https:\/\/i0.wp.com\/amis-letanglaville.org\/wp-content\/uploads\/2021\/12\/Conifere.png?resize=525%2C300&ssl=1 1.5x"},"classes":[]},{"id":3496,"url":"https:\/\/amis-letanglaville.org\/?page_id=3496","url_meta":{"origin":817,"position":3},"title":"ARCHIVES 2023","author":"admin7235","date":"22 f\u00e9vrier 2024","format":false,"excerpt":"CommunicationBulletins : 2 bulletins (131 et 132) ont \u00e9t\u00e9 publi\u00e9s.Mails de la vice-pr\u00e9sidente qui vous tient au courant de multiples activit\u00e9sManifestations culturellesAu mois de juin les artistes de l'Etang la Ville ont ouvert leurs porte.En novembre ont eu lieu :- Le 53\u00e8me Salon des Arts- Le 12\u00e8me Salon des Cr\u00e9ateursAutres\u2026","rel":"","context":"Article similaire","block_context":{"text":"Article similaire","link":""},"img":{"alt_text":"","src":"https:\/\/i0.wp.com\/amis-letanglaville.org\/wp-content\/uploads\/2024\/02\/Archive-205x300.webp?resize=350%2C200&ssl=1","width":350,"height":200},"classes":[]},{"id":3328,"url":"https:\/\/amis-letanglaville.org\/?page_id=3328","url_meta":{"origin":817,"position":4},"title":"ACTIVITES","author":"admin7235","date":"10 septembre 2023","format":false,"excerpt":"DEFENSE DE L'ENVIRONNEMENTDepuis sa cr\u00e9ation en juillet 1960, l'Association a consacr\u00e9 son \u00e9nergie et ses ressources \u00e0 prot\u00e9ger le cadre de vie, l'environnement et le patrimoine de l'Etang la Ville. Le premier combat fut la d\u00e9fense du Ch\u00e2teau contre l'avidit\u00e9 du promoteur de la r\u00e9sidence du Parc qui voulait le\u2026","rel":"","context":"Article similaire","block_context":{"text":"Article similaire","link":""},"img":{"alt_text":"","src":"","width":0,"height":0},"classes":[]},{"id":1827,"url":"https:\/\/amis-letanglaville.org\/?page_id=1827","url_meta":{"origin":817,"position":5},"title":"Archives","author":"admin7235","date":"24 juin 2019","format":false,"excerpt":"Les archives des Amis de l\u2019Etang remontent \u00e0 1960.\u2008Il y en a trop pour le site. Aussi avons-nous choisi de limiter le contenu aux derni\u00e8res ann\u00e9es. N\u00e9anmoins, il est int\u00e9ressant de constater que certains probl\u00e8mes ont des occurences anciennes.\u2008Par exemple l\u2019article suivant paru dans le Figaro du 16 octobre 1962\u2026","rel":"","context":"Article similaire","block_context":{"text":"Article similaire","link":""},"img":{"alt_text":"","src":"https:\/\/i0.wp.com\/amis-letanglaville.org\/wp-content\/uploads\/2023\/04\/Foret-de-Marly-1962-906x1024.webp?resize=350%2C200&ssl=1","width":350,"height":200,"srcset":"https:\/\/i0.wp.com\/amis-letanglaville.org\/wp-content\/uploads\/2023\/04\/Foret-de-Marly-1962-906x1024.webp?resize=350%2C200&ssl=1 1x, https:\/\/i0.wp.com\/amis-letanglaville.org\/wp-content\/uploads\/2023\/04\/Foret-de-Marly-1962-906x1024.webp?resize=525%2C300&ssl=1 1.5x, https:\/\/i0.wp.com\/amis-letanglaville.org\/wp-content\/uploads\/2023\/04\/Foret-de-Marly-1962-906x1024.webp?resize=700%2C400&ssl=1 2x"},"classes":[]}],"_links":{"self":[{"href":"https:\/\/amis-letanglaville.org\/index.php?rest_route=\/wp\/v2\/pages\/817","targetHints":{"allow":["GET"]}}],"collection":[{"href":"https:\/\/amis-letanglaville.org\/index.php?rest_route=\/wp\/v2\/pages"}],"about":[{"href":"https:\/\/amis-letanglaville.org\/index.php?rest_route=\/wp\/v2\/types\/page"}],"author":[{"embeddable":true,"href":"https:\/\/amis-letanglaville.org\/index.php?rest_route=\/wp\/v2\/users\/1"}],"replies":[{"embeddable":true,"href":"https:\/\/amis-letanglaville.org\/index.php?rest_route=%2Fwp%2Fv2%2Fcomments&post=817"}],"version-history":[{"count":3,"href":"https:\/\/amis-letanglaville.org\/index.php?rest_route=\/wp\/v2\/pages\/817\/revisions"}],"predecessor-version":[{"id":3943,"href":"https:\/\/amis-letanglaville.org\/index.php?rest_route=\/wp\/v2\/pages\/817\/revisions\/3943"}],"wp:attachment":[{"href":"https:\/\/amis-letanglaville.org\/index.php?rest_route=%2Fwp%2Fv2%2Fmedia&parent=817"}],"curies":[{"name":"wp","href":"https:\/\/api.w.org\/{rel}","templated":true}]}}