{"id":3328,"date":"2023-09-10T16:42:43","date_gmt":"2023-09-10T14:42:43","guid":{"rendered":"https:\/\/amis-letanglaville.org\/?page_id=3328"},"modified":"2026-03-12T22:48:21","modified_gmt":"2026-03-12T21:48:21","slug":"activites","status":"publish","type":"page","link":"https:\/\/amis-letanglaville.org\/?page_id=3328","title":{"rendered":"ACTIVITES"},"content":{"rendered":"\t\t<div data-elementor-type=\"wp-page\" data-elementor-id=\"3328\" class=\"elementor elementor-3328\" data-elementor-post-type=\"page\">\n\t\t\t\t\t\t<section class=\"elementor-section elementor-top-section elementor-element elementor-element-3fd64e3 elementor-section-stretched elementor-section-boxed elementor-section-height-default elementor-section-height-default\" data-id=\"3fd64e3\" data-element_type=\"section\" data-e-type=\"section\" data-settings=\"{&quot;stretch_section&quot;:&quot;section-stretched&quot;}\">\n\t\t\t\t\t\t<div class=\"elementor-container elementor-column-gap-default\">\n\t\t\t\t\t<div class=\"elementor-column elementor-col-100 elementor-top-column elementor-element elementor-element-fc3c535\" data-id=\"fc3c535\" data-element_type=\"column\" data-e-type=\"column\">\n\t\t\t<div class=\"elementor-widget-wrap elementor-element-populated\">\n\t\t\t\t\t\t<div class=\"elementor-element elementor-element-3cfaaae elementor-widget elementor-widget-text-editor\" data-id=\"3cfaaae\" data-element_type=\"widget\" data-e-type=\"widget\" data-widget_type=\"text-editor.default\">\n\t\t\t\t<div class=\"elementor-widget-container\">\n\t\t\t\t\t\t\t\t\t<p><strong>DEFENSE DE L&rsquo;ENVIRONNEMENT<\/strong><\/p>\t\t\t\t\t\t\t\t<\/div>\n\t\t\t\t<\/div>\n\t\t\t\t\t<\/div>\n\t\t<\/div>\n\t\t\t\t\t<\/div>\n\t\t<\/section>\n\t\t\t\t<section class=\"elementor-section elementor-top-section elementor-element elementor-element-e95a18e elementor-section-stretched elementor-section-boxed elementor-section-height-default elementor-section-height-default\" data-id=\"e95a18e\" data-element_type=\"section\" data-e-type=\"section\" data-settings=\"{&quot;stretch_section&quot;:&quot;section-stretched&quot;}\">\n\t\t\t\t\t\t<div class=\"elementor-container elementor-column-gap-default\">\n\t\t\t\t\t<div class=\"elementor-column elementor-col-100 elementor-top-column elementor-element elementor-element-cfc58e8\" data-id=\"cfc58e8\" data-element_type=\"column\" data-e-type=\"column\">\n\t\t\t<div class=\"elementor-widget-wrap elementor-element-populated\">\n\t\t\t\t\t\t<div class=\"elementor-element elementor-element-43e3a57 elementor-widget elementor-widget-text-editor\" data-id=\"43e3a57\" data-element_type=\"widget\" data-e-type=\"widget\" data-widget_type=\"text-editor.default\">\n\t\t\t\t<div class=\"elementor-widget-container\">\n\t\t\t\t\t\t\t\t\t<p>Depuis sa cr\u00e9ation en juillet 1960, l&rsquo;Association a consacr\u00e9 son \u00e9nergie et ses ressources \u00e0 prot\u00e9ger le cadre de vie, l&rsquo;environnement et le patrimoine de l&rsquo;Etang la Ville.<\/p>\n<p>Le premier combat fut la d\u00e9fense du Ch\u00e2teau contre l&rsquo;avidit\u00e9 du promoteur de la r\u00e9sidence du Parc qui voulait le d\u00e9truire pour construire une barre suppl\u00e9mentaire.<\/p>\t\t\t\t\t\t\t\t<\/div>\n\t\t\t\t<\/div>\n\t\t\t\t\t<\/div>\n\t\t<\/div>\n\t\t\t\t\t<\/div>\n\t\t<\/section>\n\t\t\t\t<section class=\"elementor-section elementor-top-section elementor-element elementor-element-79551fd elementor-section-stretched elementor-section-boxed elementor-section-height-default elementor-section-height-default\" data-id=\"79551fd\" data-element_type=\"section\" data-e-type=\"section\" data-settings=\"{&quot;stretch_section&quot;:&quot;section-stretched&quot;}\">\n\t\t\t\t\t\t<div class=\"elementor-container elementor-column-gap-default\">\n\t\t\t\t\t<div class=\"elementor-column elementor-col-100 elementor-top-column elementor-element elementor-element-a16b8de\" data-id=\"a16b8de\" data-element_type=\"column\" data-e-type=\"column\">\n\t\t\t<div class=\"elementor-widget-wrap elementor-element-populated\">\n\t\t\t\t\t\t<div class=\"elementor-element elementor-element-f67de58 elementor-widget elementor-widget-text-editor\" data-id=\"f67de58\" data-element_type=\"widget\" data-e-type=\"widget\" data-widget_type=\"text-editor.default\">\n\t\t\t\t<div class=\"elementor-widget-container\">\n\t\t\t\t\t\t\t\t\t<p><strong>LES BULLETINS\u00a0<\/strong><\/p>\t\t\t\t\t\t\t\t<\/div>\n\t\t\t\t<\/div>\n\t\t\t\t\t<\/div>\n\t\t<\/div>\n\t\t\t\t\t<\/div>\n\t\t<\/section>\n\t\t\t\t<section class=\"elementor-section elementor-top-section elementor-element elementor-element-69b7a38 elementor-section-stretched elementor-section-boxed elementor-section-height-default elementor-section-height-default\" data-id=\"69b7a38\" data-element_type=\"section\" data-e-type=\"section\" data-settings=\"{&quot;stretch_section&quot;:&quot;section-stretched&quot;}\">\n\t\t\t\t\t\t<div class=\"elementor-container elementor-column-gap-default\">\n\t\t\t\t\t<div class=\"elementor-column elementor-col-100 elementor-top-column elementor-element elementor-element-2df83f3\" data-id=\"2df83f3\" data-element_type=\"column\" data-e-type=\"column\">\n\t\t\t<div class=\"elementor-widget-wrap elementor-element-populated\">\n\t\t\t\t\t\t<div class=\"elementor-element elementor-element-14b18a9 elementor-widget-tablet__width-initial elementor-widget elementor-widget-text-editor\" data-id=\"14b18a9\" data-element_type=\"widget\" data-e-type=\"widget\" data-widget_type=\"text-editor.default\">\n\t\t\t\t<div class=\"elementor-widget-container\">\n\t\t\t\t\t\t\t\t\t<p>Les bulletins repr\u00e9sentent le principal canal de communication avec les stagnovillois et les stagnovilloises.<\/p><p>Publi\u00e9s au rythme moyen de 2 \u00e9ditions par an, nous en sommes aujourd&rsquo;hui au num\u00e9ro 134.<\/p><p>Vous pouvez lire les bulletins 1 et 2 et depuis le num\u00e9ro 100 sur le site www.amis-letanglaville.org.<\/p>\t\t\t\t\t\t\t\t<\/div>\n\t\t\t\t<\/div>\n\t\t\t\t\t<\/div>\n\t\t<\/div>\n\t\t\t\t\t<\/div>\n\t\t<\/section>\n\t\t\t\t<section class=\"elementor-section elementor-top-section elementor-element elementor-element-d35e44d elementor-section-stretched elementor-section-boxed elementor-section-height-default elementor-section-height-default\" data-id=\"d35e44d\" data-element_type=\"section\" data-e-type=\"section\" data-settings=\"{&quot;stretch_section&quot;:&quot;section-stretched&quot;}\">\n\t\t\t\t\t\t<div class=\"elementor-container elementor-column-gap-default\">\n\t\t\t\t\t<div class=\"elementor-column elementor-col-100 elementor-top-column elementor-element elementor-element-b87a4bf\" data-id=\"b87a4bf\" data-element_type=\"column\" data-e-type=\"column\">\n\t\t\t<div class=\"elementor-widget-wrap elementor-element-populated\">\n\t\t\t\t\t\t<div class=\"elementor-element elementor-element-a7c9aa3 elementor-widget elementor-widget-text-editor\" data-id=\"a7c9aa3\" data-element_type=\"widget\" data-e-type=\"widget\" data-widget_type=\"text-editor.default\">\n\t\t\t\t<div class=\"elementor-widget-container\">\n\t\t\t\t\t\t\t\t\t<p><b>LES ACTIVITES CULTURELLES<\/b><\/p>\t\t\t\t\t\t\t\t<\/div>\n\t\t\t\t<\/div>\n\t\t\t\t\t<\/div>\n\t\t<\/div>\n\t\t\t\t\t<\/div>\n\t\t<\/section>\n\t\t\t\t<section class=\"elementor-section elementor-top-section elementor-element elementor-element-099b1d0 elementor-section-stretched elementor-section-boxed elementor-section-height-default elementor-section-height-default\" data-id=\"099b1d0\" data-element_type=\"section\" data-e-type=\"section\" data-settings=\"{&quot;stretch_section&quot;:&quot;section-stretched&quot;}\">\n\t\t\t\t\t\t<div class=\"elementor-container elementor-column-gap-default\">\n\t\t\t\t\t<div class=\"elementor-column elementor-col-100 elementor-top-column elementor-element elementor-element-a8dba92\" data-id=\"a8dba92\" data-element_type=\"column\" data-e-type=\"column\">\n\t\t\t<div class=\"elementor-widget-wrap elementor-element-populated\">\n\t\t\t\t\t\t<div class=\"elementor-element elementor-element-8a51a27 elementor-widget elementor-widget-text-editor\" data-id=\"8a51a27\" data-element_type=\"widget\" data-e-type=\"widget\" data-widget_type=\"text-editor.default\">\n\t\t\t\t<div class=\"elementor-widget-container\">\n\t\t\t\t\t\t\t\t\t<p>Le CDPS (appellation des Amis de l&rsquo;Etang depuis 1969) organise plusieurs manifestations culturelles qui se sont \u00e9toff\u00e9es au fil des ans.<\/p><p>L&rsquo;Etang la Ville a h\u00e9berg\u00e9 d\u00e8s le XVIII \u00e8me si\u00e8cle, des peintres impressionistes c\u00e9l\u00e8bres : Vuillard, Ker-Xavier Roussel.<\/p><p>Aujourd&rsquo;hui, plusieurs artistes ont repris le flambeau.<\/p><p>La premi\u00e8re manifestation (les <strong>Portes Ouvertes<\/strong>) a g\u00e9n\u00e9ralement lieu au mois de juin. Diff\u00e9rents artistes stagnovillois ouvrent leur atelier aux visiteurs. C&rsquo;est l&rsquo;occasion d&rsquo;\u00e9changes avec les peintres contemporains.<\/p><p>Viennent ensuite, au mois de novembre, deux salons qui sont toujours tr\u00e8s attendus :<\/p><p>Le <strong>Salon des ARTS<\/strong>, d\u00e9but novembre.<\/p><p>Le <strong>Salon des CREATEURS<\/strong>, fin novembre.<\/p>\t\t\t\t\t\t\t\t<\/div>\n\t\t\t\t<\/div>\n\t\t\t\t\t<\/div>\n\t\t<\/div>\n\t\t\t\t\t<\/div>\n\t\t<\/section>\n\t\t\t\t<section class=\"elementor-section elementor-top-section elementor-element elementor-element-e928027 elementor-section-stretched elementor-section-boxed elementor-section-height-default elementor-section-height-default\" data-id=\"e928027\" data-element_type=\"section\" data-e-type=\"section\" data-settings=\"{&quot;stretch_section&quot;:&quot;section-stretched&quot;}\">\n\t\t\t\t\t\t<div class=\"elementor-container elementor-column-gap-default\">\n\t\t\t\t\t<div class=\"elementor-column elementor-col-100 elementor-top-column elementor-element elementor-element-d2dae3c\" data-id=\"d2dae3c\" data-element_type=\"column\" data-e-type=\"column\">\n\t\t\t<div class=\"elementor-widget-wrap elementor-element-populated\">\n\t\t\t\t\t\t<div class=\"elementor-element elementor-element-4ce17cf elementor-widget elementor-widget-text-editor\" data-id=\"4ce17cf\" data-element_type=\"widget\" data-e-type=\"widget\" data-widget_type=\"text-editor.default\">\n\t\t\t\t<div class=\"elementor-widget-container\">\n\t\t\t\t\t\t\t\t\t<p><strong>AUTRES ACTIVITES<\/strong><\/p>\t\t\t\t\t\t\t\t<\/div>\n\t\t\t\t<\/div>\n\t\t\t\t\t<\/div>\n\t\t<\/div>\n\t\t\t\t\t<\/div>\n\t\t<\/section>\n\t\t\t\t<section class=\"elementor-section elementor-top-section elementor-element elementor-element-32f86c9 elementor-section-stretched elementor-section-boxed elementor-section-height-default elementor-section-height-default\" data-id=\"32f86c9\" data-element_type=\"section\" data-e-type=\"section\" data-settings=\"{&quot;stretch_section&quot;:&quot;section-stretched&quot;}\">\n\t\t\t\t\t\t<div class=\"elementor-container elementor-column-gap-default\">\n\t\t\t\t\t<div class=\"elementor-column elementor-col-100 elementor-top-column elementor-element elementor-element-7bac249\" data-id=\"7bac249\" data-element_type=\"column\" data-e-type=\"column\">\n\t\t\t<div class=\"elementor-widget-wrap elementor-element-populated\">\n\t\t\t\t\t\t<div class=\"elementor-element elementor-element-f00c9c4 elementor-widget elementor-widget-text-editor\" data-id=\"f00c9c4\" data-element_type=\"widget\" data-e-type=\"widget\" data-widget_type=\"text-editor.default\">\n\t\t\t\t<div class=\"elementor-widget-container\">\n\t\t\t\t\t\t\t\t\t<p>L&rsquo;association est impliqu\u00e9e dans d&rsquo;autres activit\u00e9s compl\u00e9mentaires.<\/p><p>Tout d&rsquo;abord nous sommes associ\u00e9s et partenaires d&rsquo;autres associations de d\u00e9fense de l&rsquo;environnement.<\/p><p><strong>JADE<\/strong> (Jonction des Associations de D\u00e9fense de l&rsquo;environnement) qui couvre 90% des Yvelines<\/p><p><strong>SLY<\/strong> (Sauvons les Yvelines) qui a un p\u00e9rim\u00e8tre similaire<\/p><p><strong>CADEB<\/strong> (Collectif d&rsquo;Associations pour la D\u00e9fense de l&rsquo;Environnement dans les Boucles de Seine-Saint Germaine laye) dont le p\u00e9rim\u00e8tre est celui de la Communaut\u00e9 d&rsquo;Agglom\u00e9ration Saint-Germain \/ Boucles de Seine (CASGBS)<\/p><p><strong>ASCM<\/strong> (Association Sauvons les Coteaux de Mareil)<\/p><p>Association des Amis de la For\u00eat de Saint Germain.<\/p><p>Gr\u00e2ce \u00e0 une collaboration fructueuse nous b\u00e9n\u00e9ficions d&rsquo;un forum d&rsquo;\u00e9changes qui enrichit notre r\u00e9flexion.<\/p><p>L&rsquo;ONF\u00a0<\/p><p>Nous avons \u00e9galement des contacts r\u00e9guliers avec l&rsquo;ONF pour \u00eatre au courant des projets de martelage, d&rsquo;abattage ou de visites de mares dans la for\u00eat.<\/p>\t\t\t\t\t\t\t\t<\/div>\n\t\t\t\t<\/div>\n\t\t\t\t\t<\/div>\n\t\t<\/div>\n\t\t\t\t\t<\/div>\n\t\t<\/section>\n\t\t\t\t<\/div>\n\t\t","protected":false},"excerpt":{"rendered":"<p>DEFENSE DE L&rsquo;ENVIRONNEMENT Depuis sa cr\u00e9ation en juillet 1960, l&rsquo;Association a consacr\u00e9 son \u00e9nergie et ses ressources \u00e0 prot\u00e9ger le &hellip; <a href=\"https:\/\/amis-letanglaville.org\/?page_id=3328\" class=\"more-link\">Continue reading <span class=\"screen-reader-text\">ACTIVITES<\/span><\/a><\/p>\n","protected":false},"author":1,"featured_media":0,"parent":0,"menu_order":0,"comment_status":"closed","ping_status":"closed","template":"","meta":{"_angie_page":false,"ngg_post_thumbnail":0,"jetpack_post_was_ever_published":false,"footnotes":""},"class_list":["post-3328","page","type-page","status-publish","hentry"],"jetpack_sharing_enabled":true,"jetpack_shortlink":"https:\/\/wp.me\/PaCZch-RG","jetpack-related-posts":[{"id":3496,"url":"https:\/\/amis-letanglaville.org\/?page_id=3496","url_meta":{"origin":3328,"position":0},"title":"ARCHIVES 2023","author":"admin7235","date":"22 f\u00e9vrier 2024","format":false,"excerpt":"CommunicationBulletins : 2 bulletins (131 et 132) ont \u00e9t\u00e9 publi\u00e9s.Mails de la vice-pr\u00e9sidente qui vous tient au courant de multiples activit\u00e9sManifestations culturellesAu mois de juin les artistes de l'Etang la Ville ont ouvert leurs porte.En novembre ont eu lieu :- Le 53\u00e8me Salon des Arts- Le 12\u00e8me Salon des Cr\u00e9ateursAutres\u2026","rel":"","context":"Article similaire","block_context":{"text":"Article similaire","link":""},"img":{"alt_text":"","src":"https:\/\/i0.wp.com\/amis-letanglaville.org\/wp-content\/uploads\/2024\/02\/Archive-205x300.webp?resize=350%2C200&ssl=1","width":350,"height":200},"classes":[]},{"id":260,"url":"https:\/\/amis-letanglaville.org\/?page_id=260","url_meta":{"origin":3328,"position":1},"title":"Documentation","author":"admin7235","date":"6 d\u00e9cembre 2018","format":false,"excerpt":"DOCUMENTATION LES BULLETINS CARTES POSTALES HISTORIQUES COLLECTIONS LES PRODUITS LIENS EXTERNES LES AMIS DE LA FORET DE ST GERMAIN LA COMMUNAUTE D'AGGLOMERATION LA MAIRIE DE L'ETANG LA VILLE LE CANARD DE L'ETANG ONF FORET DE MARLY WWW.ARBRES.ORG CADEB JADE","rel":"","context":"Article similaire","block_context":{"text":"Article similaire","link":""},"img":{"alt_text":"","src":"","width":0,"height":0},"classes":[]},{"id":913,"url":"https:\/\/amis-letanglaville.org\/?page_id=913","url_meta":{"origin":3328,"position":2},"title":"Les Trains et le Tram 13","author":"admin7235","date":"2 mai 2019","format":false,"excerpt":"La 1\u00e8re ligne de chemin de fer ST LAZARE A ST GERMAIN VIA ST NOM LA BRETECHECe n\u2019est qu\u2019en 1884 que sera r\u00e9alis\u00e9e la ligne de Paris ST Lazare par St Cloud avec comme terminus la station de l\u2019Etang la Ville \/ Ouest, \u00e0 l\u2019emplacement actuel de la gare de\u2026","rel":"","context":"Article similaire","block_context":{"text":"Article similaire","link":""},"img":{"alt_text":"","src":"https:\/\/i0.wp.com\/amis-letanglaville.org\/wp-content\/uploads\/2019\/05\/Gare-540-1024x658.jpg?resize=350%2C200&ssl=1","width":350,"height":200,"srcset":"https:\/\/i0.wp.com\/amis-letanglaville.org\/wp-content\/uploads\/2019\/05\/Gare-540-1024x658.jpg?resize=350%2C200&ssl=1 1x, https:\/\/i0.wp.com\/amis-letanglaville.org\/wp-content\/uploads\/2019\/05\/Gare-540-1024x658.jpg?resize=525%2C300&ssl=1 1.5x, https:\/\/i0.wp.com\/amis-letanglaville.org\/wp-content\/uploads\/2019\/05\/Gare-540-1024x658.jpg?resize=700%2C400&ssl=1 2x"},"classes":[]},{"id":3587,"url":"https:\/\/amis-letanglaville.org\/?page_id=3587","url_meta":{"origin":3328,"position":3},"title":"BULLETINS","author":"admin7235","date":"28 mai 2024","format":false,"excerpt":"BULLETINS Un exemplaire de chaque \u00a0bulletin publi\u00e9 par l'Association est d\u00e9pos\u00e9 \u00e0 la BNF.Sur le site, ne sont publi\u00e9s que les bulletins des 10 derni\u00e8res ann\u00e9es, toutefois un exemplaire papier de chaque bulletin est conserv\u00e9 \u00e0 l'AssociationBulletins 2015 \u00e0 2019 Bulletin 116 Bulletin 117 Bulletin 118 Bulletin 119 Bulletin 120\u2026","rel":"","context":"Article similaire","block_context":{"text":"Article similaire","link":""},"img":{"alt_text":"","src":"","width":0,"height":0},"classes":[]},{"id":279,"url":"https:\/\/amis-letanglaville.org\/?page_id=279","url_meta":{"origin":3328,"position":4},"title":"Adh\u00e9sion &#038; Contact","author":"admin7235","date":"7 d\u00e9cembre 2018","format":false,"excerpt":"ADHESION ET CONTACT ADHESIOND\u00e9ductibilit\u00e9 fiscaleDans le Bulletin N\u00b0130 nous avons annonc\u00e9 la d\u00e9ductibilit\u00e9 fiscale des cotisations et des dons.Les cotisations sont annuelles et donnent la qualit\u00e9 de membre et le droit de vote \u00e0 l'Assembl\u00e9e G\u00e9n\u00e9rale pour les membres en r\u00e8gle de cotisation.Les dons sont des contributions volontaires de soutien.\u2026","rel":"","context":"Article similaire","block_context":{"text":"Article similaire","link":""},"img":{"alt_text":"","src":"https:\/\/i0.wp.com\/amis-letanglaville.org\/wp-content\/uploads\/2023\/05\/ELV-1-1024x572.webp?resize=350%2C200&ssl=1","width":350,"height":200,"srcset":"https:\/\/i0.wp.com\/amis-letanglaville.org\/wp-content\/uploads\/2023\/05\/ELV-1-1024x572.webp?resize=350%2C200&ssl=1 1x, https:\/\/i0.wp.com\/amis-letanglaville.org\/wp-content\/uploads\/2023\/05\/ELV-1-1024x572.webp?resize=525%2C300&ssl=1 1.5x, https:\/\/i0.wp.com\/amis-letanglaville.org\/wp-content\/uploads\/2023\/05\/ELV-1-1024x572.webp?resize=700%2C400&ssl=1 2x"},"classes":[]},{"id":3376,"url":"https:\/\/amis-letanglaville.org\/?page_id=3376","url_meta":{"origin":3328,"position":5},"title":"Bulletins 1 et 2","author":"admin7235","date":"13 novembre 2023","format":false,"excerpt":"Les premiers bulletins Bulletin 1 Bulletin 2","rel":"","context":"Article similaire","block_context":{"text":"Article similaire","link":""},"img":{"alt_text":"","src":"","width":0,"height":0},"classes":[]}],"_links":{"self":[{"href":"https:\/\/amis-letanglaville.org\/index.php?rest_route=\/wp\/v2\/pages\/3328","targetHints":{"allow":["GET"]}}],"collection":[{"href":"https:\/\/amis-letanglaville.org\/index.php?rest_route=\/wp\/v2\/pages"}],"about":[{"href":"https:\/\/amis-letanglaville.org\/index.php?rest_route=\/wp\/v2\/types\/page"}],"author":[{"embeddable":true,"href":"https:\/\/amis-letanglaville.org\/index.php?rest_route=\/wp\/v2\/users\/1"}],"replies":[{"embeddable":true,"href":"https:\/\/amis-letanglaville.org\/index.php?rest_route=%2Fwp%2Fv2%2Fcomments&post=3328"}],"version-history":[{"count":3,"href":"https:\/\/amis-letanglaville.org\/index.php?rest_route=\/wp\/v2\/pages\/3328\/revisions"}],"predecessor-version":[{"id":4286,"href":"https:\/\/amis-letanglaville.org\/index.php?rest_route=\/wp\/v2\/pages\/3328\/revisions\/4286"}],"wp:attachment":[{"href":"https:\/\/amis-letanglaville.org\/index.php?rest_route=%2Fwp%2Fv2%2Fmedia&parent=3328"}],"curies":[{"name":"wp","href":"https:\/\/api.w.org\/{rel}","templated":true}]}}