{"id":2542,"date":"2021-12-14T21:55:09","date_gmt":"2021-12-14T20:55:09","guid":{"rendered":"https:\/\/amis-letanglaville.org\/?page_id=2542"},"modified":"2026-03-12T22:53:58","modified_gmt":"2026-03-12T21:53:58","slug":"les-arbres-dans-la-ville","status":"publish","type":"page","link":"https:\/\/amis-letanglaville.org\/?page_id=2542","title":{"rendered":"Les arbres dans la ville"},"content":{"rendered":"\t\t<div data-elementor-type=\"wp-page\" data-elementor-id=\"2542\" class=\"elementor elementor-2542\" data-elementor-post-type=\"page\">\n\t\t\t\t\t\t<section class=\"elementor-section elementor-top-section elementor-element elementor-element-1b5c81a elementor-section-full_width elementor-section-stretched elementor-section-height-default elementor-section-height-default\" data-id=\"1b5c81a\" data-element_type=\"section\" data-e-type=\"section\" data-settings=\"{&quot;stretch_section&quot;:&quot;section-stretched&quot;}\">\n\t\t\t\t\t\t<div class=\"elementor-container elementor-column-gap-default\">\n\t\t\t\t\t<div class=\"elementor-column elementor-col-100 elementor-top-column elementor-element elementor-element-f3a1dca\" data-id=\"f3a1dca\" data-element_type=\"column\" data-e-type=\"column\">\n\t\t\t<div class=\"elementor-widget-wrap elementor-element-populated\">\n\t\t\t\t\t\t<div class=\"elementor-element elementor-element-77a63af elementor-widget elementor-widget-text-editor\" data-id=\"77a63af\" data-element_type=\"widget\" data-e-type=\"widget\" data-widget_type=\"text-editor.default\">\n\t\t\t\t<div class=\"elementor-widget-container\">\n\t\t\t\t\t\t\t\t\t<p><strong>DU BON USAGE DES ARBRES<\/strong><\/p>\n<p>L\u2019Etang la Ville est un \u201cvillage-for\u00eat\u201d remarquable par le nombre et l&rsquo;\u00e2ge de ses nombreux arbres.<\/p>\n<p>Les Amis de l\u2019Etang ont d\u00e9sormais un nouveau projet avec pour cible la pr\u00e9servation des grands arbres et des espaces bois\u00e9s sur l&rsquo;\u00c9tang-La-Ville des \u00e9lagages et abattages sauvages.<\/p>\n<p>L&rsquo;objectif est d&rsquo;identifier les plus beaux sp\u00e9cimens \u00e0 prot\u00e9ger,&nbsp; ils font la beaut\u00e9 et la particularit\u00e9 de l\u2019Etang la ville.&nbsp; De plus, ces arbres jouent \u00e9galement un r\u00f4le \u00e9cologique de r\u00e9gulateur climatique (limitation des fortes chaleur, humidification de l\u2019air), de stockage de carbone, de r\u00e9tention des sols. Ces \u201cservices\u201d \u00e9cologiques devenant de plus en plus pr\u00e9cieux dans notre contexte de changement climatique.<\/p>\t\t\t\t\t\t\t\t<\/div>\n\t\t\t\t<\/div>\n\t\t\t\t\t<\/div>\n\t\t<\/div>\n\t\t\t\t\t<\/div>\n\t\t<\/section>\n\t\t\t\t<section class=\"elementor-section elementor-top-section elementor-element elementor-element-3f48a26 elementor-section-full_width elementor-section-stretched elementor-section-height-default elementor-section-height-default\" data-id=\"3f48a26\" data-element_type=\"section\" data-e-type=\"section\" data-settings=\"{&quot;stretch_section&quot;:&quot;section-stretched&quot;}\">\n\t\t\t\t\t\t<div class=\"elementor-container elementor-column-gap-default\">\n\t\t\t\t\t<div class=\"elementor-column elementor-col-50 elementor-top-column elementor-element elementor-element-bdeab81\" data-id=\"bdeab81\" data-element_type=\"column\" data-e-type=\"column\">\n\t\t\t<div class=\"elementor-widget-wrap elementor-element-populated\">\n\t\t\t\t\t\t<div class=\"elementor-element elementor-element-e2b04e2 elementor-widget elementor-widget-image\" data-id=\"e2b04e2\" data-element_type=\"widget\" data-e-type=\"widget\" data-widget_type=\"image.default\">\n\t\t\t\t<div class=\"elementor-widget-container\">\n\t\t\t\t\t\t\t\t\t\t\t\t\t\t\t<img fetchpriority=\"high\" decoding=\"async\" width=\"928\" height=\"1024\" src=\"https:\/\/i0.wp.com\/amis-letanglaville.org\/wp-content\/uploads\/2023\/05\/Arbre.webp?fit=928%2C1024&amp;ssl=1\" class=\"attachment-large size-large wp-image-3162\" alt=\"\" srcset=\"https:\/\/i0.wp.com\/amis-letanglaville.org\/wp-content\/uploads\/2023\/05\/Arbre.webp?w=946&amp;ssl=1 946w, https:\/\/i0.wp.com\/amis-letanglaville.org\/wp-content\/uploads\/2023\/05\/Arbre.webp?resize=272%2C300&amp;ssl=1 272w, https:\/\/i0.wp.com\/amis-letanglaville.org\/wp-content\/uploads\/2023\/05\/Arbre.webp?resize=928%2C1024&amp;ssl=1 928w, https:\/\/i0.wp.com\/amis-letanglaville.org\/wp-content\/uploads\/2023\/05\/Arbre.webp?resize=768%2C848&amp;ssl=1 768w, https:\/\/i0.wp.com\/amis-letanglaville.org\/wp-content\/uploads\/2023\/05\/Arbre.webp?resize=105%2C116&amp;ssl=1 105w\" sizes=\"(max-width: 928px) 100vw, 928px\" \/>\t\t\t\t\t\t\t\t\t\t\t\t\t\t\t<\/div>\n\t\t\t\t<\/div>\n\t\t\t\t\t<\/div>\n\t\t<\/div>\n\t\t\t\t<div class=\"elementor-column elementor-col-50 elementor-top-column elementor-element elementor-element-96c31f3\" data-id=\"96c31f3\" data-element_type=\"column\" data-e-type=\"column\">\n\t\t\t<div class=\"elementor-widget-wrap elementor-element-populated\">\n\t\t\t\t\t\t<div class=\"elementor-element elementor-element-8f2a9ad elementor-widget elementor-widget-text-editor\" data-id=\"8f2a9ad\" data-element_type=\"widget\" data-e-type=\"widget\" data-widget_type=\"text-editor.default\">\n\t\t\t\t<div class=\"elementor-widget-container\">\n\t\t\t\t\t\t\t\t\t<p style=\"font-weight: 400;\"><strong>Un arbre\u00a0:<\/strong><\/p><ul><li>Absorbe le CO2 \u00ab\u00a0probl\u00e9matique\u00a0\u00bb pour produire de l\u2019O2 \u00ab\u00a0vital\u00a0\u00bb et stocker le carbone C,<\/li><li>Remplit les nappes phr\u00e9atiques avec ses racines verticales servant de guide,<\/li><li>Refl\u00e8te et absorbe une partie des rayonnements solaires,<\/li><li>Maintient une fra\u00eecheur locale et contribue \u00e0 la cr\u00e9ation des nuages avec le ph\u00e9nom\u00e8ne d\u2019\u00e9vapotranspiration,<\/li><li>Produit des feuilles\u00a0: de la nourriture pour les sols et pour lui-m\u00eame, ses racines horizontales servant \u00e0 r\u00e9cup\u00e9rer les nutriments,<\/li><li>Donne du sucre au myc\u00e9lium en \u00e9change des nutriments.<\/li><\/ul><p>Le dessin ci-contre illustre un aspect m\u00e9connu de la structure d&rsquo;un arbre : les racines.<\/p><p>Se limiter \u00e0 ne pas creuser sous la canop\u00e9e est insuffisant. Les racines (fragiles) d&rsquo;\u00e9tendent parfois 2 \u00e0 3 fois au del\u00e0 du rayon de la canop\u00e9e.<\/p>\t\t\t\t\t\t\t\t<\/div>\n\t\t\t\t<\/div>\n\t\t\t\t\t<\/div>\n\t\t<\/div>\n\t\t\t\t\t<\/div>\n\t\t<\/section>\n\t\t\t\t<section class=\"elementor-section elementor-top-section elementor-element elementor-element-b593d92 elementor-section-stretched elementor-section-boxed elementor-section-height-default elementor-section-height-default\" data-id=\"b593d92\" data-element_type=\"section\" data-e-type=\"section\" data-settings=\"{&quot;stretch_section&quot;:&quot;section-stretched&quot;}\">\n\t\t\t\t\t\t<div class=\"elementor-container elementor-column-gap-default\">\n\t\t\t\t\t<div class=\"elementor-column elementor-col-100 elementor-top-column elementor-element elementor-element-37a5cb4\" data-id=\"37a5cb4\" data-element_type=\"column\" data-e-type=\"column\">\n\t\t\t<div class=\"elementor-widget-wrap elementor-element-populated\">\n\t\t\t\t\t\t<div class=\"elementor-element elementor-element-b18a802 elementor-widget elementor-widget-text-editor\" data-id=\"b18a802\" data-element_type=\"widget\" data-e-type=\"widget\" data-widget_type=\"text-editor.default\">\n\t\t\t\t<div class=\"elementor-widget-container\">\n\t\t\t\t\t\t\t\t\t<p>Le Monde vient de publier une excellente synth\u00e8se des b\u00e9n\u00e9fices que les arbres apportent \u00e0 notre environnement.\u00a0<\/p><p>Cliquer sur le lien ci-dessous pour parcourir la pr\u00e9sentation<\/p>\t\t\t\t\t\t\t\t<\/div>\n\t\t\t\t<\/div>\n\t\t\t\t\t<\/div>\n\t\t<\/div>\n\t\t\t\t\t<\/div>\n\t\t<\/section>\n\t\t\t\t<section class=\"elementor-section elementor-top-section elementor-element elementor-element-3c4bdde elementor-section-boxed elementor-section-height-default elementor-section-height-default\" data-id=\"3c4bdde\" data-element_type=\"section\" data-e-type=\"section\">\n\t\t\t\t\t\t<div class=\"elementor-container elementor-column-gap-default\">\n\t\t\t\t\t<div class=\"elementor-column elementor-col-100 elementor-top-column elementor-element elementor-element-cce90e7\" data-id=\"cce90e7\" data-element_type=\"column\" data-e-type=\"column\">\n\t\t\t<div class=\"elementor-widget-wrap elementor-element-populated\">\n\t\t\t\t\t\t<div class=\"elementor-element elementor-element-1dfbf5c elementor-widget elementor-widget-text-editor\" data-id=\"1dfbf5c\" data-element_type=\"widget\" data-e-type=\"widget\" data-widget_type=\"text-editor.default\">\n\t\t\t\t<div class=\"elementor-widget-container\">\n\t\t\t\t\t\t\t\t\t<p><p><a href=\"https:\/\/amis-letanglaville.org\/wp-content\/uploads\/2023\/06\/Benefices-arbres2_Optimi.pdf\" target=\"_blank\" rel=\"noopener noreferrer nofollow\">Cliquer pour acc\u00e9der \u00e0 Benefices-arbres2_Optimi.pdf<\/a><\/p><\/p>\t\t\t\t\t\t\t\t<\/div>\n\t\t\t\t<\/div>\n\t\t\t\t\t<\/div>\n\t\t<\/div>\n\t\t\t\t\t<\/div>\n\t\t<\/section>\n\t\t\t\t<section class=\"elementor-section elementor-top-section elementor-element elementor-element-536fb2b elementor-section-stretched elementor-section-boxed elementor-section-height-default elementor-section-height-default\" data-id=\"536fb2b\" data-element_type=\"section\" data-e-type=\"section\" data-settings=\"{&quot;stretch_section&quot;:&quot;section-stretched&quot;}\">\n\t\t\t\t\t\t<div class=\"elementor-container elementor-column-gap-default\">\n\t\t\t\t\t<div class=\"elementor-column elementor-col-100 elementor-top-column elementor-element elementor-element-54bc229\" data-id=\"54bc229\" data-element_type=\"column\" data-e-type=\"column\">\n\t\t\t<div class=\"elementor-widget-wrap elementor-element-populated\">\n\t\t\t\t\t\t<div class=\"elementor-element elementor-element-88c558c elementor-widget elementor-widget-text-editor\" data-id=\"88c558c\" data-element_type=\"widget\" data-e-type=\"widget\" data-widget_type=\"text-editor.default\">\n\t\t\t\t<div class=\"elementor-widget-container\">\n\t\t\t\t\t\t\t\t\t<p><strong>CARTOGRAPHIE<\/strong><\/p><p>Au titre des actions qui sont men\u00e9es, vous d\u00e9couvrirez ci-dessous la <strong>cartographie des arbres de l\u2019\u00e9tang la Ville.<\/strong><\/p><p><a href=\"https:\/\/www.google.com\/maps\/d\/u\/0\/edit?mid=1onK0FQc9wjAhj1i32H4tCbvVOe7V-Bvx&amp;usp=sharing\">https:\/\/www.google.com\/maps\/d\/u\/0\/edit?mid=1onK0FQc9wjAhj1i32H4tCbvVOe7V-Bvx&amp;usp=sharing<\/a><\/p><p>Quelques-uns des plus beaux arbres de l&rsquo;\u00e9tang la ville y sont s\u00e9lectionn\u00e9s, photographi\u00e9s et g\u00e9o localis\u00e9s en fonction de leur taille, leur \u00e2ge ou la sp\u00e9cificit\u00e9 de l\u2019esp\u00e8ce.<\/p>\t\t\t\t\t\t\t\t<\/div>\n\t\t\t\t<\/div>\n\t\t\t\t\t<\/div>\n\t\t<\/div>\n\t\t\t\t\t<\/div>\n\t\t<\/section>\n\t\t\t\t<section class=\"elementor-section elementor-top-section elementor-element elementor-element-2a672b5 elementor-section-stretched elementor-section-boxed elementor-section-height-default elementor-section-height-default\" data-id=\"2a672b5\" data-element_type=\"section\" data-e-type=\"section\" data-settings=\"{&quot;stretch_section&quot;:&quot;section-stretched&quot;}\">\n\t\t\t\t\t\t<div class=\"elementor-container elementor-column-gap-default\">\n\t\t\t\t\t<div class=\"elementor-column elementor-col-100 elementor-top-column elementor-element elementor-element-c420c9f\" data-id=\"c420c9f\" data-element_type=\"column\" data-e-type=\"column\">\n\t\t\t<div class=\"elementor-widget-wrap elementor-element-populated\">\n\t\t\t\t\t\t<div class=\"elementor-element elementor-element-e0589ca elementor-widget elementor-widget-text-editor\" data-id=\"e0589ca\" data-element_type=\"widget\" data-e-type=\"widget\" data-widget_type=\"text-editor.default\">\n\t\t\t\t<div class=\"elementor-widget-container\">\n\t\t\t\t\t\t\t\t\t<p>Une fois cette cartographie compl\u00e8te, ce travail servira \u00e0 <strong>un travail de protection des arbres \u00e0 travers leur inscription au PLU en tant qu\u2019espace bois\u00e9 prot\u00e9g\u00e9.\u00a0<\/strong><\/p><p>Suivant l\u2019 <a href=\"https:\/\/www.legifrance.gouv.fr\/codes\/article_lc\/LEGIARTI000006814552\/1973-11-13\">Article L130-1<\/a>,\u00a0 les plans d&rsquo;occupation des sols peuvent classer comme espaces bois\u00e9s, les bois, for\u00eats, parcs \u00e0 conserver, \u00e0 prot\u00e9ger ou \u00e0 cr\u00e9er, qu&rsquo;ils soient soumis ou non au r\u00e9gime forestier, enclos ou non, attenant ou non \u00e0 des habitations.<\/p><p>En outre, le classement en EBC peut m\u00eame s\u2019appliquer \u00e0 des <strong>arbres isol\u00e9s<\/strong>, des haies ou r\u00e9seaux de haies ou plantations d\u2019alignements.\u00a0<\/p><p>Le classement interdit tout changement d&rsquo;affectation ou tout mode d&rsquo;occupation du sol de nature \u00e0 compromettre la conservation, la protection ou la cr\u00e9ation des boisements.<\/p><p>Les enjeux pouvant justifier le classement peuvent \u00eatre : espaces bois\u00e9s en zone urbaine ou en p\u00e9riph\u00e9rie, soumis \u00e0 une pression forte, \u00e9l\u00e9ments remarquables : arbres, alignements, haies \u2026 coupures d\u2019urbanisation ou protection contre les nuisances, maintien de corridors \u00e9cologiques, enjeux paysagers, touristiques ou \u00e9cologiques.<\/p>\t\t\t\t\t\t\t\t<\/div>\n\t\t\t\t<\/div>\n\t\t\t\t\t<\/div>\n\t\t<\/div>\n\t\t\t\t\t<\/div>\n\t\t<\/section>\n\t\t\t\t<section class=\"elementor-section elementor-top-section elementor-element elementor-element-45c3707 elementor-section-full_width elementor-section-stretched elementor-section-height-default elementor-section-height-default\" data-id=\"45c3707\" data-element_type=\"section\" data-e-type=\"section\" data-settings=\"{&quot;stretch_section&quot;:&quot;section-stretched&quot;}\">\n\t\t\t\t\t\t<div class=\"elementor-container elementor-column-gap-default\">\n\t\t\t\t\t<div class=\"elementor-column elementor-col-66 elementor-top-column elementor-element elementor-element-c6b45a1\" data-id=\"c6b45a1\" data-element_type=\"column\" data-e-type=\"column\">\n\t\t\t<div class=\"elementor-widget-wrap elementor-element-populated\">\n\t\t\t\t\t\t<div class=\"elementor-element elementor-element-fda7933 elementor-widget elementor-widget-text-editor\" data-id=\"fda7933\" data-element_type=\"widget\" data-e-type=\"widget\" data-widget_type=\"text-editor.default\">\n\t\t\t\t<div class=\"elementor-widget-container\">\n\t\t\t\t\t\t\t\t\t<p>La<strong> cartographie en pratique<\/strong><\/p><p>Sur la carte,\u00a0 les arbres sont identifi\u00e9s par 4 ic\u00f4nes :\u00a0<\/p><p>\u00a0 \u00a0un feuillu\u00a0 ou un espace bois\u00e9 \u00e0 prot\u00e9ger ou prot\u00e9g\u00e9<\/p><p>\u00a0 \u00a0un conif\u00e8re<\/p><p>\u00a0 \u00a0un arbre remarquable inscrit au PLU<\/p><p>\u00a0 \u00a0Les arbres abattus depuis le d\u00e9but de la cartographie :<\/p><p>Plus de 150 arbres ont \u00e9t\u00e9 ainsi rep\u00e9r\u00e9s. Le recensement n\u2019est pas termin\u00e9 ! Et vous pouvez grandement y contribuer . Comment ?<\/p><p>En cliquant sur chaque ic\u00f4ne, vous d\u00e9couvrirez une photo de l\u2019arbre, son esp\u00e8ce , son \u00e2ge approximatif et sa localisation GPS (en bas de la petite fen\u00eatre qui s\u2019ouvre).<\/p><p><strong>Enqu\u00eate 2023<\/strong><\/p><p>Le r\u00e9pertoire des arbres remarquables dans le p\u00e9rim\u00e8tre de la ville est incomplet. Nous avons obtenu de pouvoir offrir \u00e0 stage \u00e0 une \u00e9tudiante de SciencePo, habitante de l&rsquo;Etang la Ville, qui permettra d&rsquo;affiner l&rsquo;inventaire des arbres consid\u00e9r\u00e9s comme remarquables, de les faire valider par l&rsquo;association A.R.B.R.E.S. En parall\u00e8le une analyse des EBC (Espaces Bois\u00e9s Class\u00e9s) r\u00e9pertori\u00e9s au PLU sera men\u00e9e pour mesurer dans quelle mesure ces EBC sont maintenus. En effet, ils subissent des abattages qui vont au del\u00e0 de l&rsquo;entretien d&rsquo;un espace bois\u00e9.<\/p>\t\t\t\t\t\t\t\t<\/div>\n\t\t\t\t<\/div>\n\t\t\t\t\t<\/div>\n\t\t<\/div>\n\t\t\t\t<div class=\"elementor-column elementor-col-33 elementor-top-column elementor-element elementor-element-9e6cbea\" data-id=\"9e6cbea\" data-element_type=\"column\" data-e-type=\"column\">\n\t\t\t<div class=\"elementor-widget-wrap elementor-element-populated\">\n\t\t\t\t\t\t<div class=\"elementor-element elementor-element-7248b94 elementor-widget elementor-widget-image\" data-id=\"7248b94\" data-element_type=\"widget\" data-e-type=\"widget\" data-widget_type=\"image.default\">\n\t\t\t\t<div class=\"elementor-widget-container\">\n\t\t\t\t\t\t\t\t\t\t\t\t<figure class=\"wp-caption\">\n\t\t\t\t\t\t\t\t\t\t<img decoding=\"async\" width=\"294\" height=\"304\" src=\"https:\/\/i0.wp.com\/amis-letanglaville.org\/wp-content\/uploads\/2021\/12\/feuillu-1.png?fit=294%2C304&amp;ssl=1\" class=\"attachment-large size-large wp-image-2569\" alt=\"\" srcset=\"https:\/\/i0.wp.com\/amis-letanglaville.org\/wp-content\/uploads\/2021\/12\/feuillu-1.png?w=294&amp;ssl=1 294w, https:\/\/i0.wp.com\/amis-letanglaville.org\/wp-content\/uploads\/2021\/12\/feuillu-1.png?resize=290%2C300&amp;ssl=1 290w, https:\/\/i0.wp.com\/amis-letanglaville.org\/wp-content\/uploads\/2021\/12\/feuillu-1.png?resize=112%2C116&amp;ssl=1 112w\" sizes=\"(max-width: 294px) 100vw, 294px\" \/>\t\t\t\t\t\t\t\t\t\t\t<figcaption class=\"widget-image-caption wp-caption-text\">Feuillu<\/figcaption>\n\t\t\t\t\t\t\t\t\t\t<\/figure>\n\t\t\t\t\t\t\t\t\t<\/div>\n\t\t\t\t<\/div>\n\t\t\t\t<div class=\"elementor-element elementor-element-7a8fe90 elementor-widget elementor-widget-image\" data-id=\"7a8fe90\" data-element_type=\"widget\" data-e-type=\"widget\" data-widget_type=\"image.default\">\n\t\t\t\t<div class=\"elementor-widget-container\">\n\t\t\t\t\t\t\t\t\t\t\t\t<figure class=\"wp-caption\">\n\t\t\t\t\t\t\t\t\t\t<img decoding=\"async\" width=\"594\" height=\"624\" src=\"https:\/\/i0.wp.com\/amis-letanglaville.org\/wp-content\/uploads\/2021\/12\/Conifere.png?fit=594%2C624&amp;ssl=1\" class=\"attachment-large size-large wp-image-2568\" alt=\"\" srcset=\"https:\/\/i0.wp.com\/amis-letanglaville.org\/wp-content\/uploads\/2021\/12\/Conifere.png?w=594&amp;ssl=1 594w, https:\/\/i0.wp.com\/amis-letanglaville.org\/wp-content\/uploads\/2021\/12\/Conifere.png?resize=286%2C300&amp;ssl=1 286w, https:\/\/i0.wp.com\/amis-letanglaville.org\/wp-content\/uploads\/2021\/12\/Conifere.png?resize=110%2C116&amp;ssl=1 110w\" sizes=\"(max-width: 594px) 100vw, 594px\" \/>\t\t\t\t\t\t\t\t\t\t\t<figcaption class=\"widget-image-caption wp-caption-text\">Conif\u00e8re<\/figcaption>\n\t\t\t\t\t\t\t\t\t\t<\/figure>\n\t\t\t\t\t\t\t\t\t<\/div>\n\t\t\t\t<\/div>\n\t\t\t\t<div class=\"elementor-element elementor-element-73dc1ba elementor-widget elementor-widget-image\" data-id=\"73dc1ba\" data-element_type=\"widget\" data-e-type=\"widget\" data-widget_type=\"image.default\">\n\t\t\t\t<div class=\"elementor-widget-container\">\n\t\t\t\t\t\t\t\t\t\t\t\t<figure class=\"wp-caption\">\n\t\t\t\t\t\t\t\t\t\t<img loading=\"lazy\" decoding=\"async\" width=\"704\" height=\"716\" src=\"https:\/\/i0.wp.com\/amis-letanglaville.org\/wp-content\/uploads\/2021\/12\/Arbre-remarquable-1.png?fit=704%2C716&amp;ssl=1\" class=\"attachment-large size-large wp-image-2567\" alt=\"\" srcset=\"https:\/\/i0.wp.com\/amis-letanglaville.org\/wp-content\/uploads\/2021\/12\/Arbre-remarquable-1.png?w=704&amp;ssl=1 704w, https:\/\/i0.wp.com\/amis-letanglaville.org\/wp-content\/uploads\/2021\/12\/Arbre-remarquable-1.png?resize=295%2C300&amp;ssl=1 295w, https:\/\/i0.wp.com\/amis-letanglaville.org\/wp-content\/uploads\/2021\/12\/Arbre-remarquable-1.png?resize=114%2C116&amp;ssl=1 114w\" sizes=\"(max-width: 704px) 100vw, 704px\" \/>\t\t\t\t\t\t\t\t\t\t\t<figcaption class=\"widget-image-caption wp-caption-text\">Arbre remarquable<\/figcaption>\n\t\t\t\t\t\t\t\t\t\t<\/figure>\n\t\t\t\t\t\t\t\t\t<\/div>\n\t\t\t\t<\/div>\n\t\t\t\t<div class=\"elementor-element elementor-element-c3554db elementor-widget elementor-widget-image\" data-id=\"c3554db\" data-element_type=\"widget\" data-e-type=\"widget\" data-widget_type=\"image.default\">\n\t\t\t\t<div class=\"elementor-widget-container\">\n\t\t\t\t\t\t\t\t\t\t\t\t<figure class=\"wp-caption\">\n\t\t\t\t\t\t\t\t\t\t<img loading=\"lazy\" decoding=\"async\" width=\"664\" height=\"674\" src=\"https:\/\/i0.wp.com\/amis-letanglaville.org\/wp-content\/uploads\/2021\/12\/Arbre-abattu-1.png?fit=664%2C674&amp;ssl=1\" class=\"attachment-large size-large wp-image-2566\" alt=\"\" srcset=\"https:\/\/i0.wp.com\/amis-letanglaville.org\/wp-content\/uploads\/2021\/12\/Arbre-abattu-1.png?w=664&amp;ssl=1 664w, https:\/\/i0.wp.com\/amis-letanglaville.org\/wp-content\/uploads\/2021\/12\/Arbre-abattu-1.png?resize=296%2C300&amp;ssl=1 296w, https:\/\/i0.wp.com\/amis-letanglaville.org\/wp-content\/uploads\/2021\/12\/Arbre-abattu-1.png?resize=114%2C116&amp;ssl=1 114w\" sizes=\"(max-width: 664px) 100vw, 664px\" \/>\t\t\t\t\t\t\t\t\t\t\t<figcaption class=\"widget-image-caption wp-caption-text\">Arbre abattu<\/figcaption>\n\t\t\t\t\t\t\t\t\t\t<\/figure>\n\t\t\t\t\t\t\t\t\t<\/div>\n\t\t\t\t<\/div>\n\t\t\t\t\t<\/div>\n\t\t<\/div>\n\t\t\t\t\t<\/div>\n\t\t<\/section>\n\t\t\t\t<section class=\"elementor-section elementor-top-section elementor-element elementor-element-a1124b5 elementor-section-stretched elementor-section-boxed elementor-section-height-default elementor-section-height-default\" data-id=\"a1124b5\" data-element_type=\"section\" data-e-type=\"section\" data-settings=\"{&quot;stretch_section&quot;:&quot;section-stretched&quot;}\">\n\t\t\t\t\t\t<div class=\"elementor-container elementor-column-gap-default\">\n\t\t\t\t\t<div class=\"elementor-column elementor-col-100 elementor-top-column elementor-element elementor-element-6dac4ea\" data-id=\"6dac4ea\" data-element_type=\"column\" data-e-type=\"column\">\n\t\t\t<div class=\"elementor-widget-wrap elementor-element-populated\">\n\t\t\t\t\t\t<div class=\"elementor-element elementor-element-ec1b094 elementor-widget elementor-widget-text-editor\" data-id=\"ec1b094\" data-element_type=\"widget\" data-e-type=\"widget\" data-widget_type=\"text-editor.default\">\n\t\t\t\t<div class=\"elementor-widget-container\">\n\t\t\t\t\t\t\t\t\t<p><em>Vous pouvez contribuer \u00e0 la cartographie<\/em> :\u00a0<\/p><p>\u2192 pr\u00e9ciser l\u2019esp\u00e8ce de l\u2019arbre, corriger l&rsquo;\u00e2ge , apporter une petite histoire personnelle concernant cet arbre, envoyer des photos d\u2019arbres non encore identifi\u00e9s\u2026<\/p><p>Merci d\u2019adresser vos remarques et apports \u00e0 : <a href=\"mailto:lydiedubernais@gmail.com\">comite-ca@amis-letanglaville.org<\/a>. N\u2019oubliez surtout pas l\u2019adresse GPS pour le localiser correctement .<\/p><p><em>Vous pouvez contribuer au travail sur l\u2019\u00e9volution du PLU <\/em>:<\/p><p>\u2192M\u00eame contact : <a href=\"mailto:lydiedubernais@gmail.com\">comite-ca@amis-letanglaville.org<\/a><\/p><p>Respectons et pr\u00e9servons notre patrimoine vivant.\u00a0<\/p><p>*En savoir plus sur Facebook le groupe \u201cLes arbres de l&rsquo;\u00c9tang la Ville\u201d.<\/p><p>* Titre du livre de Francis HALLE \u201cDu bon usage des arbres, un plaidoyer \u00e0 l\u2019attention des \u00e9lus et des \u00e9narques\u201d publi\u00e9 chez Actes SUD.<\/p>\t\t\t\t\t\t\t\t<\/div>\n\t\t\t\t<\/div>\n\t\t\t\t\t<\/div>\n\t\t<\/div>\n\t\t\t\t\t<\/div>\n\t\t<\/section>\n\t\t\t\t<\/div>\n\t\t","protected":false},"excerpt":{"rendered":"<p>DU BON USAGE DES ARBRES L\u2019Etang la Ville est un \u201cvillage-for\u00eat\u201d remarquable par le nombre et l&rsquo;\u00e2ge de ses nombreux &hellip; <a href=\"https:\/\/amis-letanglaville.org\/?page_id=2542\" class=\"more-link\">Continue reading <span class=\"screen-reader-text\">Les arbres dans la ville<\/span><\/a><\/p>\n","protected":false},"author":1,"featured_media":0,"parent":0,"menu_order":0,"comment_status":"closed","ping_status":"closed","template":"","meta":{"_angie_page":false,"ngg_post_thumbnail":0,"jetpack_post_was_ever_published":false,"footnotes":""},"class_list":["post-2542","page","type-page","status-publish","hentry"],"jetpack_sharing_enabled":true,"jetpack_shortlink":"https:\/\/wp.me\/PaCZch-F0","jetpack-related-posts":[{"id":817,"url":"https:\/\/amis-letanglaville.org\/?page_id=817","url_meta":{"origin":2542,"position":0},"title":"La For\u00eat et Les Arbres en ville","author":"admin7235","date":"9 avril 2019","format":false,"excerpt":"La for\u00eat de Marly qui ceinture notre Village en est un des principaux attraits. Les Amis de l'Etang ont toujours oeuvr\u00e9 pour prot\u00e9ger cet atout contre les coupes \u00e0 blanc, les d\u00e9chets sauvages et autres d\u00e9gradations.LES ARBRES REMARQUABLESPromenez-vous dans la for\u00eat de Marly, vous pourrez y d\u00e9couvrir quelques arbres remarquables\u2026","rel":"","context":"Article similaire","block_context":{"text":"Article similaire","link":""},"img":{"alt_text":"","src":"https:\/\/i0.wp.com\/amis-letanglaville.org\/wp-content\/uploads\/2019\/05\/Ponceau-4.jpg?resize=350%2C200&ssl=1","width":350,"height":200,"srcset":"https:\/\/i0.wp.com\/amis-letanglaville.org\/wp-content\/uploads\/2019\/05\/Ponceau-4.jpg?resize=350%2C200&ssl=1 1x, https:\/\/i0.wp.com\/amis-letanglaville.org\/wp-content\/uploads\/2019\/05\/Ponceau-4.jpg?resize=525%2C300&ssl=1 1.5x"},"classes":[]},{"id":949,"url":"https:\/\/amis-letanglaville.org\/?page_id=949","url_meta":{"origin":2542,"position":1},"title":"Les Peintres","author":"admin7235","date":"2 mai 2019","format":false,"excerpt":"Les Peintres Edouard VUILLARD Le peintre K. X. Roussel dans son atelier de la ruelle de la Coulette \u00e0 l\u2019Etang-la-Ville (1934-1937) Mus\u00e9e d\u2019Art Moderne de la Ville de Paris K.X. Roussel lisant le journal (1894 Edouard Vuillard est n\u00e9 le 11 novembre 1868 \u00e0 Cuiseaux (Saone-et-Loire).Au lyc\u00e9e Condorcet, il rencontre\u2026","rel":"","context":"Article similaire","block_context":{"text":"Article similaire","link":""},"img":{"alt_text":"","src":"https:\/\/i0.wp.com\/amis-letanglaville.org\/wp-content\/uploads\/2020\/12\/Maison-mere-Roussel-Bonnard.png?resize=350%2C200&ssl=1","width":350,"height":200,"srcset":"https:\/\/i0.wp.com\/amis-letanglaville.org\/wp-content\/uploads\/2020\/12\/Maison-mere-Roussel-Bonnard.png?resize=350%2C200&ssl=1 1x, https:\/\/i0.wp.com\/amis-letanglaville.org\/wp-content\/uploads\/2020\/12\/Maison-mere-Roussel-Bonnard.png?resize=525%2C300&ssl=1 1.5x"},"classes":[]},{"id":161,"url":"https:\/\/amis-letanglaville.org\/?page_id=161","url_meta":{"origin":2542,"position":2},"title":"Notre Village","author":"admin7235","date":"28 novembre 2018","format":false,"excerpt":"L'\u00c9tang-la-Ville L'\u00c9tang-la-Ville est une commune d'un peu plus de 5.000 habitants situ\u00e9e dans le d\u00e9partement des Yvelines (Ile de France). Situ\u00e9e au coeur de la for\u00eat domaniale de Marly, \u00e0 cinq kilom\u00e8tres au sud-ouest de Saint Germain en Laye. Versailles est \u00e0 une dizaine de kilom\u00e8tres \u00e0 vol d'oiseau. La\u2026","rel":"","context":"Article similaire","block_context":{"text":"Article similaire","link":""},"img":{"alt_text":"","src":"https:\/\/i0.wp.com\/amis-letanglaville.org\/wp-content\/uploads\/2023\/05\/Ages-ELV.webp?resize=350%2C200&ssl=1","width":350,"height":200,"srcset":"https:\/\/i0.wp.com\/amis-letanglaville.org\/wp-content\/uploads\/2023\/05\/Ages-ELV.webp?resize=350%2C200&ssl=1 1x, https:\/\/i0.wp.com\/amis-letanglaville.org\/wp-content\/uploads\/2023\/05\/Ages-ELV.webp?resize=525%2C300&ssl=1 1.5x, https:\/\/i0.wp.com\/amis-letanglaville.org\/wp-content\/uploads\/2023\/05\/Ages-ELV.webp?resize=700%2C400&ssl=1 2x"},"classes":[]},{"id":392,"url":"https:\/\/amis-letanglaville.org\/?page_id=392","url_meta":{"origin":2542,"position":3},"title":"Un peu d&rsquo;histoire","author":"admin7235","date":"9 d\u00e9cembre 2018","format":false,"excerpt":"Les seigneurs de l'\u00c9tangLes \u00ab\u00a0Montaigu\u00a0\u00bbA la fin du XIV\u00e8me si\u00e8cle, la seigneurie de l\u2019Etang la Ville \u00e9tait dans la maison des Montaigu. De cette \u00e9poque, il nous reste un vestige\u00a0: \u00ab\u00a0la fontaine St-Pierre\u00a0\u00bb.Le dernier descendant, Jean de Montaigu, surintendant des Finances, victime de la querelle des \u00ab\u00a0Bourguignons\u00a0\u00bb et des \u00ab\u00a0Armagnac\u00a0\u00bb,\u2026","rel":"","context":"Article similaire","block_context":{"text":"Article similaire","link":""},"img":{"alt_text":"","src":"https:\/\/i0.wp.com\/amis-letanglaville.org\/wp-content\/uploads\/2019\/01\/S%C3%A9guie-Charles_Le_Brun.jpg?resize=350%2C200&ssl=1","width":350,"height":200,"srcset":"https:\/\/i0.wp.com\/amis-letanglaville.org\/wp-content\/uploads\/2019\/01\/S%C3%A9guie-Charles_Le_Brun.jpg?resize=350%2C200&ssl=1 1x, https:\/\/i0.wp.com\/amis-letanglaville.org\/wp-content\/uploads\/2019\/01\/S%C3%A9guie-Charles_Le_Brun.jpg?resize=525%2C300&ssl=1 1.5x, https:\/\/i0.wp.com\/amis-letanglaville.org\/wp-content\/uploads\/2019\/01\/S%C3%A9guie-Charles_Le_Brun.jpg?resize=700%2C400&ssl=1 2x"},"classes":[]},{"id":749,"url":"https:\/\/amis-letanglaville.org\/?page_id=749","url_meta":{"origin":2542,"position":4},"title":"Edifices Historiques","author":"admin7235","date":"4 avril 2019","format":false,"excerpt":"LE CH\u00c2TEAU Construit au 17\u00e8me si\u00e8cle dans le style de l'\u00e9poque par la famille S\u00e9guier, seigneurs de l'Etang-la-Ville, il a subi peu de modifications jusqu 'au milieu du XX\u00e8me si\u00e8cle:- l'avanc\u00e9e de l'entr\u00e9e principale\u00a0et le fronton la surmontant ont \u00e9t\u00e9 supprim\u00e9s- le porche et la grille d'entr\u00e9e qui portait les\u2026","rel":"","context":"Article similaire","block_context":{"text":"Article similaire","link":""},"img":{"alt_text":"","src":"https:\/\/i0.wp.com\/amis-letanglaville.org\/wp-content\/uploads\/2019\/04\/Eglise-St-Anne.jpg?resize=350%2C200&ssl=1","width":350,"height":200},"classes":[]},{"id":913,"url":"https:\/\/amis-letanglaville.org\/?page_id=913","url_meta":{"origin":2542,"position":5},"title":"Les Trains et le Tram 13","author":"admin7235","date":"2 mai 2019","format":false,"excerpt":"La 1\u00e8re ligne de chemin de fer ST LAZARE A ST GERMAIN VIA ST NOM LA BRETECHECe n\u2019est qu\u2019en 1884 que sera r\u00e9alis\u00e9e la ligne de Paris ST Lazare par St Cloud avec comme terminus la station de l\u2019Etang la Ville \/ Ouest, \u00e0 l\u2019emplacement actuel de la gare de\u2026","rel":"","context":"Article similaire","block_context":{"text":"Article similaire","link":""},"img":{"alt_text":"","src":"https:\/\/i0.wp.com\/amis-letanglaville.org\/wp-content\/uploads\/2019\/05\/Gare-540-1024x658.jpg?resize=350%2C200&ssl=1","width":350,"height":200,"srcset":"https:\/\/i0.wp.com\/amis-letanglaville.org\/wp-content\/uploads\/2019\/05\/Gare-540-1024x658.jpg?resize=350%2C200&ssl=1 1x, https:\/\/i0.wp.com\/amis-letanglaville.org\/wp-content\/uploads\/2019\/05\/Gare-540-1024x658.jpg?resize=525%2C300&ssl=1 1.5x, https:\/\/i0.wp.com\/amis-letanglaville.org\/wp-content\/uploads\/2019\/05\/Gare-540-1024x658.jpg?resize=700%2C400&ssl=1 2x"},"classes":[]}],"_links":{"self":[{"href":"https:\/\/amis-letanglaville.org\/index.php?rest_route=\/wp\/v2\/pages\/2542","targetHints":{"allow":["GET"]}}],"collection":[{"href":"https:\/\/amis-letanglaville.org\/index.php?rest_route=\/wp\/v2\/pages"}],"about":[{"href":"https:\/\/amis-letanglaville.org\/index.php?rest_route=\/wp\/v2\/types\/page"}],"author":[{"embeddable":true,"href":"https:\/\/amis-letanglaville.org\/index.php?rest_route=\/wp\/v2\/users\/1"}],"replies":[{"embeddable":true,"href":"https:\/\/amis-letanglaville.org\/index.php?rest_route=%2Fwp%2Fv2%2Fcomments&post=2542"}],"version-history":[{"count":3,"href":"https:\/\/amis-letanglaville.org\/index.php?rest_route=\/wp\/v2\/pages\/2542\/revisions"}],"predecessor-version":[{"id":4292,"href":"https:\/\/amis-letanglaville.org\/index.php?rest_route=\/wp\/v2\/pages\/2542\/revisions\/4292"}],"wp:attachment":[{"href":"https:\/\/amis-letanglaville.org\/index.php?rest_route=%2Fwp%2Fv2%2Fmedia&parent=2542"}],"curies":[{"name":"wp","href":"https:\/\/api.w.org\/{rel}","templated":true}]}}