{"id":1827,"date":"2019-06-24T16:26:08","date_gmt":"2019-06-24T14:26:08","guid":{"rendered":"https:\/\/amis-letanglaville.org\/?page_id=1827"},"modified":"2024-11-03T21:16:00","modified_gmt":"2024-11-03T20:16:00","slug":"collections","status":"publish","type":"page","link":"https:\/\/amis-letanglaville.org\/?page_id=1827","title":{"rendered":"Archives"},"content":{"rendered":"\t\t<div data-elementor-type=\"wp-post\" data-elementor-id=\"1827\" class=\"elementor elementor-1827\" data-elementor-post-type=\"page\">\n\t\t\t\t\t\t<section class=\"elementor-section elementor-top-section elementor-element elementor-element-a76d5a9 elementor-section-stretched elementor-section-boxed elementor-section-height-default elementor-section-height-default\" data-id=\"a76d5a9\" data-element_type=\"section\" data-e-type=\"section\" data-settings=\"{&quot;stretch_section&quot;:&quot;section-stretched&quot;}\">\n\t\t\t\t\t\t<div class=\"elementor-container elementor-column-gap-default\">\n\t\t\t\t\t<div class=\"elementor-column elementor-col-100 elementor-top-column elementor-element elementor-element-8ffd5ff\" data-id=\"8ffd5ff\" data-element_type=\"column\" data-e-type=\"column\">\n\t\t\t<div class=\"elementor-widget-wrap elementor-element-populated\">\n\t\t\t\t\t\t<div class=\"elementor-element elementor-element-c806839 elementor-widget elementor-widget-text-editor\" data-id=\"c806839\" data-element_type=\"widget\" data-e-type=\"widget\" data-widget_type=\"text-editor.default\">\n\t\t\t\t<div class=\"elementor-widget-container\">\n\t\t\t\t\t\t\t\t\t<p>Les archives des Amis de l\u2019Etang remontent \u00e0 1960.\u2008Il y en a trop pour le site. Aussi avons-nous choisi de limiter le contenu aux derni\u00e8res ann\u00e9es. N\u00e9anmoins, il est int\u00e9ressant de constater que certains probl\u00e8mes ont des occurences anciennes.\u2008Par exemple l\u2019article suivant paru dans le Figaro du 16 octobre 1962 qui \u00e9voque un abattage massif en for\u00eat de Marly.<\/p>\t\t\t\t\t\t\t\t<\/div>\n\t\t\t\t<\/div>\n\t\t\t\t\t<\/div>\n\t\t<\/div>\n\t\t\t\t\t<\/div>\n\t\t<\/section>\n\t\t\t\t<section class=\"elementor-section elementor-top-section elementor-element elementor-element-b62ef24 elementor-section-boxed elementor-section-height-default elementor-section-height-default\" data-id=\"b62ef24\" data-element_type=\"section\" data-e-type=\"section\">\n\t\t\t\t\t\t<div class=\"elementor-container elementor-column-gap-default\">\n\t\t\t\t\t<div class=\"elementor-column elementor-col-100 elementor-top-column elementor-element elementor-element-f1216d9\" data-id=\"f1216d9\" data-element_type=\"column\" data-e-type=\"column\">\n\t\t\t<div class=\"elementor-widget-wrap elementor-element-populated\">\n\t\t\t\t\t\t<div class=\"elementor-element elementor-element-8dde356 elementor-widget elementor-widget-image\" data-id=\"8dde356\" data-element_type=\"widget\" data-e-type=\"widget\" data-widget_type=\"image.default\">\n\t\t\t\t<div class=\"elementor-widget-container\">\n\t\t\t\t\t\t\t\t\t\t\t\t\t\t\t<img fetchpriority=\"high\" decoding=\"async\" width=\"906\" height=\"1024\" src=\"https:\/\/i0.wp.com\/amis-letanglaville.org\/wp-content\/uploads\/2023\/04\/Foret-de-Marly-1962.webp?fit=906%2C1024&amp;ssl=1\" class=\"attachment-large size-large wp-image-2941\" alt=\"\" srcset=\"https:\/\/i0.wp.com\/amis-letanglaville.org\/wp-content\/uploads\/2023\/04\/Foret-de-Marly-1962.webp?w=1415&amp;ssl=1 1415w, https:\/\/i0.wp.com\/amis-letanglaville.org\/wp-content\/uploads\/2023\/04\/Foret-de-Marly-1962.webp?resize=265%2C300&amp;ssl=1 265w, https:\/\/i0.wp.com\/amis-letanglaville.org\/wp-content\/uploads\/2023\/04\/Foret-de-Marly-1962.webp?resize=906%2C1024&amp;ssl=1 906w, https:\/\/i0.wp.com\/amis-letanglaville.org\/wp-content\/uploads\/2023\/04\/Foret-de-Marly-1962.webp?resize=768%2C868&amp;ssl=1 768w, https:\/\/i0.wp.com\/amis-letanglaville.org\/wp-content\/uploads\/2023\/04\/Foret-de-Marly-1962.webp?resize=1358%2C1536&amp;ssl=1 1358w\" sizes=\"(max-width: 906px) 100vw, 906px\" \/>\t\t\t\t\t\t\t\t\t\t\t\t\t\t\t<\/div>\n\t\t\t\t<\/div>\n\t\t\t\t\t<\/div>\n\t\t<\/div>\n\t\t\t\t\t<\/div>\n\t\t<\/section>\n\t\t\t\t<section class=\"elementor-section elementor-top-section elementor-element elementor-element-bd54970 elementor-section-stretched elementor-section-boxed elementor-section-height-default elementor-section-height-default\" data-id=\"bd54970\" data-element_type=\"section\" data-e-type=\"section\" data-settings=\"{&quot;stretch_section&quot;:&quot;section-stretched&quot;}\">\n\t\t\t\t\t\t<div class=\"elementor-container elementor-column-gap-default\">\n\t\t\t\t\t<div class=\"elementor-column elementor-col-50 elementor-top-column elementor-element elementor-element-301117a\" data-id=\"301117a\" data-element_type=\"column\" data-e-type=\"column\">\n\t\t\t<div class=\"elementor-widget-wrap elementor-element-populated\">\n\t\t\t\t\t\t<div class=\"elementor-element elementor-element-0e384bb elementor-widget elementor-widget-text-editor\" data-id=\"0e384bb\" data-element_type=\"widget\" data-e-type=\"widget\" data-widget_type=\"text-editor.default\">\n\t\t\t\t<div class=\"elementor-widget-container\">\n\t\t\t\t\t\t\t\t\t<p><a href=\"https:\/\/amis-letanglaville.org\/wp-content\/uploads\/2024\/11\/A3-Archives-2019.pdf\"><strong>ARCHIVES 2019<\/strong><\/a><\/p>\t\t\t\t\t\t\t\t<\/div>\n\t\t\t\t<\/div>\n\t\t\t\t<div class=\"elementor-element elementor-element-a586df7 elementor-widget elementor-widget-text-editor\" data-id=\"a586df7\" data-element_type=\"widget\" data-e-type=\"widget\" data-widget_type=\"text-editor.default\">\n\t\t\t\t<div class=\"elementor-widget-container\">\n\t\t\t\t\t\t\t\t\t<p><a href=\"https:\/\/amis-letanglaville.org\/wp-content\/uploads\/2024\/11\/A3-Archives-2021.pdf\"><strong>ARCHIVES 2021<\/strong><\/a><\/p>\t\t\t\t\t\t\t\t<\/div>\n\t\t\t\t<\/div>\n\t\t\t\t<div class=\"elementor-element elementor-element-2aa5d2a elementor-widget elementor-widget-text-editor\" data-id=\"2aa5d2a\" data-element_type=\"widget\" data-e-type=\"widget\" data-widget_type=\"text-editor.default\">\n\t\t\t\t<div class=\"elementor-widget-container\">\n\t\t\t\t\t\t\t\t\t<p><a href=\"https:\/\/amis-letanglaville.org\/?page_id=3496\"><strong>ARCHIVES 2023<\/strong><\/a><\/p>\t\t\t\t\t\t\t\t<\/div>\n\t\t\t\t<\/div>\n\t\t\t\t\t<\/div>\n\t\t<\/div>\n\t\t\t\t<div class=\"elementor-column elementor-col-50 elementor-top-column elementor-element elementor-element-68cccb0\" data-id=\"68cccb0\" data-element_type=\"column\" data-e-type=\"column\">\n\t\t\t<div class=\"elementor-widget-wrap elementor-element-populated\">\n\t\t\t\t\t\t<div class=\"elementor-element elementor-element-33b4b37 elementor-widget elementor-widget-text-editor\" data-id=\"33b4b37\" data-element_type=\"widget\" data-e-type=\"widget\" data-widget_type=\"text-editor.default\">\n\t\t\t\t<div class=\"elementor-widget-container\">\n\t\t\t\t\t\t\t\t\t<p><a href=\"https:\/\/amis-letanglaville.org\/wp-content\/uploads\/2024\/11\/A3-Archives-2020.pdf\"><strong>ARCHIVES 2020<\/strong><\/a><\/p>\t\t\t\t\t\t\t\t<\/div>\n\t\t\t\t<\/div>\n\t\t\t\t<div class=\"elementor-element elementor-element-545dcc6 elementor-widget elementor-widget-text-editor\" data-id=\"545dcc6\" data-element_type=\"widget\" data-e-type=\"widget\" data-widget_type=\"text-editor.default\">\n\t\t\t\t<div class=\"elementor-widget-container\">\n\t\t\t\t\t\t\t\t\t<p><a href=\"https:\/\/amis-letanglaville.org\/wp-content\/uploads\/2024\/11\/A3-Archives-2022.pdf\"><strong>ARCHIVES 2022<\/strong><\/a><\/p>\t\t\t\t\t\t\t\t<\/div>\n\t\t\t\t<\/div>\n\t\t\t\t\t<\/div>\n\t\t<\/div>\n\t\t\t\t\t<\/div>\n\t\t<\/section>\n\t\t\t\t<\/div>\n\t\t","protected":false},"excerpt":{"rendered":"<p>Les archives des Amis de l\u2019Etang remontent \u00e0 1960.\u2008Il y en a trop pour le site. Aussi avons-nous choisi de &hellip; <a href=\"https:\/\/amis-letanglaville.org\/?page_id=1827\" class=\"more-link\">Continue reading <span class=\"screen-reader-text\">Archives<\/span><\/a><\/p>\n","protected":false},"author":1,"featured_media":0,"parent":0,"menu_order":0,"comment_status":"closed","ping_status":"closed","template":"","meta":{"_angie_page":false,"ngg_post_thumbnail":0,"jetpack_post_was_ever_published":false,"footnotes":""},"class_list":["post-1827","page","type-page","status-publish","hentry"],"jetpack_sharing_enabled":true,"jetpack_shortlink":"https:\/\/wp.me\/PaCZch-tt","jetpack-related-posts":[{"id":3496,"url":"https:\/\/amis-letanglaville.org\/?page_id=3496","url_meta":{"origin":1827,"position":0},"title":"ARCHIVES 2023","author":"admin7235","date":"22 f\u00e9vrier 2024","format":false,"excerpt":"CommunicationBulletins : 2 bulletins (131 et 132) ont \u00e9t\u00e9 publi\u00e9s.Mails de la vice-pr\u00e9sidente qui vous tient au courant de multiples activit\u00e9sManifestations culturellesAu mois de juin les artistes de l'Etang la Ville ont ouvert leurs porte.En novembre ont eu lieu :- Le 53\u00e8me Salon des Arts- Le 12\u00e8me Salon des Cr\u00e9ateursAutres\u2026","rel":"","context":"Article similaire","block_context":{"text":"Article similaire","link":""},"img":{"alt_text":"","src":"https:\/\/i0.wp.com\/amis-letanglaville.org\/wp-content\/uploads\/2024\/02\/Archive-205x300.webp?resize=350%2C200&ssl=1","width":350,"height":200},"classes":[]},{"id":913,"url":"https:\/\/amis-letanglaville.org\/?page_id=913","url_meta":{"origin":1827,"position":1},"title":"Les Trains et le Tram 13","author":"admin7235","date":"2 mai 2019","format":false,"excerpt":"La 1\u00e8re ligne de chemin de fer ST LAZARE A ST GERMAIN VIA ST NOM LA BRETECHECe n\u2019est qu\u2019en 1884 que sera r\u00e9alis\u00e9e la ligne de Paris ST Lazare par St Cloud avec comme terminus la station de l\u2019Etang la Ville \/ Ouest, \u00e0 l\u2019emplacement actuel de la gare de\u2026","rel":"","context":"Article similaire","block_context":{"text":"Article similaire","link":""},"img":{"alt_text":"","src":"https:\/\/i0.wp.com\/amis-letanglaville.org\/wp-content\/uploads\/2019\/05\/Gare-540-1024x658.jpg?resize=350%2C200&ssl=1","width":350,"height":200,"srcset":"https:\/\/i0.wp.com\/amis-letanglaville.org\/wp-content\/uploads\/2019\/05\/Gare-540-1024x658.jpg?resize=350%2C200&ssl=1 1x, https:\/\/i0.wp.com\/amis-letanglaville.org\/wp-content\/uploads\/2019\/05\/Gare-540-1024x658.jpg?resize=525%2C300&ssl=1 1.5x, https:\/\/i0.wp.com\/amis-letanglaville.org\/wp-content\/uploads\/2019\/05\/Gare-540-1024x658.jpg?resize=700%2C400&ssl=1 2x"},"classes":[]},{"id":949,"url":"https:\/\/amis-letanglaville.org\/?page_id=949","url_meta":{"origin":1827,"position":2},"title":"Les Peintres","author":"admin7235","date":"2 mai 2019","format":false,"excerpt":"Les Peintres Edouard VUILLARD Le peintre K. X. Roussel dans son atelier de la ruelle de la Coulette \u00e0 l\u2019Etang-la-Ville (1934-1937) Mus\u00e9e d\u2019Art Moderne de la Ville de Paris K.X. Roussel lisant le journal (1894 Edouard Vuillard est n\u00e9 le 11 novembre 1868 \u00e0 Cuiseaux (Saone-et-Loire).Au lyc\u00e9e Condorcet, il rencontre\u2026","rel":"","context":"Article similaire","block_context":{"text":"Article similaire","link":""},"img":{"alt_text":"","src":"https:\/\/i0.wp.com\/amis-letanglaville.org\/wp-content\/uploads\/2020\/12\/Maison-mere-Roussel-Bonnard.png?resize=350%2C200&ssl=1","width":350,"height":200,"srcset":"https:\/\/i0.wp.com\/amis-letanglaville.org\/wp-content\/uploads\/2020\/12\/Maison-mere-Roussel-Bonnard.png?resize=350%2C200&ssl=1 1x, https:\/\/i0.wp.com\/amis-letanglaville.org\/wp-content\/uploads\/2020\/12\/Maison-mere-Roussel-Bonnard.png?resize=525%2C300&ssl=1 1.5x"},"classes":[]},{"id":392,"url":"https:\/\/amis-letanglaville.org\/?page_id=392","url_meta":{"origin":1827,"position":3},"title":"Un peu d&rsquo;histoire","author":"admin7235","date":"9 d\u00e9cembre 2018","format":false,"excerpt":"Les seigneurs de l'\u00c9tangLes \u00ab\u00a0Montaigu\u00a0\u00bbA la fin du XIV\u00e8me si\u00e8cle, la seigneurie de l\u2019Etang la Ville \u00e9tait dans la maison des Montaigu. De cette \u00e9poque, il nous reste un vestige\u00a0: \u00ab\u00a0la fontaine St-Pierre\u00a0\u00bb.Le dernier descendant, Jean de Montaigu, surintendant des Finances, victime de la querelle des \u00ab\u00a0Bourguignons\u00a0\u00bb et des \u00ab\u00a0Armagnac\u00a0\u00bb,\u2026","rel":"","context":"Article similaire","block_context":{"text":"Article similaire","link":""},"img":{"alt_text":"","src":"https:\/\/i0.wp.com\/amis-letanglaville.org\/wp-content\/uploads\/2019\/01\/S%C3%A9guie-Charles_Le_Brun.jpg?resize=350%2C200&ssl=1","width":350,"height":200,"srcset":"https:\/\/i0.wp.com\/amis-letanglaville.org\/wp-content\/uploads\/2019\/01\/S%C3%A9guie-Charles_Le_Brun.jpg?resize=350%2C200&ssl=1 1x, https:\/\/i0.wp.com\/amis-letanglaville.org\/wp-content\/uploads\/2019\/01\/S%C3%A9guie-Charles_Le_Brun.jpg?resize=525%2C300&ssl=1 1.5x, https:\/\/i0.wp.com\/amis-letanglaville.org\/wp-content\/uploads\/2019\/01\/S%C3%A9guie-Charles_Le_Brun.jpg?resize=700%2C400&ssl=1 2x"},"classes":[]},{"id":749,"url":"https:\/\/amis-letanglaville.org\/?page_id=749","url_meta":{"origin":1827,"position":4},"title":"Edifices Historiques","author":"admin7235","date":"4 avril 2019","format":false,"excerpt":"LE CH\u00c2TEAU Construit au 17\u00e8me si\u00e8cle dans le style de l'\u00e9poque par la famille S\u00e9guier, seigneurs de l'Etang-la-Ville, il a subi peu de modifications jusqu 'au milieu du XX\u00e8me si\u00e8cle:- l'avanc\u00e9e de l'entr\u00e9e principale\u00a0et le fronton la surmontant ont \u00e9t\u00e9 supprim\u00e9s- le porche et la grille d'entr\u00e9e qui portait les\u2026","rel":"","context":"Article similaire","block_context":{"text":"Article similaire","link":""},"img":{"alt_text":"","src":"https:\/\/i0.wp.com\/amis-letanglaville.org\/wp-content\/uploads\/2019\/04\/Eglise-St-Anne.jpg?resize=350%2C200&ssl=1","width":350,"height":200},"classes":[]},{"id":1579,"url":"https:\/\/amis-letanglaville.org\/?page_id=1579","url_meta":{"origin":1827,"position":5},"title":"INFOS PRATIQUES","author":"admin7235","date":"9 juin 2019","format":false,"excerpt":"INTRODUCTIONHabitant pr\u00e8s de la for\u00eat de Marly et dans un village arbor\u00e9, nous avons pens\u00e9 utile d\u2019inclure dans notre site quelques articles sur les nuisances ou dangers possibles.1. La Pyrale du buis2.\u2008La maladie de LymeLa Pyrale du BuisComment repousser l\u2019envahisseur?Par\u00a0 \u00a0Marc Mennessier Mis \u00e0 jour le 09\/05\/2019AU JARDIN CE WEEK-END\u2026","rel":"","context":"Article similaire","block_context":{"text":"Article similaire","link":""},"img":{"alt_text":"","src":"https:\/\/i0.wp.com\/amis-letanglaville.org\/wp-content\/uploads\/2019\/06\/Tiques.jpg?resize=350%2C200&ssl=1","width":350,"height":200},"classes":[]}],"_links":{"self":[{"href":"https:\/\/amis-letanglaville.org\/index.php?rest_route=\/wp\/v2\/pages\/1827","targetHints":{"allow":["GET"]}}],"collection":[{"href":"https:\/\/amis-letanglaville.org\/index.php?rest_route=\/wp\/v2\/pages"}],"about":[{"href":"https:\/\/amis-letanglaville.org\/index.php?rest_route=\/wp\/v2\/types\/page"}],"author":[{"embeddable":true,"href":"https:\/\/amis-letanglaville.org\/index.php?rest_route=\/wp\/v2\/users\/1"}],"replies":[{"embeddable":true,"href":"https:\/\/amis-letanglaville.org\/index.php?rest_route=%2Fwp%2Fv2%2Fcomments&post=1827"}],"version-history":[{"count":3,"href":"https:\/\/amis-letanglaville.org\/index.php?rest_route=\/wp\/v2\/pages\/1827\/revisions"}],"predecessor-version":[{"id":4079,"href":"https:\/\/amis-letanglaville.org\/index.php?rest_route=\/wp\/v2\/pages\/1827\/revisions\/4079"}],"wp:attachment":[{"href":"https:\/\/amis-letanglaville.org\/index.php?rest_route=%2Fwp%2Fv2%2Fmedia&parent=1827"}],"curies":[{"name":"wp","href":"https:\/\/api.w.org\/{rel}","templated":true}]}}