{"id":1579,"date":"2019-06-09T10:55:10","date_gmt":"2019-06-09T08:55:10","guid":{"rendered":"https:\/\/amis-letanglaville.org\/?page_id=1579"},"modified":"2025-03-07T23:14:50","modified_gmt":"2025-03-07T22:14:50","slug":"infos-pratiques","status":"publish","type":"page","link":"https:\/\/amis-letanglaville.org\/?page_id=1579","title":{"rendered":"INFOS PRATIQUES"},"content":{"rendered":"\t\t<div data-elementor-type=\"wp-post\" data-elementor-id=\"1579\" class=\"elementor elementor-1579\" data-elementor-post-type=\"page\">\n\t\t\t\t\t\t<section class=\"elementor-section elementor-top-section elementor-element elementor-element-29d97e7 elementor-section-stretched elementor-section-boxed elementor-section-height-default elementor-section-height-default\" data-id=\"29d97e7\" data-element_type=\"section\" data-e-type=\"section\" data-settings=\"{&quot;stretch_section&quot;:&quot;section-stretched&quot;}\">\n\t\t\t\t\t\t<div class=\"elementor-container elementor-column-gap-default\">\n\t\t\t\t\t<div class=\"elementor-column elementor-col-100 elementor-top-column elementor-element elementor-element-df4a8ae\" data-id=\"df4a8ae\" data-element_type=\"column\" data-e-type=\"column\">\n\t\t\t<div class=\"elementor-widget-wrap elementor-element-populated\">\n\t\t\t\t\t\t<div class=\"elementor-element elementor-element-bdfcf21 elementor-widget elementor-widget-text-editor\" data-id=\"bdfcf21\" data-element_type=\"widget\" data-e-type=\"widget\" data-widget_type=\"text-editor.default\">\n\t\t\t\t<div class=\"elementor-widget-container\">\n\t\t\t\t\t\t\t\t\t<p><strong>INTRODUCTION<\/strong><\/p>\t\t\t\t\t\t\t\t<\/div>\n\t\t\t\t<\/div>\n\t\t\t\t\t<\/div>\n\t\t<\/div>\n\t\t\t\t\t<\/div>\n\t\t<\/section>\n\t\t\t\t<section class=\"elementor-section elementor-top-section elementor-element elementor-element-8c6ad5d elementor-section-stretched elementor-section-boxed elementor-section-height-default elementor-section-height-default\" data-id=\"8c6ad5d\" data-element_type=\"section\" data-e-type=\"section\" data-settings=\"{&quot;stretch_section&quot;:&quot;section-stretched&quot;}\">\n\t\t\t\t\t\t<div class=\"elementor-container elementor-column-gap-default\">\n\t\t\t\t\t<div class=\"elementor-column elementor-col-100 elementor-top-column elementor-element elementor-element-fcca454\" data-id=\"fcca454\" data-element_type=\"column\" data-e-type=\"column\">\n\t\t\t<div class=\"elementor-widget-wrap elementor-element-populated\">\n\t\t\t\t\t\t<div class=\"elementor-element elementor-element-e3c8f87 elementor-widget elementor-widget-text-editor\" data-id=\"e3c8f87\" data-element_type=\"widget\" data-e-type=\"widget\" data-widget_type=\"text-editor.default\">\n\t\t\t\t<div class=\"elementor-widget-container\">\n\t\t\t\t\t\t\t\t\t<p>Habitant pr\u00e8s de la for\u00eat de Marly et dans un village arbor\u00e9, nous avons pens\u00e9 utile d\u2019inclure dans notre site quelques articles sur les nuisances ou dangers possibles.<\/p><p>1. La Pyrale du buis<\/p><p>2.\u2008La maladie de Lyme<\/p>\t\t\t\t\t\t\t\t<\/div>\n\t\t\t\t<\/div>\n\t\t\t\t\t<\/div>\n\t\t<\/div>\n\t\t\t\t\t<\/div>\n\t\t<\/section>\n\t\t\t\t<section class=\"elementor-section elementor-top-section elementor-element elementor-element-f07dc5f elementor-section-stretched elementor-section-boxed elementor-section-height-default elementor-section-height-default\" data-id=\"f07dc5f\" data-element_type=\"section\" data-e-type=\"section\" data-settings=\"{&quot;stretch_section&quot;:&quot;section-stretched&quot;}\">\n\t\t\t\t\t\t<div class=\"elementor-container elementor-column-gap-default\">\n\t\t\t\t\t<div class=\"elementor-column elementor-col-100 elementor-top-column elementor-element elementor-element-fce705a\" data-id=\"fce705a\" data-element_type=\"column\" data-e-type=\"column\">\n\t\t\t<div class=\"elementor-widget-wrap elementor-element-populated\">\n\t\t\t\t\t\t<div class=\"elementor-element elementor-element-28d56f6 elementor-widget elementor-widget-text-editor\" data-id=\"28d56f6\" data-element_type=\"widget\" data-e-type=\"widget\" data-widget_type=\"text-editor.default\">\n\t\t\t\t<div class=\"elementor-widget-container\">\n\t\t\t\t\t\t\t\t\t<p><strong>La Pyrale du Buis<\/strong><\/p>\t\t\t\t\t\t\t\t<\/div>\n\t\t\t\t<\/div>\n\t\t\t\t\t<\/div>\n\t\t<\/div>\n\t\t\t\t\t<\/div>\n\t\t<\/section>\n\t\t\t\t<section class=\"elementor-section elementor-top-section elementor-element elementor-element-0e8b1bd elementor-section-stretched elementor-section-boxed elementor-section-height-default elementor-section-height-default\" data-id=\"0e8b1bd\" data-element_type=\"section\" data-e-type=\"section\" data-settings=\"{&quot;stretch_section&quot;:&quot;section-stretched&quot;}\">\n\t\t\t\t\t\t<div class=\"elementor-container elementor-column-gap-default\">\n\t\t\t\t\t<div class=\"elementor-column elementor-col-100 elementor-top-column elementor-element elementor-element-a58b065\" data-id=\"a58b065\" data-element_type=\"column\" data-e-type=\"column\">\n\t\t\t<div class=\"elementor-widget-wrap elementor-element-populated\">\n\t\t\t\t\t\t<div class=\"elementor-element elementor-element-d74c7fe elementor-widget elementor-widget-text-editor\" data-id=\"d74c7fe\" data-element_type=\"widget\" data-e-type=\"widget\" data-widget_type=\"text-editor.default\">\n\t\t\t\t<div class=\"elementor-widget-container\">\n\t\t\t\t\t\t\t\t\t<p class=\"Pardfaut\">Comment repousser l\u2019envahisseur?<\/p>\t\t\t\t\t\t\t\t<\/div>\n\t\t\t\t<\/div>\n\t\t\t\t\t<\/div>\n\t\t<\/div>\n\t\t\t\t\t<\/div>\n\t\t<\/section>\n\t\t\t\t<section class=\"elementor-section elementor-top-section elementor-element elementor-element-c98c1a4 elementor-section-stretched elementor-section-boxed elementor-section-height-default elementor-section-height-default\" data-id=\"c98c1a4\" data-element_type=\"section\" data-e-type=\"section\" data-settings=\"{&quot;stretch_section&quot;:&quot;section-stretched&quot;}\">\n\t\t\t\t\t\t<div class=\"elementor-container elementor-column-gap-default\">\n\t\t\t\t\t<div class=\"elementor-column elementor-col-100 elementor-top-column elementor-element elementor-element-d2988ca\" data-id=\"d2988ca\" data-element_type=\"column\" data-e-type=\"column\">\n\t\t\t<div class=\"elementor-widget-wrap elementor-element-populated\">\n\t\t\t\t\t\t<div class=\"elementor-element elementor-element-cc4279a elementor-widget elementor-widget-text-editor\" data-id=\"cc4279a\" data-element_type=\"widget\" data-e-type=\"widget\" data-widget_type=\"text-editor.default\">\n\t\t\t\t<div class=\"elementor-widget-container\">\n\t\t\t\t\t\t\t\t\t<p><span lang=\"EN-US\">Par\u00a0 <\/span><span class=\"Aucune\"><span lang=\"EN-US\">\u00a0Marc Mennessier <\/span><\/span>Mis \u00e0 jour le 09\/05\/2019<\/p><p class=\"Pardfaut\"><b><span lang=\"DE\">AU JARDIN CE WEEK-END &#8211; <\/span><\/b><b>La brusque hausse des temp\u00e9ratures a r\u00e9veill\u00e9 ces terribles chenilles, originaires de Chine, qui d\u00e9vastent les buis de l\u2019hexagone depuis maintenant dix ans. Traitements, pi\u00e8ges: des solutions bio existent mais il faut agir d\u00e8s ce week-end. Explications.<\/b><b><\/b><\/p><p class=\"Pardfaut\">Comme chaque ann\u00e9e \u00e0 pareille \u00e9poque, la pyrale du buis refait parler d\u2019elle! En d\u00e9<span lang=\"DE\">pit des gel<\/span>\u00e9es enregistr\u00e9es en d\u00e9but de semaine dans la moiti\u00e9 nord du pays, la hausse des temp\u00e9ratures printani\u00e8res r\u00e9veillent les chenilles hivernantes de ce papillon nocturne (<span class=\"Aucune\"><i><span lang=\"ES-TRAD\">Cydalima perspectalis<\/span><\/i><\/span>) qui, depuis dix ans maintenant, ravage consciencieusement dentelles, bordures et topiaires de buis, parfois jusqu\u2019\u00e0 l\u2019\u00e9corce. Seuls quelques d\u00e9partements sont encore \u00e9pargn\u00e9s par la gloutonnerie de ce parasite venu de Chine qui s\u00e8me la d\u00e9solation dans les parcs et jardins \u00e0 <span lang=\"IT\">la fran<\/span><span lang=\"PT\">\u00e7<\/span>aise. Mais aussi chez les particuliers attach\u00e9s \u00e0 ce bel arbuste au feuillage persistant, riche d\u2019histoire et de symboles.<\/p><p class=\"Pardfaut\">Premi\u00e8re vague d\u2019assaut<\/p><p class=\"Pardfaut\">Pour contenir, cette premi\u00e8re vague d\u2019assaut, il faut pulv\u00e9riser ces jours-ci un insecticide bio, \u00e0 <span lang=\"PT\">base de <\/span><span class=\"Aucune\"><i>Bacillus thuringensis<\/i><\/span>(Bt), en prenant certaines pr\u00e9cautions. \u00abLe traitement doit \u00eatre r\u00e9alis\u00e9 le soir (le produit se d\u00e9grade \u00e0 la lumi\u00e8re) et au moins trois heures avant une pluie pour qu\u2019il ne soit pas lessiv\u00e9. Le tout en mouillant bien le feuillage de fa<span lang=\"PT\">\u00e7<\/span>on \u00e0 atteindre le maximum de chenilles<span lang=\"IT\">\u00bb<\/span>, explique J\u00e9r\u00f4me Jullien, expert national en Surveillance biologique du territoire au Minist\u00e8re de l\u2019agriculture. Le Bt \u00e9tant surtout efficace sur les larves jeunes (stades L1 et L2) vous devez intervenir sans tarder pour \u00e9viter qu\u2019elles ne prennent de l\u2019embonpoint et passent ainsi \u00e0 travers les mailles du filet.<\/p><p class=\"Pardfaut\">\u00abLe timing doit \u00eatre tr\u00e8<span lang=\"PT\">s pr<\/span>\u00e9cis, ce qui n\u2019est pas toujours facile \u00e0 mettre en \u0153uvre, en particulier s\u2019il pleut et fait du vent pendant une longue p\u00e9riode, ce qui est malheureusement fr\u00e9quent au printemps depuis quelques ann\u00e9es<span lang=\"IT\">\u00bb<\/span>, constate Patrick Borgeot, chef jardinier du ch\u00e2teau de Vaux-le-Vicomte qui utilise un autre insecticide bio, \u00e0 base de spinosad, plus souple d\u2019utilisation car efficace \u00e0 la fois sur chenilles et papillons. Mais dont l\u2019emploi est r\u00e9serv\u00e9&#8230; aux professionnels.<\/p><p class=\"Pardfaut\">\u00abLe recours aux n\u00e9matodes, vers microscopiques capables de s\u2019attaquer eux aussi \u00e0 de grosses chenilles, est une alternative int\u00e9<span lang=\"IT\">ressante m<\/span>\u00eame si leur efficacit\u00e9 est inf\u00e9rieure \u00e0 celle du Bt<span lang=\"IT\">\u00bb <\/span>souligne Thibault Crance, responsable des jardins et espaces verts chez Koppert, entreprise sp\u00e9cialis\u00e9e dans la lutte biologique, qui lance cette solution cette ann\u00e9<span lang=\"IT\">e.<\/span><\/p><p class=\"Pardfaut\">La bataille ne s\u2019arr\u00eate pas l\u00e0. Car si ce premier traitement r\u00e9duit significativement les populations de chenilles, lorsqu\u2019il est correctement appliqu\u00e9, celles qui en r\u00e9chappent se transformeront d\u2019<span lang=\"IT\">ici <\/span>\u00e0 la mi-mai en papillons adultes qui vont se reproduire et reconstituer les rangs de l\u2019ennemi.<\/p><p class=\"Pardfaut\">Pi\u00e8<span lang=\"DE\">ges <\/span>\u00e0 ph\u00e9<span lang=\"IT\">romones<\/span><\/p><p class=\"Pardfaut\">Pour pr\u00e9venir cette nouvelle invasion, la pose de pi\u00e8<span lang=\"DE\">ges <\/span>\u00e0 ph\u00e9romones permet de d\u00e9tecter le vol nuptial en attirant les m\u00e2les leurr\u00e9s par ces substances naturellement \u00e9mises par les femelles. Il en existe plusieurs mod\u00e8les notamment le Buxatrap (du latin <span class=\"Aucune\"><i>buxus<\/i><\/span>, buis) qui a l\u2019avantage de fonctionner sans qu\u2019il soit n\u00e9cessaire de le recharger en eau. Le dispositif doit \u00eatre install\u00e9 dans vos buis d\u00e8s maintenant, afin de ne pas rater les premiers vols, avec une ph\u00e9<span lang=\"IT\">romone <\/span>\u00e0 longue dur\u00e9e de vie car les pyrales pondent 2 voire 3 fois dans la saison dans la moiti\u00e9 sud ou si l\u2019automne est doux. Les ph\u00e9<span lang=\"ES-TRAD\">romones propos<\/span>\u00e9es par Koppert sous la marque Solabiol et M2I, entreprise fran<span lang=\"PT\">\u00e7<\/span>aise sp\u00e9cialis\u00e9e dans la lutte biologique en jardinage et en agriculture, restent actives pendant 3 \u00e0 4 mois. Mais celle de Sumi Agro France, vendue sous la marque Ginko Buxus, a l\u2019avantage de tenir toute une saison. La surveillance est donc beaucoup plus simple, tant pour le jardinier amateur (qui n\u2019a pas toujours le temps&#8230;) que pour le professionnel ou le gestionnaire de parc qui doit prot\u00e9ger de tr\u00e8s longs lin\u00e9aires de buis.<\/p><p class=\"Pardfaut\">\u00c0 <span lang=\"PT\">partir d<\/span>\u2019un certain nombre de capture de papillons m\u00e2les, vous devrez proc\u00e9<span lang=\"DE\">der <\/span>\u00e0 une nouvelle application de Bt ou de n\u00e9matodes, \u00e0 renouveler 10 \u00e0 15 jours plus tard, si vous constatez que quelques-unes de ces satan\u00e9es chenilles sont pass\u00e9es \u00e0 travers les gouttes.<\/p>\t\t\t\t\t\t\t\t<\/div>\n\t\t\t\t<\/div>\n\t\t\t\t\t<\/div>\n\t\t<\/div>\n\t\t\t\t\t<\/div>\n\t\t<\/section>\n\t\t\t\t<section class=\"elementor-section elementor-top-section elementor-element elementor-element-2ea3163 elementor-section-stretched elementor-section-boxed elementor-section-height-default elementor-section-height-default\" data-id=\"2ea3163\" data-element_type=\"section\" data-e-type=\"section\" data-settings=\"{&quot;stretch_section&quot;:&quot;section-stretched&quot;}\">\n\t\t\t\t\t\t<div class=\"elementor-container elementor-column-gap-default\">\n\t\t\t\t\t<div class=\"elementor-column elementor-col-50 elementor-top-column elementor-element elementor-element-b3361b4\" data-id=\"b3361b4\" data-element_type=\"column\" data-e-type=\"column\">\n\t\t\t<div class=\"elementor-widget-wrap elementor-element-populated\">\n\t\t\t\t\t\t<div class=\"elementor-element elementor-element-fa158af elementor-widget elementor-widget-image\" data-id=\"fa158af\" data-element_type=\"widget\" data-e-type=\"widget\" data-widget_type=\"image.default\">\n\t\t\t\t<div class=\"elementor-widget-container\">\n\t\t\t\t\t\t\t\t\t\t\t\t<figure class=\"wp-caption\">\n\t\t\t\t\t\t\t\t\t\t<img fetchpriority=\"high\" decoding=\"async\" width=\"1024\" height=\"578\" src=\"https:\/\/i0.wp.com\/amis-letanglaville.org\/wp-content\/uploads\/2019\/06\/Pyale-du-buis.png?fit=1024%2C578&amp;ssl=1\" class=\"attachment-large size-large wp-image-1590\" alt=\"\" srcset=\"https:\/\/i0.wp.com\/amis-letanglaville.org\/wp-content\/uploads\/2019\/06\/Pyale-du-buis.png?w=1932&amp;ssl=1 1932w, https:\/\/i0.wp.com\/amis-letanglaville.org\/wp-content\/uploads\/2019\/06\/Pyale-du-buis.png?resize=300%2C169&amp;ssl=1 300w, https:\/\/i0.wp.com\/amis-letanglaville.org\/wp-content\/uploads\/2019\/06\/Pyale-du-buis.png?resize=768%2C433&amp;ssl=1 768w, https:\/\/i0.wp.com\/amis-letanglaville.org\/wp-content\/uploads\/2019\/06\/Pyale-du-buis.png?resize=1024%2C578&amp;ssl=1 1024w\" sizes=\"(max-width: 1024px) 100vw, 1024px\" \/>\t\t\t\t\t\t\t\t\t\t\t<figcaption class=\"widget-image-caption wp-caption-text\">Pyrale du buis<\/figcaption>\n\t\t\t\t\t\t\t\t\t\t<\/figure>\n\t\t\t\t\t\t\t\t\t<\/div>\n\t\t\t\t<\/div>\n\t\t\t\t\t<\/div>\n\t\t<\/div>\n\t\t\t\t<div class=\"elementor-column elementor-col-50 elementor-top-column elementor-element elementor-element-8615cd9\" data-id=\"8615cd9\" data-element_type=\"column\" data-e-type=\"column\">\n\t\t\t<div class=\"elementor-widget-wrap elementor-element-populated\">\n\t\t\t\t\t\t<div class=\"elementor-element elementor-element-0e630b2 elementor-widget elementor-widget-image\" data-id=\"0e630b2\" data-element_type=\"widget\" data-e-type=\"widget\" data-widget_type=\"image.default\">\n\t\t\t\t<div class=\"elementor-widget-container\">\n\t\t\t\t\t\t\t\t\t\t\t\t<figure class=\"wp-caption\">\n\t\t\t\t\t\t\t\t\t\t<img decoding=\"async\" src=\"https:\/\/i0.wp.com\/amis-letanglaville.org\/wp-content\/uploads\/2019\/06\/Pi%C3%A8ge-%C3%A0-pyrales.png?fit=300%2C400&#038;ssl=1\" title=\"Pi\u00e8ge \u00e0 pyrales\" alt=\"Pi\u00e8ge \u00e0 pyrales\" loading=\"lazy\" \/>\t\t\t\t\t\t\t\t\t\t\t<figcaption class=\"widget-image-caption wp-caption-text\">Pi\u00e8ge \u00e0 ph\u00e9romone Buxatrap<\/figcaption>\n\t\t\t\t\t\t\t\t\t\t<\/figure>\n\t\t\t\t\t\t\t\t\t<\/div>\n\t\t\t\t<\/div>\n\t\t\t\t\t<\/div>\n\t\t<\/div>\n\t\t\t\t\t<\/div>\n\t\t<\/section>\n\t\t\t\t<section class=\"elementor-section elementor-top-section elementor-element elementor-element-cbcfdb8 elementor-section-stretched elementor-section-boxed elementor-section-height-default elementor-section-height-default\" data-id=\"cbcfdb8\" data-element_type=\"section\" data-e-type=\"section\" data-settings=\"{&quot;stretch_section&quot;:&quot;section-stretched&quot;}\">\n\t\t\t\t\t\t<div class=\"elementor-container elementor-column-gap-default\">\n\t\t\t\t\t<div class=\"elementor-column elementor-col-100 elementor-top-column elementor-element elementor-element-01dcf26\" data-id=\"01dcf26\" data-element_type=\"column\" data-e-type=\"column\">\n\t\t\t<div class=\"elementor-widget-wrap elementor-element-populated\">\n\t\t\t\t\t\t<div class=\"elementor-element elementor-element-ed9db6b elementor-widget elementor-widget-text-editor\" data-id=\"ed9db6b\" data-element_type=\"widget\" data-e-type=\"widget\" data-widget_type=\"text-editor.default\">\n\t\t\t\t<div class=\"elementor-widget-container\">\n\t\t\t\t\t\t\t\t\t<p><strong>Tiques et maladie de Lyme<\/strong><\/p>\t\t\t\t\t\t\t\t<\/div>\n\t\t\t\t<\/div>\n\t\t\t\t<div class=\"elementor-element elementor-element-ea964b1 elementor-widget elementor-widget-text-editor\" data-id=\"ea964b1\" data-element_type=\"widget\" data-e-type=\"widget\" data-widget_type=\"text-editor.default\">\n\t\t\t\t<div class=\"elementor-widget-container\">\n\t\t\t\t\t\t\t\t\t<p><strong>Rare, il n&rsquo;y pas si longtemps, la prolif\u00e9ration des tiques et le risque de contracter la maladie de Lyme se sont accrus ces derniers temps. Nous avons pens\u00e9 que vous pr\u00e9senter ce sujet \u00e9tait important au vu de notre proximit\u00e9 avec la for\u00eat de Marly.<\/strong><\/p>\t\t\t\t\t\t\t\t<\/div>\n\t\t\t\t<\/div>\n\t\t\t\t\t<\/div>\n\t\t<\/div>\n\t\t\t\t\t<\/div>\n\t\t<\/section>\n\t\t\t\t<section class=\"elementor-section elementor-top-section elementor-element elementor-element-a3a7017 elementor-section-stretched elementor-section-boxed elementor-section-height-default elementor-section-height-default\" data-id=\"a3a7017\" data-element_type=\"section\" data-e-type=\"section\" data-settings=\"{&quot;stretch_section&quot;:&quot;section-stretched&quot;}\">\n\t\t\t\t\t\t<div class=\"elementor-container elementor-column-gap-default\">\n\t\t\t\t\t<div class=\"elementor-column elementor-col-50 elementor-top-column elementor-element elementor-element-793a113\" data-id=\"793a113\" data-element_type=\"column\" data-e-type=\"column\">\n\t\t\t<div class=\"elementor-widget-wrap elementor-element-populated\">\n\t\t\t\t\t\t<div class=\"elementor-element elementor-element-877994a elementor-widget elementor-widget-image\" data-id=\"877994a\" data-element_type=\"widget\" data-e-type=\"widget\" data-widget_type=\"image.default\">\n\t\t\t\t<div class=\"elementor-widget-container\">\n\t\t\t\t\t\t\t\t\t\t\t\t\t\t\t<img decoding=\"async\" width=\"339\" height=\"339\" src=\"https:\/\/i0.wp.com\/amis-letanglaville.org\/wp-content\/uploads\/2019\/06\/Attention-tiques.jpg?fit=339%2C339&amp;ssl=1\" class=\"attachment-large size-large wp-image-1601\" alt=\"\" \/>\t\t\t\t\t\t\t\t\t\t\t\t\t\t\t<\/div>\n\t\t\t\t<\/div>\n\t\t\t\t\t<\/div>\n\t\t<\/div>\n\t\t\t\t<div class=\"elementor-column elementor-col-50 elementor-top-column elementor-element elementor-element-4991e65\" data-id=\"4991e65\" data-element_type=\"column\" data-e-type=\"column\">\n\t\t\t<div class=\"elementor-widget-wrap elementor-element-populated\">\n\t\t\t\t\t\t<div class=\"elementor-element elementor-element-89372a0 elementor-widget elementor-widget-image\" data-id=\"89372a0\" data-element_type=\"widget\" data-e-type=\"widget\" data-widget_type=\"image.default\">\n\t\t\t\t<div class=\"elementor-widget-container\">\n\t\t\t\t\t\t\t\t\t\t\t\t\t\t\t<img decoding=\"async\" width=\"310\" height=\"310\" src=\"https:\/\/i0.wp.com\/amis-letanglaville.org\/wp-content\/uploads\/2019\/06\/Tiques.jpg?fit=310%2C310&amp;ssl=1\" class=\"attachment-large size-large wp-image-1608\" alt=\"\" \/>\t\t\t\t\t\t\t\t\t\t\t\t\t\t\t<\/div>\n\t\t\t\t<\/div>\n\t\t\t\t\t<\/div>\n\t\t<\/div>\n\t\t\t\t\t<\/div>\n\t\t<\/section>\n\t\t\t\t<section class=\"elementor-section elementor-top-section elementor-element elementor-element-1cae4b4 elementor-section-stretched elementor-section-boxed elementor-section-height-default elementor-section-height-default\" data-id=\"1cae4b4\" data-element_type=\"section\" data-e-type=\"section\" data-settings=\"{&quot;stretch_section&quot;:&quot;section-stretched&quot;}\">\n\t\t\t\t\t\t<div class=\"elementor-container elementor-column-gap-default\">\n\t\t\t\t\t<div class=\"elementor-column elementor-col-100 elementor-top-column elementor-element elementor-element-b90eb14\" data-id=\"b90eb14\" data-element_type=\"column\" data-e-type=\"column\">\n\t\t\t<div class=\"elementor-widget-wrap elementor-element-populated\">\n\t\t\t\t\t\t<div class=\"elementor-element elementor-element-d5d4884 elementor-widget elementor-widget-text-editor\" data-id=\"d5d4884\" data-element_type=\"widget\" data-e-type=\"widget\" data-widget_type=\"text-editor.default\">\n\t\t\t\t<div class=\"elementor-widget-container\">\n\t\t\t\t\t\t\t\t\t<p><strong>Article \u00e9crit par les Docteurs<\/strong>\u00a0<br \/>Jacqueline Rossant-Lumbrose, M\u00e9decin G\u00e9n\u00e9raliste<br \/>Lyonel Rossant, P\u00e9diatre<i><\/i><\/p>\t\t\t\t\t\t\t\t<\/div>\n\t\t\t\t<\/div>\n\t\t\t\t\t<\/div>\n\t\t<\/div>\n\t\t\t\t\t<\/div>\n\t\t<\/section>\n\t\t\t\t<section class=\"elementor-section elementor-top-section elementor-element elementor-element-090a050 elementor-section-stretched elementor-section-boxed elementor-section-height-default elementor-section-height-default\" data-id=\"090a050\" data-element_type=\"section\" data-e-type=\"section\" data-settings=\"{&quot;stretch_section&quot;:&quot;section-stretched&quot;}\">\n\t\t\t\t\t\t<div class=\"elementor-container elementor-column-gap-default\">\n\t\t\t\t\t<div class=\"elementor-column elementor-col-100 elementor-top-column elementor-element elementor-element-861a206\" data-id=\"861a206\" data-element_type=\"column\" data-e-type=\"column\">\n\t\t\t<div class=\"elementor-widget-wrap elementor-element-populated\">\n\t\t\t\t\t\t<div class=\"elementor-element elementor-element-4eb8879 elementor-widget elementor-widget-text-editor\" data-id=\"4eb8879\" data-element_type=\"widget\" data-e-type=\"widget\" data-widget_type=\"text-editor.default\">\n\t\t\t\t<div class=\"elementor-widget-container\">\n\t\t\t\t\t\t\t\t\t<p>Qu&rsquo;est-ce que la maladie de Lyme ?<\/p><p>La maladie de Lyme ou \u00ab\u00a0borr\u00e9liose de Lyme\u00a0\u00bb est une maladie infectieuse due \u00e0 une bact\u00e9rie appel\u00e9e\u00a0<em>Borrelia burgdorferi<\/em>, transmise par l&rsquo;interm\u00e9diaire d&rsquo;une piq\u00fbre de tique infect\u00e9e. Cette zoonose peut toucher plusieurs organes et syst\u00e8mes, la peau mais aussi les articulations et le syst\u00e8me nerveux. Non trait\u00e9e, elle \u00e9volue sur plusieurs ann\u00e9es ou d\u00e9cennies en trois stades de plus en plus graves. Le traitement repose sur la prise d&rsquo;antibiotiques, il sera d&rsquo;autant plus efficace qu&rsquo;il sera administr\u00e9 rapidement.<\/p><p><strong>Causes et facteurs de risque de la borr\u00e9liose de Lyme<\/strong><\/p><p>La bact\u00e9rie responsable est un\u00a0<strong style=\"font-style: inherit;\">spiroch\u00e8te<\/strong>, c&rsquo;est-\u00e0-dire une\u00a0<strong style=\"font-style: inherit;\">bact\u00e9rie<\/strong>\u00a0de forme h\u00e9lico\u00efdale, qui r\u00e9pond au doux nom de\u00a0<strong style=\"font-style: inherit;\">Borrelia burgdorferi<\/strong>.<\/p><p>Les activit\u00e9s conduisant \u00e0 des contacts avec les tiques repr\u00e9sentent le principal facteur de risque de survenue de la maladie : travaux agricoles, <strong>promenades en for\u00eat<\/strong>.<\/p><p>Le r\u00e9servoir de germes est tr\u00e8s vaste :<strong>\u00a0tiques<\/strong>, mammif\u00e8res domestiques (<strong>chiens<\/strong>, <strong>chevaux<\/strong>, b\u00e9tail) et sauvages (\u00e9cureuils, cerfs, mulots, campagnols).<br \/>En France, la majorit\u00e9 des contaminations survient entre les mois de mars et de septembre.<\/p>\t\t\t\t\t\t\t\t<\/div>\n\t\t\t\t<\/div>\n\t\t\t\t\t<\/div>\n\t\t<\/div>\n\t\t\t\t\t<\/div>\n\t\t<\/section>\n\t\t\t\t<section class=\"elementor-section elementor-top-section elementor-element elementor-element-534aaa4 elementor-section-stretched elementor-section-boxed elementor-section-height-default elementor-section-height-default\" data-id=\"534aaa4\" data-element_type=\"section\" data-e-type=\"section\" data-settings=\"{&quot;stretch_section&quot;:&quot;section-stretched&quot;}\">\n\t\t\t\t\t\t<div class=\"elementor-container elementor-column-gap-default\">\n\t\t\t\t\t<div class=\"elementor-column elementor-col-50 elementor-top-column elementor-element elementor-element-8f00161\" data-id=\"8f00161\" data-element_type=\"column\" data-e-type=\"column\">\n\t\t\t<div class=\"elementor-widget-wrap elementor-element-populated\">\n\t\t\t\t\t\t<div class=\"elementor-element elementor-element-6dba304 elementor-widget elementor-widget-image\" data-id=\"6dba304\" data-element_type=\"widget\" data-e-type=\"widget\" data-widget_type=\"image.default\">\n\t\t\t\t<div class=\"elementor-widget-container\">\n\t\t\t\t\t\t\t\t\t\t\t\t\t\t\t<img loading=\"lazy\" decoding=\"async\" width=\"344\" height=\"344\" src=\"https:\/\/i0.wp.com\/amis-letanglaville.org\/wp-content\/uploads\/2019\/06\/tique-erytheme-maladie-de-lyme.png?fit=344%2C344&amp;ssl=1\" class=\"attachment-large size-large wp-image-1607\" alt=\"\" \/>\t\t\t\t\t\t\t\t\t\t\t\t\t\t\t<\/div>\n\t\t\t\t<\/div>\n\t\t\t\t<div class=\"elementor-element elementor-element-8d924cf elementor-widget elementor-widget-image\" data-id=\"8d924cf\" data-element_type=\"widget\" data-e-type=\"widget\" data-widget_type=\"image.default\">\n\t\t\t\t<div class=\"elementor-widget-container\">\n\t\t\t\t\t\t\t\t\t\t\t\t\t\t\t<img loading=\"lazy\" decoding=\"async\" width=\"400\" height=\"400\" src=\"https:\/\/i0.wp.com\/amis-letanglaville.org\/wp-content\/uploads\/2019\/06\/Comment-retirer-une-tique.jpg?fit=400%2C400&amp;ssl=1\" class=\"attachment-large size-large wp-image-1602\" alt=\"\" srcset=\"https:\/\/i0.wp.com\/amis-letanglaville.org\/wp-content\/uploads\/2019\/06\/Comment-retirer-une-tique.jpg?w=400&amp;ssl=1 400w, https:\/\/i0.wp.com\/amis-letanglaville.org\/wp-content\/uploads\/2019\/06\/Comment-retirer-une-tique.jpg?resize=150%2C150&amp;ssl=1 150w, https:\/\/i0.wp.com\/amis-letanglaville.org\/wp-content\/uploads\/2019\/06\/Comment-retirer-une-tique.jpg?resize=300%2C300&amp;ssl=1 300w\" sizes=\"(max-width: 400px) 100vw, 400px\" \/>\t\t\t\t\t\t\t\t\t\t\t\t\t\t\t<\/div>\n\t\t\t\t<\/div>\n\t\t\t\t<div class=\"elementor-element elementor-element-57fea15 elementor-widget elementor-widget-image\" data-id=\"57fea15\" data-element_type=\"widget\" data-e-type=\"widget\" data-widget_type=\"image.default\">\n\t\t\t\t<div class=\"elementor-widget-container\">\n\t\t\t\t\t\t\t\t\t\t\t\t\t\t\t<img loading=\"lazy\" decoding=\"async\" width=\"360\" height=\"360\" src=\"https:\/\/i0.wp.com\/amis-letanglaville.org\/wp-content\/uploads\/2019\/06\/Comment-retirer-une-tique2.jpg?fit=360%2C360&amp;ssl=1\" class=\"attachment-large size-large wp-image-1603\" alt=\"\" \/>\t\t\t\t\t\t\t\t\t\t\t\t\t\t\t<\/div>\n\t\t\t\t<\/div>\n\t\t\t\t\t<\/div>\n\t\t<\/div>\n\t\t\t\t<div class=\"elementor-column elementor-col-50 elementor-top-column elementor-element elementor-element-0a3dac1\" data-id=\"0a3dac1\" data-element_type=\"column\" data-e-type=\"column\">\n\t\t\t<div class=\"elementor-widget-wrap elementor-element-populated\">\n\t\t\t\t\t\t<div class=\"elementor-element elementor-element-d82cfbc elementor-widget elementor-widget-text-editor\" data-id=\"d82cfbc\" data-element_type=\"widget\" data-e-type=\"widget\" data-widget_type=\"text-editor.default\">\n\t\t\t\t<div class=\"elementor-widget-container\">\n\t\t\t\t\t\t\t\t\t<h2>Sympt\u00f4mes de la maladie de Lyme<\/h2>\n<p>Apr\u00e8s l&rsquo;inoculation cutan\u00e9e de la bact\u00e9rie lors de la piq\u00fbre de tique, la maladie de Lyme \u00e9volue en<span class=\"apple-converted-space\">&nbsp;<\/span><strong>trois grandes phases<\/strong>, s\u00e9par\u00e9es par des p\u00e9riodes asymptomatiques (absence de signes de la maladie).<\/p>\n<h3><b>LA PHASE PRIMAIRE DE LA MALADIE DE LYME<\/b><\/h3>\n<p>Elle est caract\u00e9ris\u00e9e par une<span class=\"apple-converted-space\">&nbsp;<\/span><strong>l\u00e9sion cutan\u00e9e<\/strong><span class=\"apple-converted-space\">&nbsp;<\/span>: l&rsquo;<strong>\u00e9ryth\u00e8me chronique migrant<\/strong>(ECM). Cette l\u00e9sion survient ente 3 et 30 jours apr\u00e8s la piq\u00fbre de tique. Il s&rsquo;agit d&rsquo;une papule \u00e9ryth\u00e9mateuse (<strong>rouge<\/strong>) centr\u00e9e par le point de piq\u00fbre, s&rsquo;\u00e9tendant progressivement de fa\u00e7on centrifuge. La l\u00e9sion est<span class=\"apple-converted-space\">&nbsp;<\/span><strong>ovale<\/strong><span class=\"apple-converted-space\">&nbsp;<\/span>(pouvant mesurer jusqu&rsquo;\u00e0 50 cm), la bordure est plus \u00e9ryth\u00e9mateuse (rouge) que son centre qui retrouve progressivement un aspect cutan\u00e9 normal. Elle est habituellement non prurigineuse (absence de grattage) et si\u00e8ge pr\u00e9f\u00e9rentiellement aux membres inf\u00e9rieurs (parfois aux membres sup\u00e9rieurs, voire au visage chez l&rsquo;enfant).<\/p>\n<p>Des manifestations g\u00e9n\u00e9rales (maux de t^te, douleurs articulmaires, l\u00e9g\u00e8re ascension de la temp\u00e9rature corporelle, fatigue) et des ganglions proches de la l\u00e9sion cutan\u00e9e peuvent \u00eatre associ\u00e9s traduisant la diss\u00e9mination de la bact\u00e9rie dans l&rsquo;organisme.<br>En l&rsquo;absence de traitement, l&rsquo;ECM \u00e9volue pendant quelques semaines (extension progressive) et dispara\u00eet sans s\u00e9quelle.<\/p>\t\t\t\t\t\t\t\t<\/div>\n\t\t\t\t<\/div>\n\t\t\t\t\t<\/div>\n\t\t<\/div>\n\t\t\t\t\t<\/div>\n\t\t<\/section>\n\t\t\t\t<section class=\"elementor-section elementor-top-section elementor-element elementor-element-ce5b768 elementor-section-stretched elementor-section-boxed elementor-section-height-default elementor-section-height-default\" data-id=\"ce5b768\" data-element_type=\"section\" data-e-type=\"section\" data-settings=\"{&quot;stretch_section&quot;:&quot;section-stretched&quot;}\">\n\t\t\t\t\t\t<div class=\"elementor-container elementor-column-gap-default\">\n\t\t\t\t\t<div class=\"elementor-column elementor-col-50 elementor-top-column elementor-element elementor-element-0a82daa\" data-id=\"0a82daa\" data-element_type=\"column\" data-e-type=\"column\">\n\t\t\t<div class=\"elementor-widget-wrap elementor-element-populated\">\n\t\t\t\t\t\t<div class=\"elementor-element elementor-element-63fb9e0 elementor-widget elementor-widget-image\" data-id=\"63fb9e0\" data-element_type=\"widget\" data-e-type=\"widget\" data-widget_type=\"image.default\">\n\t\t\t\t<div class=\"elementor-widget-container\">\n\t\t\t\t\t\t\t\t\t\t\t\t\t\t\t<img loading=\"lazy\" decoding=\"async\" width=\"1022\" height=\"1024\" src=\"https:\/\/i0.wp.com\/amis-letanglaville.org\/wp-content\/uploads\/2019\/06\/Phase-2.png?fit=1022%2C1024&amp;ssl=1\" class=\"attachment-large size-large wp-image-1605\" alt=\"\" srcset=\"https:\/\/i0.wp.com\/amis-letanglaville.org\/wp-content\/uploads\/2019\/06\/Phase-2.png?w=1198&amp;ssl=1 1198w, https:\/\/i0.wp.com\/amis-letanglaville.org\/wp-content\/uploads\/2019\/06\/Phase-2.png?resize=150%2C150&amp;ssl=1 150w, https:\/\/i0.wp.com\/amis-letanglaville.org\/wp-content\/uploads\/2019\/06\/Phase-2.png?resize=300%2C300&amp;ssl=1 300w, https:\/\/i0.wp.com\/amis-letanglaville.org\/wp-content\/uploads\/2019\/06\/Phase-2.png?resize=768%2C769&amp;ssl=1 768w, https:\/\/i0.wp.com\/amis-letanglaville.org\/wp-content\/uploads\/2019\/06\/Phase-2.png?resize=1022%2C1024&amp;ssl=1 1022w\" sizes=\"(max-width: 1022px) 100vw, 1022px\" \/>\t\t\t\t\t\t\t\t\t\t\t\t\t\t\t<\/div>\n\t\t\t\t<\/div>\n\t\t\t\t<div class=\"elementor-element elementor-element-67b803a elementor-widget elementor-widget-image\" data-id=\"67b803a\" data-element_type=\"widget\" data-e-type=\"widget\" data-widget_type=\"image.default\">\n\t\t\t\t<div class=\"elementor-widget-container\">\n\t\t\t\t\t\t\t\t\t\t\t\t\t\t\t<img loading=\"lazy\" decoding=\"async\" width=\"997\" height=\"1024\" src=\"https:\/\/i0.wp.com\/amis-letanglaville.org\/wp-content\/uploads\/2019\/06\/Lyme-sympt%C3%B4mes.png?fit=997%2C1024&amp;ssl=1\" class=\"attachment-large size-large wp-image-1604\" alt=\"\" \/>\t\t\t\t\t\t\t\t\t\t\t\t\t\t\t<\/div>\n\t\t\t\t<\/div>\n\t\t\t\t\t<\/div>\n\t\t<\/div>\n\t\t\t\t<div class=\"elementor-column elementor-col-50 elementor-top-column elementor-element elementor-element-07bb27c\" data-id=\"07bb27c\" data-element_type=\"column\" data-e-type=\"column\">\n\t\t\t<div class=\"elementor-widget-wrap elementor-element-populated\">\n\t\t\t\t\t\t<div class=\"elementor-element elementor-element-74344ea elementor-widget elementor-widget-text-editor\" data-id=\"74344ea\" data-element_type=\"widget\" data-e-type=\"widget\" data-widget_type=\"text-editor.default\">\n\t\t\t\t<div class=\"elementor-widget-container\">\n\t\t\t\t\t\t\t\t\t<h3><strong>LA PHASE SECONDAIRE DE LA MALADIE DE LYME<\/strong><\/h3><p>Elle survient\u00a0<strong style=\"font-style: inherit;\">plusieurs semaines ou mois apr\u00e8s la disparition de l&rsquo;ECM<\/strong>\u00a0mais\u00a0<strong style=\"font-style: inherit;\">peut r\u00e9v\u00e9ler la maladie<\/strong>\u00a0(l&rsquo;ECM \u00e9tant pass\u00e9 inaper\u00e7u ou pouvant manquer dans pr\u00e8s de la moiti\u00e9 des cas). Cette phase se caract\u00e9rise par :<\/p><ul><li><strong style=\"font-style: inherit;\">Des manifestations cutan\u00e9es<\/strong>: il s&rsquo;agit de\u00a0<strong style=\"font-style: inherit;\">l\u00e9sions<\/strong>\u00a0semblables \u00e0 celles observ\u00e9es lors de la phase primaire de la maladie ;<\/li><li><strong style=\"font-style: inherit;\">Des manifestations articulaires<\/strong>:\u00a0<strong style=\"font-style: inherit;\">douleurs articulaires<\/strong>\u00a0fr\u00e9quentes. Les\u00a0<a style=\"font-style: inherit; font-weight: inherit;\" href=\"http:\/\/dictionnaire.doctissimo.fr\/definition-arthrite.htm\">arthrites<\/a>\u00a0(inflammation des articulations) sont moins fr\u00e9quentes et touchent les grosses articulations (genou) ;<\/li><li><strong style=\"font-style: inherit;\">Des manifestations cardiaques<\/strong>:\u00a0<strong style=\"font-style: inherit;\">syncopes<\/strong>\u00a0(<a style=\"font-style: inherit; font-weight: inherit;\" href=\"http:\/\/www.doctissimo.fr\/html\/sante\/encyclopedie\/sa_841_syncopes.htm\">perte de connaissance<\/a>),\u00a0<strong style=\"font-style: inherit;\">palpitations<\/strong>\u00a0(sensation de battement cardiaque dans la poitrine), douleurs thoraciques et surtout troubles de la conduction auriculo-ventriculaire (le \u00ab\u00a0courant \u00e9lectrique\u00a0\u00bb circulant normalement des oreillettes aux ventricules est interrompu de fa\u00e7on sporadique pouvant entra\u00eener de graves probl\u00e8mes cardiaques). Ces manifestations cardiaques \u00e9voluent le plus souvent vers la\u00a0<strong style=\"font-style: inherit;\">gu\u00e9rison sans s\u00e9quelle<\/strong>\u00a0;<\/li><li><strong style=\"font-style: inherit;\">Des manifestations neurologiques<\/strong>: la radiculite hyper-algique (inflammation tr\u00e8s douloureuse des racines des nerfs innervant le territoire de la piq\u00fbre de tique). Le nerf facial est fr\u00e9quemment touch\u00e9. Une\u00a0<a style=\"font-style: inherit; font-weight: inherit;\" href=\"http:\/\/www.doctissimo.fr\/html\/dossiers\/meningite.htm\">m\u00e9ningite<\/a>\u00a0peut \u00e9galement s&rsquo;observer.<\/li><\/ul><h3><strong>LA PHASE TERTIAIRE OU PHASE TARDIVE DE LA MALADIE DE LYME<\/strong><\/h3><p>Elle\u00a0se manifeste\u00a0<strong style=\"font-style: inherit;\">des mois ou des ann\u00e9es apr\u00e8s<\/strong>\u00a0le d\u00e9but de l&rsquo;infection par :<\/p><ul><li><strong style=\"font-style: inherit;\">Des atteintes cutan\u00e9es<\/strong>: la\u00a0<a style=\"font-style: inherit; font-weight: inherit;\" href=\"http:\/\/www.doctissimo.fr\/html\/sante\/encyclopedie\/sa_1590_mal_pick.htm\">maladie de Pick Herxheimer<\/a>\u00a0(inflammation cutan\u00e9e \u00e9voluant vers une atrophie de la peau), le lymphocytome cutan\u00e9 b\u00e9nin (nodules violac\u00e9s, arrondis, \u00e0 contours nets, fermes, localis\u00e9s sur le front, le lobe de l&rsquo;oreille et r\u00e9gressant spontan\u00e9ment en quelques mois) ;<\/li><li><strong style=\"font-style: inherit;\">Des atteintes articulaires<\/strong>: identiques \u00e0 celles observ\u00e9es dans la phase secondaire ;<\/li><li><strong style=\"font-style: inherit;\">Des atteintes neurologiques<\/strong>: touchant la moelle \u00e9pini\u00e8re ou le cerveau (manifestations neuro-psychiatriques diverses).<\/li><\/ul>\t\t\t\t\t\t\t\t<\/div>\n\t\t\t\t<\/div>\n\t\t\t\t\t<\/div>\n\t\t<\/div>\n\t\t\t\t\t<\/div>\n\t\t<\/section>\n\t\t\t\t<section class=\"elementor-section elementor-top-section elementor-element elementor-element-ca68400 elementor-section-stretched elementor-section-boxed elementor-section-height-default elementor-section-height-default\" data-id=\"ca68400\" data-element_type=\"section\" data-e-type=\"section\" data-settings=\"{&quot;stretch_section&quot;:&quot;section-stretched&quot;}\">\n\t\t\t\t\t\t<div class=\"elementor-container elementor-column-gap-default\">\n\t\t\t\t\t<div class=\"elementor-column elementor-col-100 elementor-top-column elementor-element elementor-element-2c26577\" data-id=\"2c26577\" data-element_type=\"column\" data-e-type=\"column\">\n\t\t\t<div class=\"elementor-widget-wrap elementor-element-populated\">\n\t\t\t\t\t\t<div class=\"elementor-element elementor-element-e253b6f elementor-widget elementor-widget-text-editor\" data-id=\"e253b6f\" data-element_type=\"widget\" data-e-type=\"widget\" data-widget_type=\"text-editor.default\">\n\t\t\t\t<div class=\"elementor-widget-container\">\n\t\t\t\t\t\t\t\t\t<h4><strong>Diagnostic de la maladie de Lyme<\/strong><\/h4><p>Le m\u00e9decin examine attentivement le patient et effectue un\u00a0<strong style=\"font-style: inherit;\">\u00e9lectrocardiogramme<\/strong>\u00a0(enregistrement de l&rsquo;activit\u00e9 \u00e9lectrique du c\u0153ur) si n\u00e9cessaire, \u00e0 la recherche entre autres de troubles de la conduction auriculo-ventriculaire (hospitalisation n\u00e9cessaire).<\/p><p>Un examen neurologique complet est n\u00e9cessaire : en cas de radiculite (phase secondaire), cet examen peut \u00eatre normal ou mettre en \u00e9vidence une diminution de la sensibilit\u00e9, une diminution de la force musculaire ou une abolition des r\u00e9flexes dans le territoire innerv\u00e9 par le nerf touch\u00e9 par l&rsquo;inflammation.<\/p><p>Le diagnostic de la maladie de Lyme\u00a0repose essentiellement sur les signes cliniques observ\u00e9s.<\/p><p>La num\u00e9ration formule sanguine (prise de sang banale) est normale le plus souvent.<\/p><p>Diverses techniques de laboratoire peuvent mettre en \u00e9vidence dans le sang des anticorps t\u00e9moins d&rsquo;une r\u00e9ponse de l&rsquo;organisme \u00e0 l&rsquo;infection bact\u00e9rienne. Les tests immunologiques les plus r\u00e9cents sont \u00e0 privil\u00e9gier.<\/p><p>En cas d&rsquo;atteinte neurologique, la pr\u00e9sence d&rsquo;anticorps dans le liquide c\u00e9phalo-rachidien (obtenu par ponction lombaire) est un argument en faveur de la maladie de Lyme.<\/p><h3><strong>Evolution de la maladie de Lyme<\/strong><\/h3><p>L&rsquo;\u00e9volution vers une phase tertiaire reste rare, m\u00eame en l&rsquo;absence de traitement.<\/p><p>La maladie pr\u00e9sente une \u00e9volution tr\u00e8s favorable lorsqu&rsquo;elle est trait\u00e9e.<\/p><h3><strong>Traitement de la maladie de Lyme<\/strong><\/h3><p>Lors de la premi\u00e8re phase de la maladie, le traitement a pour but d&rsquo;assurer la disparition des premiers sympt\u00f4mes de la maladie et de pr\u00e9venir la survenue des manifestations tardives en \u00e9radiquant le germe des organes pouvant \u00eatre infect\u00e9s.<\/p><p>Ainsi, pour chaque phase et selon la s\u00e9v\u00e9rit\u00e9 de la maladie, le traitement peut varier et peut n\u00e9cessiter une hospitalisation. Il consiste \u00e0 administrer un antibiotique (amoxicilline\u00a0\u00a0ou doxycycline) \u00e9ventuellement associ\u00e9 \u00e0 un cortico\u00efde en cas de troubles de la conduction auriculo-ventriculaire.<\/p>\t\t\t\t\t\t\t\t<\/div>\n\t\t\t\t<\/div>\n\t\t\t\t\t<\/div>\n\t\t<\/div>\n\t\t\t\t\t<\/div>\n\t\t<\/section>\n\t\t\t\t<\/div>\n\t\t","protected":false},"excerpt":{"rendered":"<p>INTRODUCTION Habitant pr\u00e8s de la for\u00eat de Marly et dans un village arbor\u00e9, nous avons pens\u00e9 utile d\u2019inclure dans notre &hellip; <a href=\"https:\/\/amis-letanglaville.org\/?page_id=1579\" class=\"more-link\">Continue reading <span class=\"screen-reader-text\">INFOS PRATIQUES<\/span><\/a><\/p>\n","protected":false},"author":1,"featured_media":0,"parent":0,"menu_order":0,"comment_status":"closed","ping_status":"closed","template":"","meta":{"_angie_page":false,"ngg_post_thumbnail":0,"jetpack_post_was_ever_published":false,"footnotes":""},"class_list":["post-1579","page","type-page","status-publish","hentry"],"jetpack_sharing_enabled":true,"jetpack_shortlink":"https:\/\/wp.me\/PaCZch-pt","jetpack-related-posts":[{"id":749,"url":"https:\/\/amis-letanglaville.org\/?page_id=749","url_meta":{"origin":1579,"position":0},"title":"Edifices Historiques","author":"admin7235","date":"4 avril 2019","format":false,"excerpt":"LE CH\u00c2TEAU Construit au 17\u00e8me si\u00e8cle dans le style de l'\u00e9poque par la famille S\u00e9guier, seigneurs de l'Etang-la-Ville, il a subi peu de modifications jusqu 'au milieu du XX\u00e8me si\u00e8cle:- l'avanc\u00e9e de l'entr\u00e9e principale\u00a0et le fronton la surmontant ont \u00e9t\u00e9 supprim\u00e9s- le porche et la grille d'entr\u00e9e qui portait les\u2026","rel":"","context":"Article similaire","block_context":{"text":"Article similaire","link":""},"img":{"alt_text":"","src":"https:\/\/i0.wp.com\/amis-letanglaville.org\/wp-content\/uploads\/2019\/04\/Eglise-St-Anne.jpg?resize=350%2C200&ssl=1","width":350,"height":200},"classes":[]},{"id":913,"url":"https:\/\/amis-letanglaville.org\/?page_id=913","url_meta":{"origin":1579,"position":1},"title":"Les Trains et le Tram 13","author":"admin7235","date":"2 mai 2019","format":false,"excerpt":"La 1\u00e8re ligne de chemin de fer ST LAZARE A ST GERMAIN VIA ST NOM LA BRETECHECe n\u2019est qu\u2019en 1884 que sera r\u00e9alis\u00e9e la ligne de Paris ST Lazare par St Cloud avec comme terminus la station de l\u2019Etang la Ville \/ Ouest, \u00e0 l\u2019emplacement actuel de la gare de\u2026","rel":"","context":"Article similaire","block_context":{"text":"Article similaire","link":""},"img":{"alt_text":"","src":"https:\/\/i0.wp.com\/amis-letanglaville.org\/wp-content\/uploads\/2019\/05\/Gare-540-1024x658.jpg?resize=350%2C200&ssl=1","width":350,"height":200,"srcset":"https:\/\/i0.wp.com\/amis-letanglaville.org\/wp-content\/uploads\/2019\/05\/Gare-540-1024x658.jpg?resize=350%2C200&ssl=1 1x, https:\/\/i0.wp.com\/amis-letanglaville.org\/wp-content\/uploads\/2019\/05\/Gare-540-1024x658.jpg?resize=525%2C300&ssl=1 1.5x, https:\/\/i0.wp.com\/amis-letanglaville.org\/wp-content\/uploads\/2019\/05\/Gare-540-1024x658.jpg?resize=700%2C400&ssl=1 2x"},"classes":[]},{"id":949,"url":"https:\/\/amis-letanglaville.org\/?page_id=949","url_meta":{"origin":1579,"position":2},"title":"Les Peintres","author":"admin7235","date":"2 mai 2019","format":false,"excerpt":"Les Peintres Edouard VUILLARD Le peintre K. X. Roussel dans son atelier de la ruelle de la Coulette \u00e0 l\u2019Etang-la-Ville (1934-1937) Mus\u00e9e d\u2019Art Moderne de la Ville de Paris K.X. Roussel lisant le journal (1894 Edouard Vuillard est n\u00e9 le 11 novembre 1868 \u00e0 Cuiseaux (Saone-et-Loire).Au lyc\u00e9e Condorcet, il rencontre\u2026","rel":"","context":"Article similaire","block_context":{"text":"Article similaire","link":""},"img":{"alt_text":"","src":"https:\/\/i0.wp.com\/amis-letanglaville.org\/wp-content\/uploads\/2020\/12\/Maison-mere-Roussel-Bonnard.png?resize=350%2C200&ssl=1","width":350,"height":200,"srcset":"https:\/\/i0.wp.com\/amis-letanglaville.org\/wp-content\/uploads\/2020\/12\/Maison-mere-Roussel-Bonnard.png?resize=350%2C200&ssl=1 1x, https:\/\/i0.wp.com\/amis-letanglaville.org\/wp-content\/uploads\/2020\/12\/Maison-mere-Roussel-Bonnard.png?resize=525%2C300&ssl=1 1.5x"},"classes":[]},{"id":392,"url":"https:\/\/amis-letanglaville.org\/?page_id=392","url_meta":{"origin":1579,"position":3},"title":"Un peu d&rsquo;histoire","author":"admin7235","date":"9 d\u00e9cembre 2018","format":false,"excerpt":"Les seigneurs de l'\u00c9tangLes \u00ab\u00a0Montaigu\u00a0\u00bbA la fin du XIV\u00e8me si\u00e8cle, la seigneurie de l\u2019Etang la Ville \u00e9tait dans la maison des Montaigu. De cette \u00e9poque, il nous reste un vestige\u00a0: \u00ab\u00a0la fontaine St-Pierre\u00a0\u00bb.Le dernier descendant, Jean de Montaigu, surintendant des Finances, victime de la querelle des \u00ab\u00a0Bourguignons\u00a0\u00bb et des \u00ab\u00a0Armagnac\u00a0\u00bb,\u2026","rel":"","context":"Article similaire","block_context":{"text":"Article similaire","link":""},"img":{"alt_text":"","src":"https:\/\/i0.wp.com\/amis-letanglaville.org\/wp-content\/uploads\/2019\/01\/S%C3%A9guie-Charles_Le_Brun.jpg?resize=350%2C200&ssl=1","width":350,"height":200,"srcset":"https:\/\/i0.wp.com\/amis-letanglaville.org\/wp-content\/uploads\/2019\/01\/S%C3%A9guie-Charles_Le_Brun.jpg?resize=350%2C200&ssl=1 1x, https:\/\/i0.wp.com\/amis-letanglaville.org\/wp-content\/uploads\/2019\/01\/S%C3%A9guie-Charles_Le_Brun.jpg?resize=525%2C300&ssl=1 1.5x, https:\/\/i0.wp.com\/amis-letanglaville.org\/wp-content\/uploads\/2019\/01\/S%C3%A9guie-Charles_Le_Brun.jpg?resize=700%2C400&ssl=1 2x"},"classes":[]},{"id":2542,"url":"https:\/\/amis-letanglaville.org\/?page_id=2542","url_meta":{"origin":1579,"position":4},"title":"Les arbres dans la ville","author":"admin7235","date":"14 d\u00e9cembre 2021","format":false,"excerpt":"DU BON USAGE DES ARBRES L\u2019Etang la Ville est un \u201cvillage-for\u00eat\u201d remarquable par le nombre et l'\u00e2ge de ses nombreux arbres. Les Amis de l\u2019Etang ont d\u00e9sormais un nouveau projet avec pour cible la pr\u00e9servation des grands arbres et des espaces bois\u00e9s sur l'\u00c9tang-La-Ville des \u00e9lagages et abattages sauvages. L'objectif\u2026","rel":"","context":"Article similaire","block_context":{"text":"Article similaire","link":""},"img":{"alt_text":"","src":"https:\/\/i0.wp.com\/amis-letanglaville.org\/wp-content\/uploads\/2021\/12\/Conifere.png?resize=350%2C200&ssl=1","width":350,"height":200,"srcset":"https:\/\/i0.wp.com\/amis-letanglaville.org\/wp-content\/uploads\/2021\/12\/Conifere.png?resize=350%2C200&ssl=1 1x, https:\/\/i0.wp.com\/amis-letanglaville.org\/wp-content\/uploads\/2021\/12\/Conifere.png?resize=525%2C300&ssl=1 1.5x"},"classes":[]},{"id":241,"url":"https:\/\/amis-letanglaville.org\/?page_id=241","url_meta":{"origin":1579,"position":5},"title":"L&rsquo;Association","author":"admin7235","date":"6 d\u00e9cembre 2018","format":false,"excerpt":"Qui sommes-nous? ASSOCIATION LOI 1901 \u00e0 but non lucratif et apolitique, cr\u00e9\u00e9e le 29 juillet 1960 sous l'appellation des \"Soci\u00e9t\u00e9 des Amis de L'\u00c9tang la Ville\", transform\u00e9e en COMIT\u00c9 de D\u00c9FENSE et de PROTECTION STAGNOVILLOIS (CDPS) en 1969.Clarification : l'Association est NON PARTISANE.Notre vocation est d\u00e9finie dans statuts r\u00e9vis\u00e9s par\u2026","rel":"","context":"Article similaire","block_context":{"text":"Article similaire","link":""},"img":{"alt_text":"","src":"https:\/\/i0.wp.com\/amis-letanglaville.org\/wp-content\/uploads\/2025\/04\/Dragonfly-s2.webp?resize=350%2C200&ssl=1","width":350,"height":200},"classes":[]}],"_links":{"self":[{"href":"https:\/\/amis-letanglaville.org\/index.php?rest_route=\/wp\/v2\/pages\/1579","targetHints":{"allow":["GET"]}}],"collection":[{"href":"https:\/\/amis-letanglaville.org\/index.php?rest_route=\/wp\/v2\/pages"}],"about":[{"href":"https:\/\/amis-letanglaville.org\/index.php?rest_route=\/wp\/v2\/types\/page"}],"author":[{"embeddable":true,"href":"https:\/\/amis-letanglaville.org\/index.php?rest_route=\/wp\/v2\/users\/1"}],"replies":[{"embeddable":true,"href":"https:\/\/amis-letanglaville.org\/index.php?rest_route=%2Fwp%2Fv2%2Fcomments&post=1579"}],"version-history":[{"count":3,"href":"https:\/\/amis-letanglaville.org\/index.php?rest_route=\/wp\/v2\/pages\/1579\/revisions"}],"predecessor-version":[{"id":4140,"href":"https:\/\/amis-letanglaville.org\/index.php?rest_route=\/wp\/v2\/pages\/1579\/revisions\/4140"}],"wp:attachment":[{"href":"https:\/\/amis-letanglaville.org\/index.php?rest_route=%2Fwp%2Fv2%2Fmedia&parent=1579"}],"curies":[{"name":"wp","href":"https:\/\/api.w.org\/{rel}","templated":true}]}}